{"id":7300,"date":"2024-11-14T09:33:57","date_gmt":"2024-11-14T14:33:57","guid":{"rendered":"https:\/\/manosvisibles.org\/?page_id=7300"},"modified":"2024-12-12T16:28:50","modified_gmt":"2024-12-12T21:28:50","slug":"afroinnova-tech-decodificando-el-futuro","status":"publish","type":"page","link":"https:\/\/manosvisibles.org\/pt\/afroinnova-tech-decodificando-el-futuro\/","title":{"rendered":"Afroinnova Tech &#8211; Decodificando el futuro"},"content":{"rendered":"<p>[et_pb_section fb_built=&#8221;1&#8243; disabled_on=&#8221;on|off|off&#8221; _builder_version=&#8221;4.27.3&#8243; _module_preset=&#8221;default&#8221; background_enable_color=&#8221;off&#8221; custom_margin=&#8221;86px||0px||false|false&#8221; custom_padding=&#8221;0px||0px||false|false&#8221; bottom_divider_style=&#8221;arrow&#8221; bottom_divider_color=&#8221;#00eaff&#8221; bottom_divider_height=&#8221;47px&#8221; bottom_divider_arrangement=&#8221;above_content&#8221; da_disable_devices=&#8221;off|off|off&#8221; global_colors_info=&#8221;{}&#8221; da_is_popup=&#8221;off&#8221; da_exit_intent=&#8221;off&#8221; da_has_close=&#8221;on&#8221; da_alt_close=&#8221;off&#8221; da_dark_close=&#8221;off&#8221; da_not_modal=&#8221;on&#8221; da_is_singular=&#8221;off&#8221; da_with_loader=&#8221;off&#8221; da_has_shadow=&#8221;on&#8221;][et_pb_row _builder_version=&#8221;4.27.3&#8243; _module_preset=&#8221;default&#8221; background_enable_color=&#8221;off&#8221; background_video_mp4=&#8221;https:\/\/manosvisibles.org\/wp-content\/uploads\/2024\/11\/3129671-hd_1280_720_30fps.mp4&#8243; width=&#8221;100%&#8221; max_width=&#8221;100%&#8221; custom_margin=&#8221;0px||0px||false|false&#8221; custom_padding=&#8221;87px||87px||true|false&#8221; global_colors_info=&#8221;{}&#8221;][et_pb_column type=&#8221;4_4&#8243; _builder_version=&#8221;4.27.3&#8243; _module_preset=&#8221;default&#8221; custom_padding=&#8221;|178px||178px|false|true&#8221; global_colors_info=&#8221;{}&#8221;][et_pb_image src=&#8221;https:\/\/manosvisibles.org\/wp-content\/uploads\/2024\/11\/afrotech-06-scaled.webp&#8221; title_text=&#8221;AFROINNOVA&#8221; show_bottom_space=&#8221;off&#8221; align=&#8221;center&#8221; _builder_version=&#8221;4.27.3&#8243; _module_preset=&#8221;default&#8221; width=&#8221;82%&#8221; custom_padding=&#8221;||||false|false&#8221; global_colors_info=&#8221;{}&#8221;][\/et_pb_image][et_pb_text _builder_version=&#8221;4.27.3&#8243; _module_preset=&#8221;_initial&#8221; text_text_color=&#8221;#00eaff&#8221; text_font_size=&#8221;26px&#8221; text_line_height=&#8221;17px&#8221; text_orientation=&#8221;center&#8221; width=&#8221;51%&#8221; module_alignment=&#8221;center&#8221; custom_margin=&#8221;0px||0px||false|false&#8221; custom_padding=&#8221;0px||0px||false|false&#8221; text_font_size_tablet=&#8221;26px&#8221; text_font_size_phone=&#8221;17px&#8221; text_font_size_last_edited=&#8221;on|phone&#8221; locked=&#8221;off&#8221; global_colors_info=&#8221;{}&#8221;]<\/p>\n<p>26 &#8211; 30 NOV 2024<\/p>\n<p>[\/et_pb_text][et_pb_text _builder_version=&#8221;4.27.3&#8243; _module_preset=&#8221;_initial&#8221; text_text_color=&#8221;#FFFFFF&#8221; text_font_size=&#8221;20px&#8221; text_orientation=&#8221;center&#8221; width=&#8221;72%&#8221; module_alignment=&#8221;center&#8221; custom_margin=&#8221;||26px|||&#8221; custom_padding=&#8221;19px||||false|false&#8221; global_colors_info=&#8221;{}&#8221;]<\/p>\n<p>La reuni\u00f3n de expertos\/as de la di\u00e1spora africana en el mundo que tiene como prop\u00f3sito crear una agenda regional sobre tecnolog\u00eda y equidad racial<\/p>\n<p>[\/et_pb_text][et_pb_image src=&#8221;https:\/\/manosvisibles.org\/wp-content\/uploads\/2024\/11\/LOGOS-afrotech.png&#8221; show_bottom_space=&#8221;off&#8221; align=&#8221;center&#8221; _builder_version=&#8221;4.27.3&#8243; _module_preset=&#8221;default&#8221; width=&#8221;40%&#8221; custom_padding=&#8221;||30px||false|false&#8221; global_colors_info=&#8221;{}&#8221;][\/et_pb_image][\/et_pb_column][\/et_pb_row][\/et_pb_section][et_pb_section fb_built=&#8221;1&#8243; disabled_on=&#8221;off|on|on&#8221; _builder_version=&#8221;4.27.3&#8243; _module_preset=&#8221;default&#8221; background_color=&#8221;#000000&#8243; custom_margin=&#8221;66px||0px||false|false&#8221; custom_padding=&#8221;0px||0px||false|false&#8221; bottom_divider_style=&#8221;arrow&#8221; bottom_divider_color=&#8221;#00eaff&#8221; bottom_divider_height=&#8221;47px&#8221; bottom_divider_arrangement=&#8221;above_content&#8221; da_disable_devices=&#8221;off|off|off&#8221; global_colors_info=&#8221;{}&#8221; da_is_popup=&#8221;off&#8221; da_exit_intent=&#8221;off&#8221; da_has_close=&#8221;on&#8221; da_alt_close=&#8221;off&#8221; da_dark_close=&#8221;off&#8221; da_not_modal=&#8221;on&#8221; da_is_singular=&#8221;off&#8221; da_with_loader=&#8221;off&#8221; da_has_shadow=&#8221;on&#8221;][et_pb_row _builder_version=&#8221;4.27.3&#8243; _module_preset=&#8221;default&#8221; width=&#8221;100%&#8221; global_colors_info=&#8221;{}&#8221;][et_pb_column type=&#8221;4_4&#8243; _builder_version=&#8221;4.27.3&#8243; _module_preset=&#8221;default&#8221; global_colors_info=&#8221;{}&#8221;][et_pb_image src=&#8221;https:\/\/manosvisibles.org\/wp-content\/uploads\/2024\/11\/afrotech-movill.jpg&#8221; align=&#8221;center&#8221; force_fullwidth=&#8221;on&#8221; _builder_version=&#8221;4.27.3&#8243; _module_preset=&#8221;default&#8221; custom_margin=&#8221;||0px|||&#8221; custom_padding=&#8221;||0px|||&#8221; global_colors_info=&#8221;{}&#8221;][\/et_pb_image][et_pb_text _builder_version=&#8221;4.27.3&#8243; _module_preset=&#8221;_initial&#8221; text_text_color=&#8221;#61ffc6&#8243; text_font_size=&#8221;20px&#8221; text_line_height=&#8221;17px&#8221; text_orientation=&#8221;center&#8221; width=&#8221;51%&#8221; module_alignment=&#8221;center&#8221; custom_margin=&#8221;0px||0px||false|false&#8221; custom_padding=&#8221;0px||0px||false|false&#8221; text_font_size_tablet=&#8221;20px&#8221; text_font_size_phone=&#8221;17px&#8221; text_font_size_last_edited=&#8221;on|phone&#8221; locked=&#8221;off&#8221; global_colors_info=&#8221;{}&#8221;]<\/p>\n<p>26 &#8211; 30 NOV 2024<\/p>\n<p>[\/et_pb_text][et_pb_text _builder_version=&#8221;4.27.3&#8243; _module_preset=&#8221;_initial&#8221; text_font=&#8221;Montserrat|300|||||||&#8221; text_text_color=&#8221;#61ffc6&#8243; text_font_size=&#8221;20px&#8221; text_line_height=&#8221;17px&#8221; text_orientation=&#8221;center&#8221; width=&#8221;100%&#8221; module_alignment=&#8221;center&#8221; custom_margin=&#8221;||5px|||&#8221; custom_padding=&#8221;1px||||false|false&#8221; text_font_size_tablet=&#8221;20px&#8221; text_font_size_phone=&#8221;17px&#8221; text_font_size_last_edited=&#8221;on|phone&#8221; locked=&#8221;off&#8221; global_colors_info=&#8221;{}&#8221;]<\/p>\n<p>La reuni\u00f3n de expertos\/as de la di\u00e1spora africana en el mundo que tiene como prop\u00f3sito crear una agenda regional sobre tecnolog\u00eda y equidad racial<\/p>\n<p>[\/et_pb_text][et_pb_image src=&#8221;https:\/\/manosvisibles.org\/wp-content\/uploads\/2024\/11\/LOGOS.png&#8221; show_bottom_space=&#8221;off&#8221; align=&#8221;center&#8221; _builder_version=&#8221;4.27.3&#8243; _module_preset=&#8221;default&#8221; width=&#8221;53%&#8221; width_tablet=&#8221;53%&#8221; width_phone=&#8221;60%&#8221; width_last_edited=&#8221;on|phone&#8221; custom_padding=&#8221;||58px||false|false&#8221; locked=&#8221;off&#8221; global_colors_info=&#8221;{}&#8221;][\/et_pb_image][\/et_pb_column][\/et_pb_row][\/et_pb_section][et_pb_section fb_built=&#8221;1&#8243; custom_padding_last_edited=&#8221;on|phone&#8221; _builder_version=&#8221;4.27.3&#8243; _module_preset=&#8221;default&#8221; background_color=&#8221;#000000&#8243; background_image=&#8221;https:\/\/manosvisibles.org\/wp-content\/uploads\/2024\/11\/fondo-perfiles-01a.png&#8221; parallax=&#8221;on&#8221; parallax_method=&#8221;off&#8221; custom_margin_tablet=&#8221;&#8221; custom_margin_phone=&#8221;0px||0px||false|false&#8221; custom_margin_last_edited=&#8221;on|phone&#8221; custom_padding_tablet=&#8221;&#8221; custom_padding_phone=&#8221;0px||0px||false|false&#8221; top_divider_style=&#8221;arrow&#8221; top_divider_color=&#8221;#00eaff&#8221; top_divider_height=&#8221;23px&#8221; bottom_divider_style=&#8221;arrow&#8221; bottom_divider_color=&#8221;#00eaff&#8221; bottom_divider_height=&#8221;13px&#8221; bottom_divider_repeat=&#8221;1x&#8221; da_disable_devices=&#8221;off|off|off&#8221; locked=&#8221;off&#8221; global_colors_info=&#8221;{}&#8221; da_is_popup=&#8221;off&#8221; da_exit_intent=&#8221;off&#8221; da_has_close=&#8221;on&#8221; da_alt_close=&#8221;off&#8221; da_dark_close=&#8221;off&#8221; da_not_modal=&#8221;on&#8221; da_is_singular=&#8221;off&#8221; da_with_loader=&#8221;off&#8221; da_has_shadow=&#8221;on&#8221;][et_pb_row _builder_version=&#8221;4.27.3&#8243; _module_preset=&#8221;default&#8221; global_colors_info=&#8221;{}&#8221;][et_pb_column type=&#8221;4_4&#8243; _builder_version=&#8221;4.27.3&#8243; _module_preset=&#8221;default&#8221; global_colors_info=&#8221;{}&#8221;][et_pb_text _builder_version=&#8221;4.27.4&#8243; _module_preset=&#8221;default&#8221; text_text_color=&#8221;#61ffc6&#8243; text_font_size=&#8221;22px&#8221; header_font=&#8221;Montserrat|700|||||||&#8221; header_text_align=&#8221;center&#8221; header_text_color=&#8221;#00eaff&#8221; header_font_size=&#8221;47px&#8221; text_orientation=&#8221;center&#8221; custom_padding_tablet=&#8221;&#8221; custom_padding_phone=&#8221;20px||||false|false&#8221; custom_padding_last_edited=&#8221;on|phone&#8221; text_font_size_tablet=&#8221;22px&#8221; text_font_size_phone=&#8221;15px&#8221; text_font_size_last_edited=&#8221;on|phone&#8221; text_line_height_tablet=&#8221;&#8221; text_line_height_phone=&#8221;16px&#8221; text_line_height_last_edited=&#8221;on|phone&#8221; header_font_size_tablet=&#8221;47px&#8221; header_font_size_phone=&#8221;25px&#8221; header_font_size_last_edited=&#8221;on|phone&#8221; global_colors_info=&#8221;{}&#8221;]<\/p>\n<h1>FORO AFROINNOVA TECH: DECODIFICANDO EL FUTURO<\/h1>\n<p>Quibd\u00f3: Black Smart City de Colombia<\/p>\n<p>[\/et_pb_text][\/et_pb_column][\/et_pb_row][et_pb_row disabled_on=&#8221;on|on|on&#8221; _builder_version=&#8221;4.27.3&#8243; _module_preset=&#8221;default&#8221; width=&#8221;100%&#8221; width_tablet=&#8221;&#8221; width_phone=&#8221;93%&#8221; width_last_edited=&#8221;on|phone&#8221; max_width=&#8221;1120px&#8221; disabled=&#8221;on&#8221; global_colors_info=&#8221;{}&#8221;][et_pb_column type=&#8221;4_4&#8243; _builder_version=&#8221;4.25.1&#8243; _module_preset=&#8221;default&#8221; global_colors_info=&#8221;{}&#8221;][pac_dtm_parent pac_dtm_position_ph_one=&#8221;horizontal&#8221; pac_dtm_full_width=&#8221;on&#8221; pac_dtm_bg_skew=&#8221;on&#8221; pac_dtm_bg_skew_style=&#8221;shape6&#8243; pac_dtm_full_width_gap=&#8221;13px&#8221; pac_dtm_active_tab_pointer=&#8221;on&#8221; pac_dtm_active_tab_pointer_size=&#8221;24px&#8221; pac_dtm_active_tab_pointer_color=&#8221;#00eaff&#8221; pac_dtm_active_tab_background_color=&#8221;#00eaff&#8221; pac_dtm_inactive_tab_background_color=&#8221;#215a71&#8243; pac_dtm_content_bg_color=&#8221;RGBA(255,255,255,0)&#8221; pac_dtm_tabs_container_line_size=&#8221;1px&#8221; pac_dtm_tabs_container_bg_color=&#8221;RGBA(255,255,255,0)&#8221; _builder_version=&#8221;4.27.3&#8243; _module_preset=&#8221;default&#8221; pac_dtm_tab_title_fonts_font=&#8221;|700|||||||&#8221; pac_dtm_tab_title_fonts_text_align=&#8221;center&#8221; pac_dtm_tab_title_fonts_text_color=&#8221;#FFFFFF&#8221; pac_dtm_tab_title_fonts_font_size=&#8221;22px&#8221; pac_dtm_active_tab_title_fonts_font=&#8221;|700|||||||&#8221; pac_dtm_active_tab_title_fonts_text_align=&#8221;center&#8221; pac_dtm_active_tab_title_fonts_text_color=&#8221;#000000&#8243; pac_dtm_active_tab_title_fonts_font_size=&#8221;23px&#8221; pac_dtm_active_tab_subtitle_fonts_font=&#8221;||||||||&#8221; global_colors_info=&#8221;{}&#8221; pac_dtm_inactive_tab_background_color__hover_enabled=&#8221;on|desktop&#8221; pac_dtm_inactive_tab_background_color__hover=&#8221;#00eaff&#8221; pac_dtm_tab_title_fonts_text_color__hover_enabled=&#8221;on|hover&#8221; pac_dtm_tab_title_fonts_text_color__hover=&#8221;#000000&#8243;][pac_dtm_child pac_dtm_tab_label=&#8221;2:30 PM&#8221; _builder_version=&#8221;4.27.3&#8243; _module_preset=&#8221;default&#8221; global_colors_info=&#8221;{}&#8221;]<\/p>\n<p><img decoding=\"async\" src=\"https:\/\/manosvisibles.org\/wp-content\/uploads\/2024\/11\/agenda-01e.png\" width=\"1090\" height=\"323\" alt=\"\" class=\"wp-image-7691 alignnone size-full\" srcset=\"https:\/\/manosvisibles.org\/wp-content\/uploads\/2024\/11\/agenda-01e.png 1090w, https:\/\/manosvisibles.org\/wp-content\/uploads\/2024\/11\/agenda-01e-980x290.png 980w, https:\/\/manosvisibles.org\/wp-content\/uploads\/2024\/11\/agenda-01e-480x142.png 480w\" sizes=\"(min-width: 0px) and (max-width: 480px) 480px, (min-width: 481px) and (max-width: 980px) 980px, (min-width: 981px) 1090px, 100vw\" \/><\/p>\n<p>[\/pac_dtm_child][pac_dtm_child pac_dtm_tab_label=&#8221;3:15 PM&#8221; _builder_version=&#8221;4.27.3&#8243; _module_preset=&#8221;default&#8221; global_colors_info=&#8221;{}&#8221;]<\/p>\n<p><img decoding=\"async\" src=\"https:\/\/manosvisibles.org\/wp-content\/uploads\/2024\/11\/agenda-02c.png\" width=\"1090\" height=\"323\" alt=\"\" class=\"wp-image-7692 alignnone size-full\" srcset=\"https:\/\/manosvisibles.org\/wp-content\/uploads\/2024\/11\/agenda-02c.png 1090w, https:\/\/manosvisibles.org\/wp-content\/uploads\/2024\/11\/agenda-02c-980x290.png 980w, https:\/\/manosvisibles.org\/wp-content\/uploads\/2024\/11\/agenda-02c-480x142.png 480w\" sizes=\"(min-width: 0px) and (max-width: 480px) 480px, (min-width: 481px) and (max-width: 980px) 980px, (min-width: 981px) 1090px, 100vw\" \/><\/p>\n<p>[\/pac_dtm_child][pac_dtm_child pac_dtm_tab_label=&#8221;3:45 PM&#8221; _builder_version=&#8221;4.27.3&#8243; _module_preset=&#8221;default&#8221; global_colors_info=&#8221;{}&#8221;]<\/p>\n<p><img decoding=\"async\" src=\"https:\/\/manosvisibles.org\/wp-content\/uploads\/2024\/11\/agenda-03a.png\" width=\"1090\" height=\"323\" alt=\"\" class=\"wp-image-7693 alignnone size-full\" srcset=\"https:\/\/manosvisibles.org\/wp-content\/uploads\/2024\/11\/agenda-03a.png 1090w, https:\/\/manosvisibles.org\/wp-content\/uploads\/2024\/11\/agenda-03a-980x290.png 980w, https:\/\/manosvisibles.org\/wp-content\/uploads\/2024\/11\/agenda-03a-480x142.png 480w\" sizes=\"(min-width: 0px) and (max-width: 480px) 480px, (min-width: 481px) and (max-width: 980px) 980px, (min-width: 981px) 1090px, 100vw\" \/><\/p>\n<p>[\/pac_dtm_child][pac_dtm_child pac_dtm_tab_label=&#8221;4:30 PM&#8221; _builder_version=&#8221;4.27.3&#8243; _module_preset=&#8221;default&#8221; global_colors_info=&#8221;{}&#8221;]<\/p>\n<p><img decoding=\"async\" src=\"https:\/\/manosvisibles.org\/wp-content\/uploads\/2024\/11\/agenda-04a.png\" width=\"1090\" height=\"323\" alt=\"\" class=\"wp-image-7694 alignnone size-full\" srcset=\"https:\/\/manosvisibles.org\/wp-content\/uploads\/2024\/11\/agenda-04a.png 1090w, https:\/\/manosvisibles.org\/wp-content\/uploads\/2024\/11\/agenda-04a-980x290.png 980w, https:\/\/manosvisibles.org\/wp-content\/uploads\/2024\/11\/agenda-04a-480x142.png 480w\" sizes=\"(min-width: 0px) and (max-width: 480px) 480px, (min-width: 481px) and (max-width: 980px) 980px, (min-width: 981px) 1090px, 100vw\" \/><\/p>\n<p>[\/pac_dtm_child][\/pac_dtm_parent][\/et_pb_column][\/et_pb_row][et_pb_row disabled_on=&#8221;on|off|off&#8221; _builder_version=&#8221;4.27.4&#8243; _module_preset=&#8221;default&#8221; width=&#8221;100%&#8221; width_tablet=&#8221;&#8221; width_phone=&#8221;93%&#8221; width_last_edited=&#8221;on|phone&#8221; max_width=&#8221;1120px&#8221; hover_enabled=&#8221;0&#8243; global_colors_info=&#8221;{}&#8221; sticky_enabled=&#8221;0&#8243;][et_pb_column type=&#8221;4_4&#8243; _builder_version=&#8221;4.25.1&#8243; _module_preset=&#8221;default&#8221; global_colors_info=&#8221;{}&#8221;][pac_dtm_parent pac_dtm_position_ph_one=&#8221;horizontal&#8221; pac_dtm_full_width=&#8221;on&#8221; pac_dtm_bg_skew=&#8221;on&#8221; pac_dtm_bg_skew_style=&#8221;shape6&#8243; pac_dtm_full_width_gap=&#8221;13px&#8221; pac_dtm_active_tab_pointer=&#8221;on&#8221; pac_dtm_active_tab_pointer_size=&#8221;24px&#8221; pac_dtm_active_tab_pointer_color=&#8221;#00eaff&#8221; pac_dtm_active_tab_background_color=&#8221;#00eaff&#8221; pac_dtm_inactive_tab_background_color=&#8221;#215a71&#8243; pac_dtm_content_bg_color=&#8221;RGBA(255,255,255,0)&#8221; pac_dtm_tabs_container_line_size=&#8221;1px&#8221; pac_dtm_tabs_container_bg_color=&#8221;RGBA(255,255,255,0)&#8221; _builder_version=&#8221;4.27.4&#8243; _module_preset=&#8221;default&#8221; pac_dtm_tab_title_fonts_font=&#8221;|700|||||||&#8221; pac_dtm_tab_title_fonts_text_align=&#8221;center&#8221; pac_dtm_tab_title_fonts_text_color=&#8221;#FFFFFF&#8221; pac_dtm_tab_title_fonts_font_size=&#8221;22px&#8221; pac_dtm_active_tab_title_fonts_font=&#8221;|700|||||||&#8221; pac_dtm_active_tab_title_fonts_text_align=&#8221;center&#8221; pac_dtm_active_tab_title_fonts_text_color=&#8221;#000000&#8243; pac_dtm_active_tab_title_fonts_font_size=&#8221;23px&#8221; pac_dtm_active_tab_subtitle_fonts_font=&#8221;||||||||&#8221; hover_enabled=&#8221;0&#8243; global_colors_info=&#8221;{}&#8221; pac_dtm_inactive_tab_background_color__hover_enabled=&#8221;on|desktop&#8221; pac_dtm_inactive_tab_background_color__hover=&#8221;#00eaff&#8221; pac_dtm_tab_title_fonts_text_color__hover_enabled=&#8221;on|hover&#8221; pac_dtm_tab_title_fonts_text_color__hover=&#8221;#000000&#8243; sticky_enabled=&#8221;0&#8243;][pac_dtm_child pac_dtm_tab_label=&#8221;Conferencia&#8221; _builder_version=&#8221;4.27.4&#8243; _module_preset=&#8221;default&#8221; hover_enabled=&#8221;0&#8243; global_colors_info=&#8221;{}&#8221; sticky_enabled=&#8221;0&#8243;]<\/p>\n<p><iframe width=\"560\" height=\"315\" src=\"https:\/\/www.youtube.com\/embed\/5zYhgJ9UufQ?si=YROd0RXLBx1rARzE\" title=\"YouTube video player\" frameborder=\"0\" allow=\"accelerometer; autoplay; clipboard-write; encrypted-media; gyroscope; picture-in-picture; web-share\" referrerpolicy=\"strict-origin-when-cross-origin\" allowfullscreen=\"\"><\/iframe><\/p>\n<p>[\/pac_dtm_child][pac_dtm_child pac_dtm_tab_label=&#8221;Panel 1&#8243; _builder_version=&#8221;4.27.4&#8243; _module_preset=&#8221;default&#8221; global_colors_info=&#8221;{}&#8221;]<\/p>\n<p><iframe title=\"AFROINNOVA TECH: Los mercados del futuro de la di\u00e1spora\" width=\"1080\" height=\"608\" src=\"https:\/\/www.youtube.com\/embed\/bHVAV1hNzPg?feature=oembed\"  allow=\"accelerometer; autoplay; clipboard-write; encrypted-media; gyroscope; picture-in-picture; web-share\" referrerpolicy=\"strict-origin-when-cross-origin\" allowfullscreen><\/iframe><\/p>\n<p>[\/pac_dtm_child][pac_dtm_child pac_dtm_tab_label=&#8221;Panel 2&#8243; _builder_version=&#8221;4.27.4&#8243; _module_preset=&#8221;default&#8221; global_colors_info=&#8221;{}&#8221;]<\/p>\n<p><iframe title=\"AFROINNOVA TECH: Desigualdades tecnol\u00f3gicas y soluciones sist\u00e9micas\" width=\"1080\" height=\"608\" src=\"https:\/\/www.youtube.com\/embed\/kI5zEDLY1ew?feature=oembed\"  allow=\"accelerometer; autoplay; clipboard-write; encrypted-media; gyroscope; picture-in-picture; web-share\" referrerpolicy=\"strict-origin-when-cross-origin\" allowfullscreen><\/iframe><\/p>\n<p>[\/pac_dtm_child][pac_dtm_child pac_dtm_tab_label=&#8221;Panel 3&#8243; _builder_version=&#8221;4.27.4&#8243; _module_preset=&#8221;default&#8221; global_colors_info=&#8221;{}&#8221;]<\/p>\n<p><iframe title=\"AFROINNOVA TECH: \u00c1frica tecnol\u00f3gica y su espejo en Am\u00e9rica Latina\" width=\"1080\" height=\"608\" src=\"https:\/\/www.youtube.com\/embed\/iwtgk1m1zb0?feature=oembed\"  allow=\"accelerometer; autoplay; clipboard-write; encrypted-media; gyroscope; picture-in-picture; web-share\" referrerpolicy=\"strict-origin-when-cross-origin\" allowfullscreen><\/iframe><\/p>\n<p>[\/pac_dtm_child][\/pac_dtm_parent][\/et_pb_column][\/et_pb_row][et_pb_row use_custom_gutter=&#8221;on&#8221; gutter_width=&#8221;1&#8243; disabled_on=&#8221;on|off|off&#8221; _builder_version=&#8221;4.27.4&#8243; _module_preset=&#8221;default&#8221; width=&#8221;65%&#8221; width_tablet=&#8221;&#8221; width_phone=&#8221;93%&#8221; width_last_edited=&#8221;on|phone&#8221; max_width=&#8221;1120px&#8221; custom_margin=&#8221;0px||||false|false&#8221; custom_padding=&#8221;0px||||false|false&#8221; global_colors_info=&#8221;{}&#8221;][et_pb_column type=&#8221;4_4&#8243; _builder_version=&#8221;4.25.1&#8243; _module_preset=&#8221;default&#8221; global_colors_info=&#8221;{}&#8221;][et_pb_button button_url=&#8221;https:\/\/www.facebook.com\/share\/15S4Ppd83C\/&#8221; url_new_window=&#8221;on&#8221; button_text=&#8221;REVIVE EL EVENTO AQU\u00cd&#8221; button_alignment=&#8221;center&#8221; _builder_version=&#8221;4.27.4&#8243; _module_preset=&#8221;default&#8221; custom_button=&#8221;on&#8221; button_text_size=&#8221;26px&#8221; button_text_color=&#8221;#000000&#8243; button_bg_color=&#8221;#00eaff&#8221; button_border_width=&#8221;0px&#8221; button_font=&#8221;|700|||||||&#8221; button_use_icon=&#8221;off&#8221; button_text_size_tablet=&#8221;26px&#8221; button_text_size_phone=&#8221;19px&#8221; button_text_size_last_edited=&#8221;on|phone&#8221; box_shadow_style=&#8221;preset1&#8243; box_shadow_color=&#8221;#FFFFFF&#8221; global_colors_info=&#8221;{}&#8221; button_text_size__hover_enabled=&#8221;on|desktop&#8221; button_bg_color__hover=&#8221;#61ffc6&#8243; button_bg_color__hover_enabled=&#8221;on|desktop&#8221; button_text_size__hover=&#8221;26px&#8221;][\/et_pb_button][\/et_pb_column][\/et_pb_row][\/et_pb_section][et_pb_section fb_built=&#8221;1&#8243; _builder_version=&#8221;4.27.3&#8243; _module_preset=&#8221;default&#8221; background_color=&#8221;#000000&#8243; background_image=&#8221;https:\/\/manosvisibles.org\/wp-content\/uploads\/2024\/11\/fondo-perfiles-01a.png&#8221; parallax=&#8221;on&#8221; parallax_method=&#8221;off&#8221; bottom_divider_style=&#8221;arrow&#8221; bottom_divider_color=&#8221;#00eaff&#8221; bottom_divider_height=&#8221;14px&#8221; da_disable_devices=&#8221;off|off|off&#8221; global_colors_info=&#8221;{}&#8221; da_is_popup=&#8221;off&#8221; da_exit_intent=&#8221;off&#8221; da_has_close=&#8221;on&#8221; da_alt_close=&#8221;off&#8221; da_dark_close=&#8221;off&#8221; da_not_modal=&#8221;on&#8221; da_is_singular=&#8221;off&#8221; da_with_loader=&#8221;off&#8221; da_has_shadow=&#8221;on&#8221;][et_pb_row custom_padding_last_edited=&#8221;on|phone&#8221; _builder_version=&#8221;4.27.3&#8243; _module_preset=&#8221;default&#8221; custom_margin_tablet=&#8221;&#8221; custom_margin_phone=&#8221;||0px||false|false&#8221; custom_margin_last_edited=&#8221;on|phone&#8221; custom_padding_tablet=&#8221;&#8221; custom_padding_phone=&#8221;||0px||false|false&#8221; locked=&#8221;off&#8221; global_colors_info=&#8221;{}&#8221;][et_pb_column type=&#8221;4_4&#8243; _builder_version=&#8221;4.27.3&#8243; _module_preset=&#8221;default&#8221; global_colors_info=&#8221;{}&#8221;][et_pb_text _builder_version=&#8221;4.27.3&#8243; _module_preset=&#8221;default&#8221; text_text_color=&#8221;#61ffc6&#8243; text_font_size=&#8221;22px&#8221; header_font=&#8221;Montserrat|700||on|||||&#8221; header_text_align=&#8221;center&#8221; header_text_color=&#8221;#00eaff&#8221; header_font_size=&#8221;33px&#8221; text_orientation=&#8221;center&#8221; header_font_size_tablet=&#8221;47px&#8221; header_font_size_phone=&#8221;25px&#8221; header_font_size_last_edited=&#8221;on|phone&#8221; global_colors_info=&#8221;{}&#8221;]<\/p>\n<h1>UNA RED QUE CONECTA A L\u00cdDERES AFRODESCENDIENTES PARA TRANSFORMAR COMUNIDADES \u00c9TNICAS CON INNOVACI\u00d3N Y TECNOLOG\u00cdA<\/h1>\n<p>[\/et_pb_text][\/et_pb_column][\/et_pb_row][et_pb_row column_structure=&#8221;1_4,1_4,1_4,1_4&#8243; use_custom_gutter=&#8221;on&#8221; gutter_width=&#8221;2&#8243; custom_padding_last_edited=&#8221;on|phone&#8221; _builder_version=&#8221;4.27.3&#8243; _module_preset=&#8221;default&#8221; width=&#8221;100%&#8221; width_tablet=&#8221;100%&#8221; width_phone=&#8221;60%&#8221; width_last_edited=&#8221;on|phone&#8221; max_width=&#8221;1236px&#8221; max_width_tablet=&#8221;1236px&#8221; max_width_phone=&#8221;1236px&#8221; max_width_last_edited=&#8221;on|phone&#8221; custom_padding_tablet=&#8221;&#8221; custom_padding_phone=&#8221;0px||||false|false&#8221; global_colors_info=&#8221;{}&#8221;][et_pb_column type=&#8221;1_4&#8243; _builder_version=&#8221;4.27.3&#8243; _module_preset=&#8221;default&#8221; global_colors_info=&#8221;{}&#8221;][et_pb_image src=&#8221;https:\/\/manosvisibles.org\/wp-content\/uploads\/2024\/11\/Dorcas.png&#8221; url=&#8221;#t9&#8243; force_fullwidth=&#8221;on&#8221; _builder_version=&#8221;4.27.3&#8243; _module_preset=&#8221;default&#8221; custom_margin=&#8221;||11px|||&#8221; border_radii=&#8221;on|266px|266px|266px|266px&#8221; border_width_all=&#8221;3px&#8221; border_color_all=&#8221;RGBA(255,255,255,0)&#8221; box_shadow_style=&#8221;preset5&#8243; box_shadow_vertical=&#8221;0px&#8221; box_shadow_blur=&#8221;24px&#8221; box_shadow_color=&#8221;RGBA(255,255,255,0)&#8221; global_colors_info=&#8221;{}&#8221; box_shadow_color__hover_enabled=&#8221;on|hover&#8221; box_shadow_color__hover=&#8221;#09CBFF&#8221;][\/et_pb_image][et_pb_text _builder_version=&#8221;4.27.3&#8243; _module_preset=&#8221;default&#8221; text_text_color=&#8221;#61ffc6&#8243; text_line_height=&#8221;0em&#8221; header_3_text_color=&#8221;#00eaff&#8221; header_3_line_height=&#8221;0.3em&#8221; header_4_font=&#8221;|300|||||||&#8221; header_4_text_color=&#8221;#FFFFFF&#8221; header_4_font_size=&#8221;17px&#8221; text_orientation=&#8221;center&#8221; link_option_url=&#8221;#t9&#8243; header_3_font_size_tablet=&#8221;&#8221; header_3_font_size_phone=&#8221;&#8221; header_3_font_size_last_edited=&#8221;on|phone&#8221; header_3_line_height_tablet=&#8221;0.3em&#8221; header_3_line_height_phone=&#8221;22px&#8221; header_3_line_height_last_edited=&#8221;on|phone&#8221; global_colors_info=&#8221;{}&#8221;]<\/p>\n<h3>Dorcas Owinoh<\/h3>\n<h4>Directora Ejecutiva de LakeHub<\/h4>\n<p>Kenia<\/p>\n<p>[\/et_pb_text][et_pb_button button_url=&#8221;#t9&#8243; button_text=&#8221;VER PERFIL&#8221; button_alignment=&#8221;center&#8221; disabled_on=&#8221;off|on|on&#8221; _builder_version=&#8221;4.27.3&#8243; _module_preset=&#8221;default&#8221; custom_button=&#8221;on&#8221; button_text_size=&#8221;14px&#8221; button_text_color=&#8221;#000000&#8243; button_bg_color=&#8221;#00eaff&#8221; button_font=&#8221;|600|||||||&#8221; locked=&#8221;off&#8221; global_colors_info=&#8221;{}&#8221;][\/et_pb_button][\/et_pb_column][et_pb_column type=&#8221;1_4&#8243; _builder_version=&#8221;4.27.3&#8243; _module_preset=&#8221;default&#8221; global_colors_info=&#8221;{}&#8221;][et_pb_image src=&#8221;https:\/\/manosvisibles.org\/wp-content\/uploads\/2024\/11\/Judith.png&#8221; url=&#8221;#t2&#8243; _builder_version=&#8221;4.27.3&#8243; _module_preset=&#8221;default&#8221; custom_margin=&#8221;||11px|||&#8221; border_radii=&#8221;on|266px|266px|266px|266px&#8221; border_width_all=&#8221;3px&#8221; border_color_all=&#8221;RGBA(255,255,255,0)&#8221; box_shadow_style=&#8221;preset5&#8243; box_shadow_vertical=&#8221;0px&#8221; box_shadow_blur=&#8221;24px&#8221; box_shadow_color=&#8221;RGBA(255,255,255,0)&#8221; global_colors_info=&#8221;{}&#8221; box_shadow_color__hover_enabled=&#8221;on|hover&#8221; box_shadow_color__hover=&#8221;#09CBFF&#8221;][\/et_pb_image][et_pb_text _builder_version=&#8221;4.27.3&#8243; _module_preset=&#8221;default&#8221; text_text_color=&#8221;#61ffc6&#8243; text_line_height=&#8221;0em&#8221; header_3_text_color=&#8221;#00eaff&#8221; header_3_line_height=&#8221;0.3em&#8221; header_4_font=&#8221;|300|||||||&#8221; header_4_text_color=&#8221;#FFFFFF&#8221; header_4_font_size=&#8221;17px&#8221; text_orientation=&#8221;center&#8221; link_option_url=&#8221;#t2&#8243; header_3_font_size_tablet=&#8221;&#8221; header_3_font_size_phone=&#8221;&#8221; header_3_font_size_last_edited=&#8221;on|phone&#8221; header_3_line_height_tablet=&#8221;0.3em&#8221; header_3_line_height_phone=&#8221;22px&#8221; header_3_line_height_last_edited=&#8221;on|phone&#8221; global_colors_info=&#8221;{}&#8221;]<\/p>\n<h3>Judith Morrison<\/h3>\n<h4>Asesora Senior de Operaciones en G\u00e9nero y Diversidad en el BID<\/h4>\n<p>Estados Unidos<\/p>\n<p>[\/et_pb_text][et_pb_button button_url=&#8221;#t2&#8243; button_text=&#8221;VER PERFIL&#8221; button_alignment=&#8221;center&#8221; disabled_on=&#8221;off|on|on&#8221; _builder_version=&#8221;4.27.3&#8243; _module_preset=&#8221;default&#8221; custom_button=&#8221;on&#8221; button_text_size=&#8221;14px&#8221; button_text_color=&#8221;#000000&#8243; button_bg_color=&#8221;#00eaff&#8221; button_font=&#8221;|600|||||||&#8221; locked=&#8221;off&#8221; global_colors_info=&#8221;{}&#8221;][\/et_pb_button][\/et_pb_column][et_pb_column type=&#8221;1_4&#8243; _builder_version=&#8221;4.27.3&#8243; _module_preset=&#8221;default&#8221; global_colors_info=&#8221;{}&#8221;][et_pb_image src=&#8221;https:\/\/manosvisibles.org\/wp-content\/uploads\/2024\/11\/Karen.png&#8221; url=&#8221;#t3&#8243; _builder_version=&#8221;4.27.3&#8243; _module_preset=&#8221;default&#8221; custom_margin=&#8221;||11px|||&#8221; border_radii=&#8221;on|266px|266px|266px|266px&#8221; border_width_all=&#8221;3px&#8221; border_color_all=&#8221;RGBA(255,255,255,0)&#8221; box_shadow_style=&#8221;preset5&#8243; box_shadow_vertical=&#8221;0px&#8221; box_shadow_blur=&#8221;24px&#8221; box_shadow_color=&#8221;RGBA(255,255,255,0)&#8221; global_colors_info=&#8221;{}&#8221; box_shadow_color__hover_enabled=&#8221;on|hover&#8221; box_shadow_color__hover=&#8221;#09CBFF&#8221;][\/et_pb_image][et_pb_text _builder_version=&#8221;4.27.3&#8243; _module_preset=&#8221;default&#8221; text_text_color=&#8221;#61ffc6&#8243; text_line_height=&#8221;0em&#8221; header_3_text_color=&#8221;#00eaff&#8221; header_3_line_height=&#8221;0.3em&#8221; header_4_font=&#8221;|300|||||||&#8221; header_4_text_color=&#8221;#FFFFFF&#8221; header_4_font_size=&#8221;17px&#8221; text_orientation=&#8221;center&#8221; link_option_url=&#8221;#t3&#8243; header_3_font_size_tablet=&#8221;&#8221; header_3_font_size_phone=&#8221;&#8221; header_3_font_size_last_edited=&#8221;on|phone&#8221; header_3_line_height_tablet=&#8221;0.3em&#8221; header_3_line_height_phone=&#8221;22px&#8221; header_3_line_height_last_edited=&#8221;on|phone&#8221; global_colors_info=&#8221;{}&#8221;]<\/p>\n<h3>Karen Santos<\/h3>\n<h4>CEO y Co-Fundadora de UX para Minas Pretas<\/h4>\n<p>Brasil<\/p>\n<p>[\/et_pb_text][et_pb_button button_url=&#8221;#t3&#8243; button_text=&#8221;VER PERFIL&#8221; button_alignment=&#8221;center&#8221; disabled_on=&#8221;off|on|on&#8221; _builder_version=&#8221;4.27.3&#8243; _module_preset=&#8221;default&#8221; custom_button=&#8221;on&#8221; button_text_size=&#8221;14px&#8221; button_text_color=&#8221;#000000&#8243; button_bg_color=&#8221;#00eaff&#8221; button_font=&#8221;|600|||||||&#8221; locked=&#8221;off&#8221; global_colors_info=&#8221;{}&#8221;][\/et_pb_button][\/et_pb_column][et_pb_column type=&#8221;1_4&#8243; _builder_version=&#8221;4.27.3&#8243; _module_preset=&#8221;default&#8221; global_colors_info=&#8221;{}&#8221;][et_pb_image src=&#8221;https:\/\/manosvisibles.org\/wp-content\/uploads\/2024\/11\/paula.png&#8221; url=&#8221;#t12&#8243; _builder_version=&#8221;4.27.3&#8243; _module_preset=&#8221;default&#8221; custom_margin=&#8221;||11px|||&#8221; border_radii=&#8221;on|266px|266px|266px|266px&#8221; border_width_all=&#8221;3px&#8221; border_color_all=&#8221;RGBA(255,255,255,0)&#8221; box_shadow_style=&#8221;preset5&#8243; box_shadow_vertical=&#8221;0px&#8221; box_shadow_blur=&#8221;24px&#8221; box_shadow_color=&#8221;RGBA(255,255,255,0)&#8221; global_colors_info=&#8221;{}&#8221; box_shadow_color__hover_enabled=&#8221;on|hover&#8221; box_shadow_color__hover=&#8221;#09CBFF&#8221;][\/et_pb_image][et_pb_text _builder_version=&#8221;4.27.3&#8243; _module_preset=&#8221;default&#8221; text_text_color=&#8221;#61ffc6&#8243; text_line_height=&#8221;0em&#8221; header_3_text_color=&#8221;#00eaff&#8221; header_3_line_height=&#8221;0.3em&#8221; header_4_font=&#8221;|300|||||||&#8221; header_4_text_color=&#8221;#FFFFFF&#8221; header_4_font_size=&#8221;17px&#8221; text_orientation=&#8221;center&#8221; link_option_url=&#8221;#t12&#8243; header_3_font_size_tablet=&#8221;&#8221; header_3_font_size_phone=&#8221;&#8221; header_3_font_size_last_edited=&#8221;on|phone&#8221; header_3_line_height_tablet=&#8221;0.3em&#8221; header_3_line_height_phone=&#8221;22px&#8221; header_3_line_height_last_edited=&#8221;on|phone&#8221; global_colors_info=&#8221;{}&#8221;]<\/p>\n<h3>Paula Moreno<\/h3>\n<h4>Presidente de la Corporaci\u00f3n Manos Visibles<\/h4>\n<p>Colombia<\/p>\n<p>[\/et_pb_text][et_pb_button button_url=&#8221;#t12&#8243; button_text=&#8221;VER PERFIL&#8221; button_alignment=&#8221;center&#8221; disabled_on=&#8221;off|on|on&#8221; _builder_version=&#8221;4.27.3&#8243; _module_preset=&#8221;default&#8221; custom_button=&#8221;on&#8221; button_text_size=&#8221;14px&#8221; button_text_color=&#8221;#000000&#8243; button_bg_color=&#8221;#00eaff&#8221; button_font=&#8221;|600|||||||&#8221; locked=&#8221;off&#8221; global_colors_info=&#8221;{}&#8221;][\/et_pb_button][\/et_pb_column][\/et_pb_row][et_pb_row column_structure=&#8221;1_4,1_4,1_4,1_4&#8243; use_custom_gutter=&#8221;on&#8221; gutter_width=&#8221;2&#8243; custom_padding_last_edited=&#8221;on|phone&#8221; _builder_version=&#8221;4.27.3&#8243; _module_preset=&#8221;default&#8221; width=&#8221;100%&#8221; width_tablet=&#8221;100%&#8221; width_phone=&#8221;60%&#8221; width_last_edited=&#8221;on|phone&#8221; max_width=&#8221;1236px&#8221; max_width_tablet=&#8221;1236px&#8221; max_width_phone=&#8221;1236px&#8221; max_width_last_edited=&#8221;on|phone&#8221; custom_padding_tablet=&#8221;&#8221; custom_padding_phone=&#8221;0px||||false|false&#8221; global_colors_info=&#8221;{}&#8221;][et_pb_column type=&#8221;1_4&#8243; _builder_version=&#8221;4.27.3&#8243; _module_preset=&#8221;default&#8221; global_colors_info=&#8221;{}&#8221;][et_pb_image src=&#8221;https:\/\/manosvisibles.org\/wp-content\/uploads\/2024\/11\/Silvana.png&#8221; url=&#8221;#t4&#8243; _builder_version=&#8221;4.27.3&#8243; _module_preset=&#8221;default&#8221; custom_margin=&#8221;||11px|||&#8221; border_radii=&#8221;on|266px|266px|266px|266px&#8221; border_width_all=&#8221;3px&#8221; border_color_all=&#8221;RGBA(255,255,255,0)&#8221; box_shadow_style=&#8221;preset5&#8243; box_shadow_vertical=&#8221;0px&#8221; box_shadow_blur=&#8221;24px&#8221; box_shadow_color=&#8221;RGBA(255,255,255,0)&#8221; global_colors_info=&#8221;{}&#8221; box_shadow_color__hover_enabled=&#8221;on|hover&#8221; box_shadow_color__hover=&#8221;#09CBFF&#8221;][\/et_pb_image][et_pb_text _builder_version=&#8221;4.27.3&#8243; _module_preset=&#8221;default&#8221; text_text_color=&#8221;#61ffc6&#8243; text_line_height=&#8221;0em&#8221; header_3_text_color=&#8221;#00eaff&#8221; header_3_line_height=&#8221;0.3em&#8221; header_4_font=&#8221;|300|||||||&#8221; header_4_text_color=&#8221;#FFFFFF&#8221; header_4_font_size=&#8221;17px&#8221; text_orientation=&#8221;center&#8221; link_option_url=&#8221;#t4&#8243; header_3_font_size_tablet=&#8221;&#8221; header_3_font_size_phone=&#8221;&#8221; header_3_font_size_last_edited=&#8221;on|phone&#8221; header_3_line_height_tablet=&#8221;0.3em&#8221; header_3_line_height_phone=&#8221;22px&#8221; header_3_line_height_last_edited=&#8221;on|phone&#8221; global_colors_info=&#8221;{}&#8221;]<\/p>\n<h3>Silvana Bah\u00eda<\/h3>\n<h4>Co-Directora Ejecutiva de OLABI<\/h4>\n<p>Brasil<\/p>\n<p>[\/et_pb_text][et_pb_button button_url=&#8221;#t4&#8243; button_text=&#8221;VER PERFIL&#8221; button_alignment=&#8221;center&#8221; disabled_on=&#8221;off|on|on&#8221; _builder_version=&#8221;4.27.3&#8243; _module_preset=&#8221;default&#8221; custom_button=&#8221;on&#8221; button_text_size=&#8221;14px&#8221; button_text_color=&#8221;#000000&#8243; button_bg_color=&#8221;#00eaff&#8221; button_font=&#8221;|600|||||||&#8221; global_colors_info=&#8221;{}&#8221;][\/et_pb_button][\/et_pb_column][et_pb_column type=&#8221;1_4&#8243; _builder_version=&#8221;4.27.3&#8243; _module_preset=&#8221;default&#8221; global_colors_info=&#8221;{}&#8221;][et_pb_image src=&#8221;https:\/\/manosvisibles.org\/wp-content\/uploads\/2024\/11\/Tarcizio.png&#8221; url=&#8221;#t1&#8243; force_fullwidth=&#8221;on&#8221; _builder_version=&#8221;4.27.3&#8243; _module_preset=&#8221;default&#8221; custom_margin=&#8221;||11px|||&#8221; border_radii=&#8221;on|266px|266px|266px|266px&#8221; border_width_all=&#8221;3px&#8221; border_color_all=&#8221;RGBA(255,255,255,0)&#8221; box_shadow_style=&#8221;preset5&#8243; box_shadow_vertical=&#8221;0px&#8221; box_shadow_blur=&#8221;24px&#8221; box_shadow_color=&#8221;RGBA(255,255,255,0)&#8221; global_colors_info=&#8221;{}&#8221; box_shadow_color__hover_enabled=&#8221;on|hover&#8221; box_shadow_color__hover=&#8221;#09CBFF&#8221;][\/et_pb_image][et_pb_text _builder_version=&#8221;4.27.3&#8243; _module_preset=&#8221;default&#8221; text_text_color=&#8221;#61ffc6&#8243; text_line_height=&#8221;0em&#8221; header_3_text_color=&#8221;#00eaff&#8221; header_3_line_height=&#8221;0.3em&#8221; header_4_font=&#8221;|300|||||||&#8221; header_4_text_color=&#8221;#FFFFFF&#8221; header_4_font_size=&#8221;17px&#8221; text_orientation=&#8221;center&#8221; link_option_url=&#8221;#t1&#8243; header_3_font_size_tablet=&#8221;&#8221; header_3_font_size_phone=&#8221;&#8221; header_3_font_size_last_edited=&#8221;on|phone&#8221; header_3_line_height_tablet=&#8221;0.3em&#8221; header_3_line_height_phone=&#8221;22px&#8221; header_3_line_height_last_edited=&#8221;on|phone&#8221; global_colors_info=&#8221;{}&#8221;]<\/p>\n<h3>Tarc\u00edzio Silva<\/h3>\n<h4>Senior Fellow en Pol\u00edtica Tecnol\u00f3gica en Mozilla<\/h4>\n<p>Brasil<\/p>\n<p>[\/et_pb_text][et_pb_button button_url=&#8221;#t1&#8243; button_text=&#8221;VER PERFIL&#8221; button_alignment=&#8221;center&#8221; disabled_on=&#8221;off|on|on&#8221; _builder_version=&#8221;4.27.3&#8243; _module_preset=&#8221;default&#8221; custom_button=&#8221;on&#8221; button_text_size=&#8221;14px&#8221; button_text_color=&#8221;#000000&#8243; button_bg_color=&#8221;#00eaff&#8221; button_font=&#8221;|600|||||||&#8221; locked=&#8221;off&#8221; global_colors_info=&#8221;{}&#8221;][\/et_pb_button][\/et_pb_column][et_pb_column type=&#8221;1_4&#8243; _builder_version=&#8221;4.27.3&#8243; _module_preset=&#8221;default&#8221; global_colors_info=&#8221;{}&#8221;][et_pb_image src=&#8221;https:\/\/manosvisibles.org\/wp-content\/uploads\/2024\/11\/Tais.png&#8221; url=&#8221;#t10&#8243; _builder_version=&#8221;4.27.3&#8243; _module_preset=&#8221;default&#8221; custom_margin=&#8221;||11px|||&#8221; border_radii=&#8221;on|266px|266px|266px|266px&#8221; border_width_all=&#8221;3px&#8221; border_color_all=&#8221;RGBA(255,255,255,0)&#8221; box_shadow_style=&#8221;preset5&#8243; box_shadow_vertical=&#8221;0px&#8221; box_shadow_blur=&#8221;24px&#8221; box_shadow_color=&#8221;RGBA(255,255,255,0)&#8221; global_colors_info=&#8221;{}&#8221; box_shadow_color__hover_enabled=&#8221;on|hover&#8221; box_shadow_color__hover=&#8221;#09CBFF&#8221;][\/et_pb_image][et_pb_text _builder_version=&#8221;4.27.3&#8243; _module_preset=&#8221;default&#8221; text_text_color=&#8221;#61ffc6&#8243; text_line_height=&#8221;0em&#8221; header_3_text_color=&#8221;#00eaff&#8221; header_3_line_height=&#8221;0.3em&#8221; header_4_font=&#8221;|300|||||||&#8221; header_4_text_color=&#8221;#FFFFFF&#8221; header_4_font_size=&#8221;17px&#8221; text_orientation=&#8221;center&#8221; link_option_url=&#8221;#t10&#8243; header_3_font_size_tablet=&#8221;&#8221; header_3_font_size_phone=&#8221;&#8221; header_3_font_size_last_edited=&#8221;on|phone&#8221; header_3_line_height_tablet=&#8221;0.3em&#8221; header_3_line_height_phone=&#8221;22px&#8221; header_3_line_height_last_edited=&#8221;on|phone&#8221; global_colors_info=&#8221;{}&#8221;]<\/p>\n<h3>Ta\u00eds Oliveira<\/h3>\n<h4>Fundadora y Directora Ejecutiva del Instituto Suma\u00fama<\/h4>\n<p>Brasil<\/p>\n<p>[\/et_pb_text][et_pb_button button_url=&#8221;#t10&#8243; button_text=&#8221;VER PERFIL&#8221; button_alignment=&#8221;center&#8221; disabled_on=&#8221;off|on|on&#8221; _builder_version=&#8221;4.27.3&#8243; _module_preset=&#8221;default&#8221; custom_button=&#8221;on&#8221; button_text_size=&#8221;14px&#8221; button_text_color=&#8221;#000000&#8243; button_bg_color=&#8221;#00eaff&#8221; button_font=&#8221;|600|||||||&#8221; locked=&#8221;off&#8221; global_colors_info=&#8221;{}&#8221;][\/et_pb_button][\/et_pb_column][et_pb_column type=&#8221;1_4&#8243; _builder_version=&#8221;4.27.3&#8243; _module_preset=&#8221;default&#8221; global_colors_info=&#8221;{}&#8221;][et_pb_image src=&#8221;https:\/\/manosvisibles.org\/wp-content\/uploads\/2024\/11\/Cesar.png&#8221; url=&#8221;#t8&#8243; _builder_version=&#8221;4.27.3&#8243; _module_preset=&#8221;default&#8221; custom_margin=&#8221;||11px|||&#8221; border_radii=&#8221;on|266px|266px|266px|266px&#8221; border_width_all=&#8221;3px&#8221; border_color_all=&#8221;RGBA(255,255,255,0)&#8221; box_shadow_style=&#8221;preset5&#8243; box_shadow_vertical=&#8221;0px&#8221; box_shadow_blur=&#8221;24px&#8221; box_shadow_color=&#8221;RGBA(255,255,255,0)&#8221; global_colors_info=&#8221;{}&#8221; box_shadow_color__hover_enabled=&#8221;on|hover&#8221; box_shadow_color__hover=&#8221;#09CBFF&#8221;][\/et_pb_image][et_pb_text _builder_version=&#8221;4.27.3&#8243; _module_preset=&#8221;default&#8221; text_text_color=&#8221;#61ffc6&#8243; text_line_height=&#8221;0em&#8221; header_3_text_color=&#8221;#00eaff&#8221; header_3_line_height=&#8221;0.3em&#8221; header_4_font=&#8221;|300|||||||&#8221; header_4_text_color=&#8221;#FFFFFF&#8221; header_4_font_size=&#8221;17px&#8221; text_orientation=&#8221;center&#8221; link_option_url=&#8221;#t8&#8243; header_3_font_size_tablet=&#8221;&#8221; header_3_font_size_phone=&#8221;&#8221; header_3_font_size_last_edited=&#8221;on|phone&#8221; header_3_line_height_tablet=&#8221;0.3em&#8221; header_3_line_height_phone=&#8221;22px&#8221; header_3_line_height_last_edited=&#8221;on|phone&#8221; global_colors_info=&#8221;{}&#8221;]<\/p>\n<h3>C\u00e9sar Lins<\/h3>\n<h4>Consultor para el Banco de Desarrollo de Am\u00e9rica Latina<\/h4>\n<p>Brasil<\/p>\n<p>[\/et_pb_text][et_pb_button button_url=&#8221;#t8&#8243; button_text=&#8221;VER PERFIL&#8221; button_alignment=&#8221;center&#8221; disabled_on=&#8221;off|on|on&#8221; _builder_version=&#8221;4.27.3&#8243; _module_preset=&#8221;default&#8221; custom_button=&#8221;on&#8221; button_text_size=&#8221;14px&#8221; button_text_color=&#8221;#000000&#8243; button_bg_color=&#8221;#00eaff&#8221; button_font=&#8221;|600|||||||&#8221; locked=&#8221;off&#8221; global_colors_info=&#8221;{}&#8221;][\/et_pb_button][\/et_pb_column][\/et_pb_row][et_pb_row column_structure=&#8221;1_4,1_4,1_4,1_4&#8243; use_custom_gutter=&#8221;on&#8221; gutter_width=&#8221;2&#8243; _builder_version=&#8221;4.27.3&#8243; _module_preset=&#8221;default&#8221; width=&#8221;100%&#8221; width_tablet=&#8221;100%&#8221; width_phone=&#8221;60%&#8221; width_last_edited=&#8221;on|phone&#8221; max_width=&#8221;1236px&#8221; max_width_tablet=&#8221;1236px&#8221; max_width_phone=&#8221;1236px&#8221; max_width_last_edited=&#8221;on|phone&#8221; global_colors_info=&#8221;{}&#8221;][et_pb_column type=&#8221;1_4&#8243; _builder_version=&#8221;4.27.3&#8243; _module_preset=&#8221;default&#8221; global_colors_info=&#8221;{}&#8221;][et_pb_image src=&#8221;https:\/\/manosvisibles.org\/wp-content\/uploads\/2024\/11\/Yeison.png&#8221; url=&#8221;#t11&#8243; _builder_version=&#8221;4.27.3&#8243; _module_preset=&#8221;default&#8221; custom_margin=&#8221;||11px|||&#8221; border_radii=&#8221;on|266px|266px|266px|266px&#8221; border_width_all=&#8221;3px&#8221; border_color_all=&#8221;RGBA(255,255,255,0)&#8221; box_shadow_style=&#8221;preset5&#8243; box_shadow_vertical=&#8221;0px&#8221; box_shadow_blur=&#8221;24px&#8221; box_shadow_color=&#8221;RGBA(255,255,255,0)&#8221; global_colors_info=&#8221;{}&#8221; box_shadow_color__hover_enabled=&#8221;on|hover&#8221; box_shadow_color__hover=&#8221;#09CBFF&#8221;][\/et_pb_image][et_pb_text _builder_version=&#8221;4.27.3&#8243; _module_preset=&#8221;default&#8221; text_text_color=&#8221;#61ffc6&#8243; text_line_height=&#8221;0em&#8221; header_3_text_color=&#8221;#00eaff&#8221; header_3_line_height=&#8221;0.3em&#8221; header_4_font=&#8221;|300|||||||&#8221; header_4_text_color=&#8221;#FFFFFF&#8221; header_4_font_size=&#8221;17px&#8221; text_orientation=&#8221;center&#8221; link_option_url=&#8221;#t11&#8243; header_3_font_size_tablet=&#8221;&#8221; header_3_font_size_phone=&#8221;&#8221; header_3_font_size_last_edited=&#8221;on|phone&#8221; header_3_line_height_tablet=&#8221;0.3em&#8221; header_3_line_height_phone=&#8221;22px&#8221; header_3_line_height_last_edited=&#8221;on|phone&#8221; global_colors_info=&#8221;{}&#8221;]<\/p>\n<h3>Yeison Fernando Garc\u00eda<\/h3>\n<h4>Director Centro Cultural Espacio Afro<\/h4>\n<p>Colombia &#8211; Espa\u00f1a<\/p>\n<p>[\/et_pb_text][et_pb_button button_url=&#8221;#t11&#8243; button_text=&#8221;VER PERFIL&#8221; button_alignment=&#8221;center&#8221; disabled_on=&#8221;off|on|on&#8221; _builder_version=&#8221;4.27.3&#8243; _module_preset=&#8221;default&#8221; custom_button=&#8221;on&#8221; button_text_size=&#8221;14px&#8221; button_text_color=&#8221;#000000&#8243; button_bg_color=&#8221;#00eaff&#8221; button_font=&#8221;|600|||||||&#8221; locked=&#8221;off&#8221; global_colors_info=&#8221;{}&#8221;][\/et_pb_button][\/et_pb_column][et_pb_column type=&#8221;1_4&#8243; _builder_version=&#8221;4.27.3&#8243; _module_preset=&#8221;default&#8221; global_colors_info=&#8221;{}&#8221;][et_pb_image src=&#8221;https:\/\/manosvisibles.org\/wp-content\/uploads\/2024\/11\/Diego.png&#8221; url=&#8221;#t5&#8243; force_fullwidth=&#8221;on&#8221; _builder_version=&#8221;4.27.3&#8243; _module_preset=&#8221;default&#8221; custom_margin=&#8221;||11px|||&#8221; border_radii=&#8221;on|266px|266px|266px|266px&#8221; border_width_all=&#8221;3px&#8221; border_color_all=&#8221;RGBA(255,255,255,0)&#8221; box_shadow_style=&#8221;preset5&#8243; box_shadow_vertical=&#8221;0px&#8221; box_shadow_blur=&#8221;24px&#8221; box_shadow_color=&#8221;RGBA(255,255,255,0)&#8221; global_colors_info=&#8221;{}&#8221; box_shadow_color__hover_enabled=&#8221;on|hover&#8221; box_shadow_color__hover=&#8221;#09CBFF&#8221;][\/et_pb_image][et_pb_text _builder_version=&#8221;4.27.3&#8243; _module_preset=&#8221;default&#8221; text_text_color=&#8221;#61ffc6&#8243; text_line_height=&#8221;0em&#8221; header_3_text_color=&#8221;#00eaff&#8221; header_3_line_height=&#8221;0.3em&#8221; header_4_font=&#8221;|300|||||||&#8221; header_4_text_color=&#8221;#FFFFFF&#8221; header_4_font_size=&#8221;17px&#8221; text_orientation=&#8221;center&#8221; link_option_url=&#8221;#t5&#8243; header_3_font_size_tablet=&#8221;&#8221; header_3_font_size_phone=&#8221;&#8221; header_3_font_size_last_edited=&#8221;on|phone&#8221; header_3_line_height_tablet=&#8221;0.3em&#8221; header_3_line_height_phone=&#8221;22px&#8221; header_3_line_height_last_edited=&#8221;on|phone&#8221; global_colors_info=&#8221;{}&#8221;]<\/p>\n<h3>Diego Rodr\u00edguez<\/h3>\n<h4>Fundador de Binafi Group y Director de Programas de Finanzas y Contabilidad en la Universidad ICESI<\/h4>\n<p>Colombia<\/p>\n<p>[\/et_pb_text][et_pb_button button_url=&#8221;#t5&#8243; button_text=&#8221;VER PERFIL&#8221; button_alignment=&#8221;center&#8221; disabled_on=&#8221;off|on|on&#8221; _builder_version=&#8221;4.27.3&#8243; _module_preset=&#8221;default&#8221; custom_button=&#8221;on&#8221; button_text_size=&#8221;14px&#8221; button_text_color=&#8221;#000000&#8243; button_bg_color=&#8221;#00eaff&#8221; button_font=&#8221;|600|||||||&#8221; locked=&#8221;off&#8221; global_colors_info=&#8221;{}&#8221;][\/et_pb_button][\/et_pb_column][et_pb_column type=&#8221;1_4&#8243; _builder_version=&#8221;4.27.3&#8243; _module_preset=&#8221;default&#8221; global_colors_info=&#8221;{}&#8221;][et_pb_image src=&#8221;https:\/\/manosvisibles.org\/wp-content\/uploads\/2024\/11\/Alexander.png&#8221; url=&#8221;#t6&#8243; _builder_version=&#8221;4.27.3&#8243; _module_preset=&#8221;default&#8221; custom_margin=&#8221;||11px|||&#8221; border_radii=&#8221;on|266px|266px|266px|266px&#8221; border_width_all=&#8221;3px&#8221; border_color_all=&#8221;RGBA(255,255,255,0)&#8221; box_shadow_style=&#8221;preset5&#8243; box_shadow_vertical=&#8221;0px&#8221; box_shadow_blur=&#8221;24px&#8221; box_shadow_color=&#8221;RGBA(255,255,255,0)&#8221; global_colors_info=&#8221;{}&#8221; box_shadow_color__hover_enabled=&#8221;on|hover&#8221; box_shadow_color__hover=&#8221;#09CBFF&#8221;][\/et_pb_image][et_pb_text _builder_version=&#8221;4.27.3&#8243; _module_preset=&#8221;default&#8221; text_text_color=&#8221;#61ffc6&#8243; text_line_height=&#8221;0em&#8221; header_3_text_color=&#8221;#00eaff&#8221; header_3_line_height=&#8221;0.3em&#8221; header_4_font=&#8221;|300|||||||&#8221; header_4_text_color=&#8221;#FFFFFF&#8221; header_4_font_size=&#8221;17px&#8221; text_orientation=&#8221;center&#8221; link_option_url=&#8221;#t6&#8243; header_3_font_size_tablet=&#8221;&#8221; header_3_font_size_phone=&#8221;&#8221; header_3_font_size_last_edited=&#8221;on|phone&#8221; header_3_line_height_tablet=&#8221;0.3em&#8221; header_3_line_height_phone=&#8221;22px&#8221; header_3_line_height_last_edited=&#8221;on|phone&#8221; global_colors_info=&#8221;{}&#8221;]<\/p>\n<h3>Alexander Estacio<\/h3>\n<h4>Director de Servicios de Informaci\u00f3n y Tecnolog\u00eda en la Universidad de los Andes<\/h4>\n<p>Colombia<\/p>\n<p>[\/et_pb_text][et_pb_button button_url=&#8221;#t6&#8243; button_text=&#8221;VER PERFIL&#8221; button_alignment=&#8221;center&#8221; disabled_on=&#8221;off|on|on&#8221; _builder_version=&#8221;4.27.3&#8243; _module_preset=&#8221;default&#8221; custom_button=&#8221;on&#8221; button_text_size=&#8221;14px&#8221; button_text_color=&#8221;#000000&#8243; button_bg_color=&#8221;#00eaff&#8221; button_font=&#8221;|600|||||||&#8221; locked=&#8221;off&#8221; global_colors_info=&#8221;{}&#8221;][\/et_pb_button][\/et_pb_column][et_pb_column type=&#8221;1_4&#8243; _builder_version=&#8221;4.27.3&#8243; _module_preset=&#8221;default&#8221; global_colors_info=&#8221;{}&#8221;][et_pb_image src=&#8221;https:\/\/manosvisibles.org\/wp-content\/uploads\/2024\/11\/Jimmy.png&#8221; url=&#8221;#t7&#8243; _builder_version=&#8221;4.27.3&#8243; _module_preset=&#8221;default&#8221; custom_margin=&#8221;||11px|||&#8221; border_radii=&#8221;on|266px|266px|266px|266px&#8221; border_width_all=&#8221;3px&#8221; border_color_all=&#8221;RGBA(255,255,255,0)&#8221; box_shadow_style=&#8221;preset5&#8243; box_shadow_vertical=&#8221;0px&#8221; box_shadow_blur=&#8221;24px&#8221; box_shadow_color=&#8221;RGBA(255,255,255,0)&#8221; global_colors_info=&#8221;{}&#8221; box_shadow_color__hover_enabled=&#8221;on|hover&#8221; box_shadow_color__hover=&#8221;#09CBFF&#8221;][\/et_pb_image][et_pb_text _builder_version=&#8221;4.27.3&#8243; _module_preset=&#8221;default&#8221; text_text_color=&#8221;#61ffc6&#8243; text_line_height=&#8221;0em&#8221; header_3_text_color=&#8221;#00eaff&#8221; header_3_line_height=&#8221;0.3em&#8221; header_4_font=&#8221;|300|||||||&#8221; header_4_text_color=&#8221;#FFFFFF&#8221; header_4_font_size=&#8221;17px&#8221; text_orientation=&#8221;center&#8221; link_option_url=&#8221;#t7&#8243; header_3_font_size_tablet=&#8221;&#8221; header_3_font_size_phone=&#8221;&#8221; header_3_font_size_last_edited=&#8221;on|phone&#8221; header_3_line_height_tablet=&#8221;0.3em&#8221; header_3_line_height_phone=&#8221;22px&#8221; header_3_line_height_last_edited=&#8221;on|phone&#8221; global_colors_info=&#8221;{}&#8221;]<\/p>\n<h3>Jimmy Garc\u00eda<\/h3>\n<h4>Director de la Escuela de Rob\u00f3tica del Choc\u00f3<\/h4>\n<p>Colombia<\/p>\n<p>[\/et_pb_text][et_pb_button button_url=&#8221;#t7&#8243; button_text=&#8221;VER PERFIL&#8221; button_alignment=&#8221;center&#8221; disabled_on=&#8221;off|on|on&#8221; _builder_version=&#8221;4.27.3&#8243; _module_preset=&#8221;default&#8221; custom_button=&#8221;on&#8221; button_text_size=&#8221;14px&#8221; button_text_color=&#8221;#000000&#8243; button_bg_color=&#8221;#00eaff&#8221; button_font=&#8221;|600|||||||&#8221; locked=&#8221;off&#8221; global_colors_info=&#8221;{}&#8221;][\/et_pb_button][\/et_pb_column][\/et_pb_row][\/et_pb_section][et_pb_section fb_built=&#8221;1&#8243; _builder_version=&#8221;4.27.3&#8243; _module_preset=&#8221;default&#8221; background_enable_color=&#8221;off&#8221; background_video_mp4=&#8221;https:\/\/manosvisibles.org\/wp-content\/uploads\/2024\/11\/3129957-sd_960_540_25fps.mp4&#8243; bottom_divider_style=&#8221;arrow&#8221; bottom_divider_color=&#8221;#00eaff&#8221; bottom_divider_height=&#8221;14px&#8221; da_disable_devices=&#8221;off|off|off&#8221; global_colors_info=&#8221;{}&#8221; da_is_popup=&#8221;off&#8221; da_exit_intent=&#8221;off&#8221; da_has_close=&#8221;on&#8221; da_alt_close=&#8221;off&#8221; da_dark_close=&#8221;off&#8221; da_not_modal=&#8221;on&#8221; da_is_singular=&#8221;off&#8221; da_with_loader=&#8221;off&#8221; da_has_shadow=&#8221;on&#8221;][et_pb_row _builder_version=&#8221;4.27.3&#8243; _module_preset=&#8221;default&#8221; locked=&#8221;off&#8221; global_colors_info=&#8221;{}&#8221;][et_pb_column type=&#8221;4_4&#8243; _builder_version=&#8221;4.27.3&#8243; _module_preset=&#8221;default&#8221; global_colors_info=&#8221;{}&#8221;][et_pb_text _builder_version=&#8221;4.27.3&#8243; _module_preset=&#8221;default&#8221; text_text_color=&#8221;#61ffc6&#8243; text_font_size=&#8221;22px&#8221; header_font=&#8221;Montserrat|700|||||||&#8221; header_text_align=&#8221;center&#8221; header_text_color=&#8221;#00eaff&#8221; header_font_size=&#8221;47px&#8221; text_orientation=&#8221;center&#8221; text_font_size_tablet=&#8221;22px&#8221; text_font_size_phone=&#8221;15px&#8221; text_font_size_last_edited=&#8221;on|phone&#8221; text_line_height_tablet=&#8221;&#8221; text_line_height_phone=&#8221;16px&#8221; text_line_height_last_edited=&#8221;on|phone&#8221; header_font_size_tablet=&#8221;47px&#8221; header_font_size_phone=&#8221;25px&#8221; header_font_size_last_edited=&#8221;on|phone&#8221; global_colors_info=&#8221;{}&#8221;]<\/p>\n<h1>ACERCA DE AFROINNOVA TECH<\/h1>\n<p>Una plataforma de reflexi\u00f3n, intercambio y colaboraci\u00f3n para la movilidad social y creaci\u00f3n de nuevas narrativas sobre la di\u00e1spora africana<\/p>\n<p>[\/et_pb_text][\/et_pb_column][\/et_pb_row][et_pb_row column_structure=&#8221;1_3,1_3,1_3&#8243; make_equal=&#8221;on&#8221; _builder_version=&#8221;4.27.3&#8243; _module_preset=&#8221;default&#8221; custom_padding=&#8221;21px|||||&#8221; global_colors_info=&#8221;{}&#8221;][et_pb_column type=&#8221;1_3&#8243; _builder_version=&#8221;4.27.3&#8243; _module_preset=&#8221;default&#8221; background_color=&#8221;rgba(0,0,0,0.7)&#8221; border_width_all=&#8221;1px&#8221; border_color_all=&#8221;#00eaff&#8221; global_colors_info=&#8221;{}&#8221;][et_pb_text _builder_version=&#8221;4.27.3&#8243; _module_preset=&#8221;default&#8221; text_text_color=&#8221;#FFFFFF&#8221; text_font_size=&#8221;19px&#8221; text_line_height=&#8221;23px&#8221; header_2_font=&#8221;Montserrat|700|||||||&#8221; header_3_font=&#8221;Montserrat|700|||||||&#8221; header_3_text_color=&#8221;#00eaff&#8221; header_3_font_size=&#8221;32px&#8221; custom_padding=&#8221;22px|22px|22px|22px|true|true&#8221; border_color_all=&#8221;#00eaff&#8221; global_colors_info=&#8221;{}&#8221;]<\/p>\n<h3>PASADO<\/h3>\n<p>Tecnolog\u00eda y equidad racial<br \/>\u00bfde qu\u00e9 estamos hablando?<br \/>Tecnolog\u00edas ancestrales<br \/>La tecnolog\u00eda como pensamiento de la di\u00e1spora.<\/p>\n<p>[\/et_pb_text][\/et_pb_column][et_pb_column type=&#8221;1_3&#8243; _builder_version=&#8221;4.27.3&#8243; _module_preset=&#8221;default&#8221; background_color=&#8221;rgba(0,0,0,0.7)&#8221; border_width_all=&#8221;1px&#8221; border_color_all=&#8221;#00eaff&#8221; global_colors_info=&#8221;{}&#8221;][et_pb_text _builder_version=&#8221;4.27.3&#8243; _module_preset=&#8221;default&#8221; text_text_color=&#8221;#FFFFFF&#8221; text_font_size=&#8221;19px&#8221; text_line_height=&#8221;23px&#8221; header_2_font=&#8221;Montserrat|700|||||||&#8221; header_3_font=&#8221;Montserrat|700|||||||&#8221; header_3_text_color=&#8221;#00eaff&#8221; header_3_font_size=&#8221;32px&#8221; custom_padding=&#8221;22px|22px|22px|22px|true|true&#8221; border_color_all=&#8221;#00eaff&#8221; global_colors_info=&#8221;{}&#8221;]<\/p>\n<h3>PRESENTE<\/h3>\n<p>La realidad diasp\u00f3rica de la tecnolog\u00eda<br \/>\u00bfCu\u00e1les son las tecnolog\u00edas de la di\u00e1spora?<br \/>Modelos tecnol\u00f3gicos para la equidad racial<br \/>(experiencias y pr\u00e1cticas de la di\u00e1spora)<\/p>\n<p>[\/et_pb_text][\/et_pb_column][et_pb_column type=&#8221;1_3&#8243; _builder_version=&#8221;4.27.3&#8243; _module_preset=&#8221;default&#8221; background_color=&#8221;rgba(0,0,0,0.7)&#8221; border_width_all=&#8221;1px&#8221; border_color_all=&#8221;#00eaff&#8221; global_colors_info=&#8221;{}&#8221;][et_pb_text _builder_version=&#8221;4.27.3&#8243; _module_preset=&#8221;default&#8221; text_text_color=&#8221;#FFFFFF&#8221; text_font_size=&#8221;19px&#8221; text_line_height=&#8221;23px&#8221; header_2_font=&#8221;Montserrat|700|||||||&#8221; header_3_font=&#8221;Montserrat|700|||||||&#8221; header_3_text_color=&#8221;#00eaff&#8221; header_3_font_size=&#8221;32px&#8221; custom_padding=&#8221;22px|22px|22px|22px|true|true&#8221; border_color_all=&#8221;#00eaff&#8221; global_colors_info=&#8221;{}&#8221;]<\/p>\n<h3>FUTURO<\/h3>\n<p>El poder tecnol\u00f3gico de la di\u00e1spora en inclusi\u00f3n financiera, talento diverso tech, ciberseguridad y cultura.<br \/>Reimaginando nuestros nuevos futuros tecnol\u00f3gicos<\/p>\n<p>[\/et_pb_text][\/et_pb_column][\/et_pb_row][et_pb_row _builder_version=&#8221;4.27.3&#8243; _module_preset=&#8221;default&#8221; global_colors_info=&#8221;{}&#8221;][et_pb_column type=&#8221;4_4&#8243; _builder_version=&#8221;4.27.3&#8243; _module_preset=&#8221;default&#8221; global_colors_info=&#8221;{}&#8221;][et_pb_text _builder_version=&#8221;4.27.3&#8243; _module_preset=&#8221;default&#8221; text_text_color=&#8221;#61ffc6&#8243; text_font_size=&#8221;29px&#8221; text_line_height=&#8221;32px&#8221; text_orientation=&#8221;center&#8221; text_font_size_tablet=&#8221;29px&#8221; text_font_size_phone=&#8221;15px&#8221; text_font_size_last_edited=&#8221;on|phone&#8221; text_line_height_tablet=&#8221;32px&#8221; text_line_height_phone=&#8221;16px&#8221; text_line_height_last_edited=&#8221;on|phone&#8221; global_colors_info=&#8221;{}&#8221;]<\/p>\n<p>\u00bfCu\u00e1l es la agenda que debemos promover para encontrar los c\u00f3digos necesarios que generen mejores futuros?<br \/>\u00bfPara qu\u00e9, reunirnos?<\/p>\n<p>[\/et_pb_text][\/et_pb_column][\/et_pb_row][et_pb_row _builder_version=&#8221;4.27.3&#8243; _module_preset=&#8221;default&#8221; global_colors_info=&#8221;{}&#8221;][et_pb_column type=&#8221;4_4&#8243; _builder_version=&#8221;4.27.3&#8243; _module_preset=&#8221;default&#8221; global_colors_info=&#8221;{}&#8221;][et_pb_code _builder_version=&#8221;4.27.3&#8243; _module_preset=&#8221;default&#8221; global_colors_info=&#8221;{}&#8221;]<\/p>\n<div style=\"position:relative;padding-top:max(60%,326px);height:0;width:100%\"><iframe allow=\"clipboard-write\" sandbox=\"allow-top-navigation allow-top-navigation-by-user-activation allow-downloads allow-scripts allow-same-origin allow-popups allow-modals allow-popups-to-escape-sandbox allow-forms\" allowfullscreen=\"true\" style=\"position:absolute;border:none;width:100%;height:100%;left:0;right:0;top:0;bottom:0;\" src=\"https:\/\/e.issuu.com\/embed.html?d=afroinnova_tech_24_-_documento_conceptual-6&#038;u=manosvisibles\"><\/iframe><\/div>\n<p>[\/et_pb_code][\/et_pb_column][\/et_pb_row][\/et_pb_section][et_pb_section fb_built=&#8221;1&#8243; _builder_version=&#8221;4.27.3&#8243; _module_preset=&#8221;default&#8221; background_color=&#8221;#000000&#8243; background_image=&#8221;https:\/\/manosvisibles.org\/wp-content\/uploads\/2024\/11\/fondo-perfiles-01a.png&#8221; parallax=&#8221;on&#8221; parallax_method=&#8221;off&#8221; background_enable_video_mp4=&#8221;off&#8221; bottom_divider_style=&#8221;arrow&#8221; bottom_divider_color=&#8221;#00eaff&#8221; bottom_divider_height=&#8221;14px&#8221; da_disable_devices=&#8221;off|off|off&#8221; global_colors_info=&#8221;{}&#8221; da_is_popup=&#8221;off&#8221; da_exit_intent=&#8221;off&#8221; da_has_close=&#8221;on&#8221; da_alt_close=&#8221;off&#8221; da_dark_close=&#8221;off&#8221; da_not_modal=&#8221;on&#8221; da_is_singular=&#8221;off&#8221; da_with_loader=&#8221;off&#8221; da_has_shadow=&#8221;on&#8221;][et_pb_row _builder_version=&#8221;4.27.3&#8243; _module_preset=&#8221;default&#8221; locked=&#8221;off&#8221; global_colors_info=&#8221;{}&#8221;][et_pb_column type=&#8221;4_4&#8243; _builder_version=&#8221;4.27.3&#8243; _module_preset=&#8221;default&#8221; global_colors_info=&#8221;{}&#8221;][et_pb_text _builder_version=&#8221;4.27.4&#8243; _module_preset=&#8221;default&#8221; text_text_color=&#8221;#61ffc6&#8243; text_font_size=&#8221;22px&#8221; header_font=&#8221;Montserrat|700|||||||&#8221; header_text_align=&#8221;center&#8221; header_text_color=&#8221;#00eaff&#8221; header_font_size=&#8221;47px&#8221; text_orientation=&#8221;center&#8221; text_font_size_tablet=&#8221;22px&#8221; text_font_size_phone=&#8221;15px&#8221; text_font_size_last_edited=&#8221;on|phone&#8221; text_line_height_tablet=&#8221;&#8221; text_line_height_phone=&#8221;16px&#8221; text_line_height_last_edited=&#8221;on|phone&#8221; header_font_size_tablet=&#8221;47px&#8221; header_font_size_phone=&#8221;25px&#8221; header_font_size_last_edited=&#8221;on|phone&#8221; locked=&#8221;off&#8221; global_colors_info=&#8221;{}&#8221;]<\/p>\n<h1>BLACK SMART CITIES<\/h1>\n<p>[\/et_pb_text][\/et_pb_column][\/et_pb_row][et_pb_row disabled_on=&#8221;on|off|off&#8221; _builder_version=&#8221;4.27.3&#8243; _module_preset=&#8221;default&#8221; width=&#8221;100%&#8221; width_tablet=&#8221;&#8221; width_phone=&#8221;93%&#8221; width_last_edited=&#8221;on|phone&#8221; max_width=&#8221;1120px&#8221; locked=&#8221;off&#8221; global_colors_info=&#8221;{}&#8221;][et_pb_column type=&#8221;4_4&#8243; _builder_version=&#8221;4.25.1&#8243; _module_preset=&#8221;default&#8221; global_colors_info=&#8221;{}&#8221;][pac_dtm_parent pac_dtm_position_ph_one=&#8221;horizontal&#8221; pac_dtm_full_width=&#8221;on&#8221; pac_dtm_bg_skew=&#8221;on&#8221; pac_dtm_bg_skew_style=&#8221;shape6&#8243; pac_dtm_full_width_gap=&#8221;13px&#8221; pac_dtm_active_tab_pointer=&#8221;on&#8221; pac_dtm_active_tab_pointer_size=&#8221;24px&#8221; pac_dtm_active_tab_pointer_color=&#8221;#00eaff&#8221; pac_dtm_active_tab_background_color=&#8221;#00eaff&#8221; pac_dtm_inactive_tab_background_color=&#8221;#215a71&#8243; pac_dtm_content_bg_color=&#8221;RGBA(255,255,255,0)&#8221; pac_dtm_tabs_container_line_size=&#8221;1px&#8221; pac_dtm_tabs_container_bg_color=&#8221;RGBA(255,255,255,0)&#8221; _builder_version=&#8221;4.27.4&#8243; _module_preset=&#8221;default&#8221; pac_dtm_tab_title_fonts_font=&#8221;|700|||||||&#8221; pac_dtm_tab_title_fonts_text_align=&#8221;center&#8221; pac_dtm_tab_title_fonts_text_color=&#8221;#FFFFFF&#8221; pac_dtm_tab_title_fonts_font_size=&#8221;22px&#8221; pac_dtm_tab_subtitle_fonts_text_align=&#8221;center&#8221; pac_dtm_tab_subtitle_fonts_text_color=&#8221;#FFFFFF&#8221; pac_dtm_active_tab_title_fonts_font=&#8221;|700|||||||&#8221; pac_dtm_active_tab_title_fonts_text_align=&#8221;center&#8221; pac_dtm_active_tab_title_fonts_text_color=&#8221;#000000&#8243; pac_dtm_active_tab_title_fonts_font_size=&#8221;23px&#8221; pac_dtm_active_tab_subtitle_fonts_font=&#8221;||||||||&#8221; pac_dtm_active_tab_subtitle_fonts_text_color=&#8221;#000000&#8243; global_colors_info=&#8221;{}&#8221; pac_dtm_inactive_tab_background_color__hover_enabled=&#8221;on|desktop&#8221; pac_dtm_inactive_tab_background_color__hover=&#8221;#00eaff&#8221; pac_dtm_tab_title_fonts_text_color__hover_enabled=&#8221;on|hover&#8221; pac_dtm_tab_title_fonts_text_color__hover=&#8221;#000000&#8243; pac_dtm_tab_subtitle_fonts_text_color__hover_enabled=&#8221;on|hover&#8221; pac_dtm_tab_subtitle_fonts_text_color__hover=&#8221;#000000&#8243;][pac_dtm_child pac_dtm_tab_label=&#8221;Quibd\u00f3&#8221; pac_dtm_show_subtitle=&#8221;on&#8221; pac_dtm_tab_sublabel=&#8221;Black Smart City de Colombia&#8221; _builder_version=&#8221;4.27.4&#8243; _module_preset=&#8221;default&#8221; global_colors_info=&#8221;{}&#8221;]<\/p>\n<p><iframe title=\"Foro Afroinnova Tech: Decodificando el Futuro\" width=\"1080\" height=\"608\" src=\"https:\/\/www.youtube.com\/embed\/lWlf_qItpJ8?list=PLnNy3rtjkeLrZPUxhrw6ZrpylgC1b6ke-\"  allow=\"accelerometer; autoplay; clipboard-write; encrypted-media; gyroscope; picture-in-picture; web-share\" referrerpolicy=\"strict-origin-when-cross-origin\" allowfullscreen><\/iframe><\/p>\n<p>[\/pac_dtm_child][pac_dtm_child pac_dtm_tab_label=&#8221;Medell\u00edn&#8221; pac_dtm_show_subtitle=&#8221;on&#8221; pac_dtm_tab_sublabel=&#8221;Una de las ciudades m\u00e1s innovadoras del mundo&#8221; _builder_version=&#8221;4.27.4&#8243; _module_preset=&#8221;default&#8221; global_colors_info=&#8221;{}&#8221;]<\/p>\n<p><iframe title=\"Afroinnova Tech en Medell\u00edn\" width=\"1080\" height=\"608\" src=\"https:\/\/www.youtube.com\/embed\/FwfpFJot5OI?feature=oembed\"  allow=\"accelerometer; autoplay; clipboard-write; encrypted-media; gyroscope; picture-in-picture; web-share\" referrerpolicy=\"strict-origin-when-cross-origin\" allowfullscreen><\/iframe><\/p>\n<p>[\/pac_dtm_child][\/pac_dtm_parent][et_pb_text _builder_version=&#8221;4.27.4&#8243; _module_preset=&#8221;default&#8221; text_font=&#8221;Montserrat|300|||||||&#8221; text_text_color=&#8221;#FFFFFF&#8221; text_font_size=&#8221;21px&#8221; global_colors_info=&#8221;{}&#8221;]<\/p>\n<p>El evento culmin\u00f3 con reflexiones profundas sobre c\u00f3mo la tecnolog\u00eda puede ser una herramienta clave para enfrentar los retos urgentes y generar una transformaci\u00f3n generacional. A lo largo del encuentro, se exploraron cinco ejes fundamentales: inteligencia financiera para la sostenibilidad, intercambios entre \u00c1frica y Am\u00e9rica Latina, educaci\u00f3n digital desde la infancia hasta los posgrados, y el fortalecimiento de alianzas estrat\u00e9gicas entre Colombia y Brasil, todo impulsando una agenda de innovaci\u00f3n tecnol\u00f3gica que busca soluciones para un futuro inclusivo.<\/p>\n<p>[\/et_pb_text][\/et_pb_column][\/et_pb_row][et_pb_row column_structure=&#8221;1_2,1_2&#8243; make_equal=&#8221;on&#8221; disabled_on=&#8221;on|on|on&#8221; _builder_version=&#8221;4.27.3&#8243; _module_preset=&#8221;default&#8221; width=&#8221;100%&#8221; max_width=&#8221;1272px&#8221; custom_padding=&#8221;21px|||||&#8221; disabled=&#8221;on&#8221; global_colors_info=&#8221;{}&#8221;][et_pb_column type=&#8221;1_2&#8243; _builder_version=&#8221;4.27.3&#8243; _module_preset=&#8221;default&#8221; background_color=&#8221;rgba(0,0,0,0.7)&#8221; custom_padding=&#8221;||20px||false|false&#8221; border_width_all=&#8221;1px&#8221; border_color_all=&#8221;#00eaff&#8221; global_colors_info=&#8221;{}&#8221;][et_pb_text _builder_version=&#8221;4.27.3&#8243; _module_preset=&#8221;default&#8221; text_text_color=&#8221;#FFFFFF&#8221; text_font_size=&#8221;19px&#8221; text_line_height=&#8221;23px&#8221; header_2_font=&#8221;Montserrat|700|||||||&#8221; header_3_font=&#8221;Montserrat|700|||||||&#8221; header_3_text_color=&#8221;#00eaff&#8221; header_3_font_size=&#8221;32px&#8221; custom_margin=&#8221;||20px||false|false&#8221; custom_padding=&#8221;22px|22px|0px|22px|false|true&#8221; border_color_all=&#8221;#00eaff&#8221; global_colors_info=&#8221;{}&#8221;]<\/p>\n<h3>Quibd\u00f3<\/h3>\n<p>Black Smart City de Colombia<\/p>\n<p>[\/et_pb_text][et_pb_video src=&#8221;https:\/\/manosvisibles.org\/wp-content\/uploads\/2024\/11\/Quibdo.mp4&#8243; _builder_version=&#8221;4.27.3&#8243; _module_preset=&#8221;default&#8221; width=&#8221;57%&#8221; module_alignment=&#8221;center&#8221; custom_margin=&#8221;0px||||false|false&#8221; custom_padding=&#8221;0px||||false|false&#8221; global_colors_info=&#8221;{}&#8221;][\/et_pb_video][\/et_pb_column][et_pb_column type=&#8221;1_2&#8243; _builder_version=&#8221;4.27.3&#8243; _module_preset=&#8221;default&#8221; background_color=&#8221;rgba(0,0,0,0.7)&#8221; border_width_all=&#8221;1px&#8221; border_color_all=&#8221;#00eaff&#8221; global_colors_info=&#8221;{}&#8221;][et_pb_text _builder_version=&#8221;4.27.3&#8243; _module_preset=&#8221;default&#8221; text_text_color=&#8221;#FFFFFF&#8221; text_font_size=&#8221;19px&#8221; text_line_height=&#8221;23px&#8221; header_2_font=&#8221;Montserrat|700|||||||&#8221; header_3_font=&#8221;Montserrat|700|||||||&#8221; header_3_text_color=&#8221;#00eaff&#8221; header_3_font_size=&#8221;32px&#8221; custom_margin=&#8221;0px||20px||false|false&#8221; custom_padding=&#8221;22px|22px|0px|22px|false|true&#8221; border_color_all=&#8221;#00eaff&#8221; global_colors_info=&#8221;{}&#8221;]<\/p>\n<h3>Medell\u00edn<\/h3>\n<p>Una de las ciudades m\u00e1s innovadoras del mundo<\/p>\n<p>[\/et_pb_text][et_pb_video src=&#8221;https:\/\/manosvisibles.org\/wp-content\/uploads\/2024\/11\/Medellin.mp4&#8243; _builder_version=&#8221;4.27.3&#8243; _module_preset=&#8221;default&#8221; width=&#8221;57%&#8221; module_alignment=&#8221;center&#8221; custom_margin=&#8221;0px||||false|false&#8221; custom_padding=&#8221;0px||||false|false&#8221; global_colors_info=&#8221;{}&#8221;][\/et_pb_video][\/et_pb_column][\/et_pb_row][\/et_pb_section][et_pb_section fb_built=&#8221;1&#8243; custom_padding_last_edited=&#8221;on|phone&#8221; _builder_version=&#8221;4.27.3&#8243; _module_preset=&#8221;default&#8221; background_color=&#8221;#000000&#8243; background_image=&#8221;https:\/\/manosvisibles.org\/wp-content\/uploads\/2024\/11\/fondo-perfiles-01a.png&#8221; parallax=&#8221;on&#8221; parallax_method=&#8221;off&#8221; custom_margin_tablet=&#8221;&#8221; custom_margin_phone=&#8221;0px||0px||false|false&#8221; custom_margin_last_edited=&#8221;on|phone&#8221; custom_padding_tablet=&#8221;&#8221; custom_padding_phone=&#8221;0px||0px||false|false&#8221; top_divider_color=&#8221;#00eaff&#8221; top_divider_height=&#8221;14px&#8221; bottom_divider_style=&#8221;arrow&#8221; bottom_divider_color=&#8221;#00eaff&#8221; bottom_divider_height=&#8221;13px&#8221; bottom_divider_repeat=&#8221;1x&#8221; da_disable_devices=&#8221;off|off|off&#8221; locked=&#8221;off&#8221; global_colors_info=&#8221;{}&#8221; da_is_popup=&#8221;off&#8221; da_exit_intent=&#8221;off&#8221; da_has_close=&#8221;on&#8221; da_alt_close=&#8221;off&#8221; da_dark_close=&#8221;off&#8221; da_not_modal=&#8221;on&#8221; da_is_singular=&#8221;off&#8221; da_with_loader=&#8221;off&#8221; da_has_shadow=&#8221;on&#8221;][et_pb_row _builder_version=&#8221;4.27.3&#8243; _module_preset=&#8221;default&#8221; global_colors_info=&#8221;{}&#8221;][et_pb_column type=&#8221;4_4&#8243; _builder_version=&#8221;4.27.3&#8243; _module_preset=&#8221;default&#8221; global_colors_info=&#8221;{}&#8221;][et_pb_text _builder_version=&#8221;4.27.3&#8243; _module_preset=&#8221;default&#8221; text_text_color=&#8221;#61ffc6&#8243; text_font_size=&#8221;22px&#8221; header_font=&#8221;Montserrat|700|||||||&#8221; header_text_align=&#8221;center&#8221; header_text_color=&#8221;#00eaff&#8221; header_font_size=&#8221;47px&#8221; text_orientation=&#8221;center&#8221; text_font_size_tablet=&#8221;22px&#8221; text_font_size_phone=&#8221;15px&#8221; text_font_size_last_edited=&#8221;on|phone&#8221; text_line_height_tablet=&#8221;&#8221; text_line_height_phone=&#8221;16px&#8221; text_line_height_last_edited=&#8221;on|phone&#8221; header_font_size_tablet=&#8221;47px&#8221; header_font_size_phone=&#8221;25px&#8221; header_font_size_last_edited=&#8221;on|phone&#8221; global_colors_info=&#8221;{}&#8221;]<\/p>\n<h1>AGENDA GENERAL<\/h1>\n<p>26 \u2013 30 NOV 2024<\/p>\n<p>[\/et_pb_text][\/et_pb_column][\/et_pb_row][et_pb_row _builder_version=&#8221;4.27.3&#8243; _module_preset=&#8221;default&#8221; width=&#8221;100%&#8221; width_tablet=&#8221;&#8221; width_phone=&#8221;93%&#8221; width_last_edited=&#8221;on|phone&#8221; max_width=&#8221;1120px&#8221; global_colors_info=&#8221;{}&#8221;][et_pb_column type=&#8221;4_4&#8243; _builder_version=&#8221;4.25.1&#8243; _module_preset=&#8221;default&#8221; global_colors_info=&#8221;{}&#8221;][pac_dtm_parent pac_dtm_full_width=&#8221;on&#8221; pac_dtm_bg_skew=&#8221;on&#8221; pac_dtm_bg_skew_style=&#8221;shape6&#8243; pac_dtm_full_width_gap=&#8221;13px&#8221; pac_dtm_active_tab_pointer=&#8221;on&#8221; pac_dtm_active_tab_pointer_size=&#8221;18px&#8221; pac_dtm_active_tab_pointer_color=&#8221;#00eaff&#8221; pac_dtm_active_tab_background_color=&#8221;#00eaff&#8221; pac_dtm_inactive_tab_background_color=&#8221;#215a71&#8243; pac_dtm_content_bg_color=&#8221;RGBA(255,255,255,0)&#8221; pac_dtm_tabs_container_line_size=&#8221;1px&#8221; pac_dtm_tabs_container_bg_color=&#8221;RGBA(255,255,255,0)&#8221; _builder_version=&#8221;4.27.4&#8243; _module_preset=&#8221;default&#8221; pac_dtm_tab_content_fonts_font=&#8221;|300|||||||&#8221; pac_dtm_tab_content_fonts_text_color=&#8221;#61ffc6&#8243; pac_dtm_tab_content_fonts_font_size=&#8221;19px&#8221; pac_dtm_tab_title_fonts_font=&#8221;|700|||||||&#8221; pac_dtm_tab_title_fonts_text_align=&#8221;center&#8221; pac_dtm_tab_title_fonts_text_color=&#8221;#FFFFFF&#8221; pac_dtm_tab_title_fonts_font_size=&#8221;16px&#8221; pac_dtm_tab_title_fonts_line_height=&#8221;17px&#8221; pac_dtm_active_tab_title_fonts_font=&#8221;|700|||||||&#8221; pac_dtm_active_tab_title_fonts_text_align=&#8221;center&#8221; pac_dtm_active_tab_title_fonts_text_color=&#8221;#000000&#8243; pac_dtm_active_tab_title_fonts_font_size=&#8221;16px&#8221; pac_dtm_active_tab_subtitle_fonts_font=&#8221;||||||||&#8221; global_colors_info=&#8221;{}&#8221; pac_dtm_inactive_tab_background_color__hover_enabled=&#8221;on|hover&#8221; pac_dtm_inactive_tab_background_color__hover=&#8221;#00eaff&#8221;][pac_dtm_child pac_dtm_tab_label=&#8221;Martes 26 de noviembre (Medell\u00edn)&#8221; _builder_version=&#8221;4.27.4&#8243; _module_preset=&#8221;default&#8221; global_colors_info=&#8221;{}&#8221;]<\/p>\n<ul>\n<li>12:00 PM Llegada de invitados a Colombia<\/li>\n<\/ul>\n<p>[\/pac_dtm_child][pac_dtm_child pac_dtm_tab_label=&#8221;Mi\u00e9rcoles 27 de noviembre (Quibd\u00f3)&#8221; _builder_version=&#8221;4.27.4&#8243; _module_preset=&#8221;default&#8221; global_colors_info=&#8221;{}&#8221;]<\/p>\n<ul>\n<li>10:00 AM Recorrido Quibd\u00f3 Black Smart City<\/li>\n<li>2:00 PM Foro Afroinnova Tech: Decodificando El Futuro<\/li>\n<li>7:00 PM Cena Mujeres Visibles<\/li>\n<\/ul>\n<p>[\/pac_dtm_child][pac_dtm_child pac_dtm_tab_label=&#8221;Jueves 28 de noviembre (Quibd\u00f3)&#8221; _builder_version=&#8221;4.27.4&#8243; _module_preset=&#8221;default&#8221; global_colors_info=&#8221;{}&#8221;]<\/p>\n<ul>\n<li>8:00 AM Afroinnova Future Labs<\/li>\n<\/ul>\n<p>[\/pac_dtm_child][pac_dtm_child pac_dtm_tab_label=&#8221;Viernes 27 de noviembre (Medell\u00edn)&#8221; _builder_version=&#8221;4.27.4&#8243; _module_preset=&#8221;default&#8221; global_colors_info=&#8221;{}&#8221;]<\/p>\n<ul>\n<li>8:00 AM Sesi\u00f3n de trabajo \u00bfQui\u00e9n soy yo?, \u00bfqu\u00e9 hago?, \u00bfcu\u00e1l es el futuro que estoy construyendo?<\/li>\n<li>2:00 PM Sesi\u00f3n de trabajo y reflexiones<\/li>\n<\/ul>\n<p>[\/pac_dtm_child][pac_dtm_child pac_dtm_tab_label=&#8221;S\u00e1bado 30 de noviembre (Medell\u00edn)&#8221; _builder_version=&#8221;4.27.3&#8243; _module_preset=&#8221;default&#8221; global_colors_info=&#8221;{}&#8221;]<\/p>\n<ul>\n<li>8:30 AM Visita C\u00f3digo 13 y conclusiones finales<\/li>\n<\/ul>\n<p>[\/pac_dtm_child][\/pac_dtm_parent][\/et_pb_column][\/et_pb_row][et_pb_row use_custom_gutter=&#8221;on&#8221; gutter_width=&#8221;1&#8243; disabled_on=&#8221;on|off|off&#8221; _builder_version=&#8221;4.27.4&#8243; _module_preset=&#8221;default&#8221; width=&#8221;65%&#8221; width_tablet=&#8221;&#8221; width_phone=&#8221;93%&#8221; width_last_edited=&#8221;on|phone&#8221; max_width=&#8221;1120px&#8221; custom_margin=&#8221;0px||||false|false&#8221; custom_padding=&#8221;0px||||false|false&#8221; locked=&#8221;off&#8221; global_colors_info=&#8221;{}&#8221;][et_pb_column type=&#8221;4_4&#8243; _builder_version=&#8221;4.27.4&#8243; _module_preset=&#8221;default&#8221; global_colors_info=&#8221;{}&#8221;][et_pb_button button_url=&#8221;https:\/\/www.facebook.com\/share\/15S4Ppd83C\/&#8221; url_new_window=&#8221;on&#8221; button_text=&#8221;REVIVE EL EVENTO AQU\u00cd&#8221; button_alignment=&#8221;center&#8221; _builder_version=&#8221;4.27.4&#8243; _module_preset=&#8221;default&#8221; custom_button=&#8221;on&#8221; button_text_size=&#8221;26px&#8221; button_text_color=&#8221;#000000&#8243; button_bg_color=&#8221;#00eaff&#8221; button_border_width=&#8221;0px&#8221; button_font=&#8221;|700|||||||&#8221; button_use_icon=&#8221;off&#8221; button_text_size_tablet=&#8221;26px&#8221; button_text_size_phone=&#8221;19px&#8221; button_text_size_last_edited=&#8221;on|phone&#8221; box_shadow_style=&#8221;preset1&#8243; box_shadow_color=&#8221;#FFFFFF&#8221; global_colors_info=&#8221;{}&#8221; button_text_size__hover_enabled=&#8221;on|desktop&#8221; button_bg_color__hover=&#8221;#61ffc6&#8243; button_bg_color__hover_enabled=&#8221;on|desktop&#8221; button_text_size__hover=&#8221;26px&#8221;][\/et_pb_button][\/et_pb_column][\/et_pb_row][\/et_pb_section][et_pb_section fb_built=&#8221;1&#8243; custom_padding_last_edited=&#8221;on|phone&#8221; _builder_version=&#8221;4.27.3&#8243; _module_preset=&#8221;default&#8221; background_color=&#8221;#000000&#8243; background_image=&#8221;https:\/\/manosvisibles.org\/wp-content\/uploads\/2024\/11\/fondo-perfiles-01a.png&#8221; parallax=&#8221;on&#8221; parallax_method=&#8221;off&#8221; custom_margin_tablet=&#8221;&#8221; custom_margin_phone=&#8221;0px||0px||false|false&#8221; custom_margin_last_edited=&#8221;on|phone&#8221; custom_padding_tablet=&#8221;&#8221; custom_padding_phone=&#8221;0px||0px||false|false&#8221; top_divider_color=&#8221;#00eaff&#8221; top_divider_height=&#8221;14px&#8221; bottom_divider_color=&#8221;#00eaff&#8221; bottom_divider_height=&#8221;13px&#8221; bottom_divider_repeat=&#8221;1x&#8221; da_disable_devices=&#8221;off|off|off&#8221; locked=&#8221;off&#8221; global_colors_info=&#8221;{}&#8221; da_is_popup=&#8221;off&#8221; da_exit_intent=&#8221;off&#8221; da_has_close=&#8221;on&#8221; da_alt_close=&#8221;off&#8221; da_dark_close=&#8221;off&#8221; da_not_modal=&#8221;on&#8221; da_is_singular=&#8221;off&#8221; da_with_loader=&#8221;off&#8221; da_has_shadow=&#8221;on&#8221;][et_pb_row _builder_version=&#8221;4.27.3&#8243; _module_preset=&#8221;default&#8221; global_colors_info=&#8221;{}&#8221;][et_pb_column type=&#8221;4_4&#8243; _builder_version=&#8221;4.27.3&#8243; _module_preset=&#8221;default&#8221; global_colors_info=&#8221;{}&#8221;][et_pb_text _builder_version=&#8221;4.27.3&#8243; _module_preset=&#8221;default&#8221; text_text_color=&#8221;#61ffc6&#8243; text_font_size=&#8221;22px&#8221; header_font=&#8221;Montserrat|700|||||||&#8221; header_text_align=&#8221;center&#8221; header_text_color=&#8221;#00eaff&#8221; header_font_size=&#8221;33px&#8221; text_orientation=&#8221;center&#8221; text_font_size_tablet=&#8221;22px&#8221; text_font_size_phone=&#8221;15px&#8221; text_font_size_last_edited=&#8221;on|phone&#8221; text_line_height_tablet=&#8221;&#8221; text_line_height_phone=&#8221;16px&#8221; text_line_height_last_edited=&#8221;on|phone&#8221; header_font_size_tablet=&#8221;47px&#8221; header_font_size_phone=&#8221;25px&#8221; header_font_size_last_edited=&#8221;on|phone&#8221; global_colors_info=&#8221;{}&#8221;]<\/p>\n<h1>UNA D\u00c9CADA DE INNOVACI\u00d3N COMUNITARIA PARA EL AVANCE DE LA DI\u00c1SPORA AFRICANA EN EL MUNDO<\/h1>\n<p>AFROINNOVA impulsa el poder de la innovaci\u00f3n comunitaria al conectar l\u00edderes, iniciativas y experiencias de toda la di\u00e1spora africana. Creado por Manos Visibles en 2015, este espacio reconoce la necesidad fundamental de que \u00c1frica y su di\u00e1spora se levanten como una nueva potencia global: \u00c1frica como pueblo, \u00c1frica como territorio.<\/p>\n<p>[\/et_pb_text][\/et_pb_column][\/et_pb_row][et_pb_row column_structure=&#8221;1_3,1_3,1_3&#8243; _builder_version=&#8221;4.27.3&#8243; _module_preset=&#8221;default&#8221; global_colors_info=&#8221;{}&#8221;][et_pb_column type=&#8221;1_3&#8243; _builder_version=&#8221;4.27.3&#8243; _module_preset=&#8221;default&#8221; global_colors_info=&#8221;{}&#8221;][et_pb_blurb title=&#8221;El poder de la di\u00e1spora. Relator\u00eda 1er Encuentro Afroinnova (2016)&#8221; image=&#8221;https:\/\/manosvisibles.org\/wp-content\/uploads\/2024\/11\/afroinnova_1.jpg&#8221; _builder_version=&#8221;4.27.3&#8243; _module_preset=&#8221;default&#8221; header_text_color=&#8221;#00eaff&#8221; animation=&#8221;off&#8221; link_option_url=&#8221;https:\/\/issuu.com\/manosvisibles\/docs\/afroinnova_-_1er._encuentro_-_espa_&#8221; link_option_url_new_window=&#8221;on&#8221; box_shadow_style=&#8221;preset1&#8243; box_shadow_color=&#8221;RGBA(255,255,255,0)&#8221; box_shadow_style_image=&#8221;preset1&#8243; box_shadow_color_image=&#8221;RGBA(255,255,255,0)&#8221; global_colors_info=&#8221;{}&#8221; box_shadow_color_image__hover_enabled=&#8221;on|hover&#8221; box_shadow_color_image__hover=&#8221;#00eaff&#8221;][\/et_pb_blurb][\/et_pb_column][et_pb_column type=&#8221;1_3&#8243; _builder_version=&#8221;4.27.3&#8243; _module_preset=&#8221;default&#8221; global_colors_info=&#8221;{}&#8221;][et_pb_blurb title=&#8221;La tecnolog\u00eda de la di\u00e1spora: Inspiraci\u00f3n y aspiraci\u00f3n: II Relator\u00eda (2017)&#8221; image=&#8221;https:\/\/manosvisibles.org\/wp-content\/uploads\/2024\/11\/afroinnova_2a.jpg&#8221; _builder_version=&#8221;4.27.3&#8243; _module_preset=&#8221;default&#8221; header_text_color=&#8221;#00eaff&#8221; animation=&#8221;off&#8221; link_option_url=&#8221;https:\/\/issuu.com\/manosvisibles\/docs\/relatoria-afroinnova-espan__ol&#8221; link_option_url_new_window=&#8221;on&#8221; box_shadow_style=&#8221;preset1&#8243; box_shadow_color=&#8221;RGBA(255,255,255,0)&#8221; box_shadow_style_image=&#8221;preset1&#8243; box_shadow_color_image=&#8221;RGBA(255,255,255,0)&#8221; global_colors_info=&#8221;{}&#8221; box_shadow_color_image__hover_enabled=&#8221;on|hover&#8221; box_shadow_color_image__hover=&#8221;#00eaff&#8221;][\/et_pb_blurb][\/et_pb_column][et_pb_column type=&#8221;1_3&#8243; _builder_version=&#8221;4.27.3&#8243; _module_preset=&#8221;default&#8221; global_colors_info=&#8221;{}&#8221;][et_pb_blurb title=&#8221;Afroprospectiva. Espejos y Reflejos de \u00c1frica y su Di\u00e1spora. (2017)&#8221; image=&#8221;https:\/\/manosvisibles.org\/wp-content\/uploads\/2024\/11\/afroinnova_3.jpg&#8221; _builder_version=&#8221;4.27.3&#8243; _module_preset=&#8221;default&#8221; header_text_color=&#8221;#00eaff&#8221; animation=&#8221;off&#8221; link_option_url=&#8221;https:\/\/issuu.com\/manosvisibles\/docs\/afroinnova-3-2018-baja-7&#8243; link_option_url_new_window=&#8221;on&#8221; box_shadow_style=&#8221;preset1&#8243; box_shadow_color=&#8221;RGBA(255,255,255,0)&#8221; box_shadow_style_image=&#8221;preset1&#8243; box_shadow_color_image=&#8221;RGBA(255,255,255,0)&#8221; global_colors_info=&#8221;{}&#8221; box_shadow_color_image__hover_enabled=&#8221;on|hover&#8221; box_shadow_color_image__hover=&#8221;#00eaff&#8221;][\/et_pb_blurb][\/et_pb_column][\/et_pb_row][et_pb_row column_structure=&#8221;1_3,1_3,1_3&#8243; _builder_version=&#8221;4.27.3&#8243; _module_preset=&#8221;default&#8221; global_colors_info=&#8221;{}&#8221;][et_pb_column type=&#8221;1_3&#8243; _builder_version=&#8221;4.27.3&#8243; _module_preset=&#8221;default&#8221; global_colors_info=&#8221;{}&#8221;][et_pb_blurb title=&#8221;Afroinnova. Tendencias de las Di\u00e1spora Africana&#8221; image=&#8221;https:\/\/manosvisibles.org\/wp-content\/uploads\/2024\/11\/afroinnova_5.jpg&#8221; _builder_version=&#8221;4.27.3&#8243; _module_preset=&#8221;default&#8221; header_text_color=&#8221;#00eaff&#8221; animation=&#8221;off&#8221; link_option_url=&#8221;https:\/\/issuu.com\/manosvisibles\/docs\/afroinnova_-_tendencias_de_la_diasp&#8221; link_option_url_new_window=&#8221;on&#8221; box_shadow_style=&#8221;preset1&#8243; box_shadow_color=&#8221;RGBA(255,255,255,0)&#8221; box_shadow_style_image=&#8221;preset1&#8243; box_shadow_color_image=&#8221;RGBA(255,255,255,0)&#8221; global_colors_info=&#8221;{}&#8221; box_shadow_color_image__hover_enabled=&#8221;on|hover&#8221; box_shadow_color_image__hover=&#8221;#00eaff&#8221;][\/et_pb_blurb][\/et_pb_column][et_pb_column type=&#8221;1_3&#8243; _builder_version=&#8221;4.27.3&#8243; _module_preset=&#8221;default&#8221; global_colors_info=&#8221;{}&#8221;][et_pb_blurb title=&#8221;Directorio \u00bfQui\u00e9n es Qui\u00e9n?&#8221; image=&#8221;https:\/\/manosvisibles.org\/wp-content\/uploads\/2024\/11\/afroinnova_6.jpg&#8221; _builder_version=&#8221;4.27.3&#8243; _module_preset=&#8221;default&#8221; header_text_color=&#8221;#00eaff&#8221; animation=&#8221;off&#8221; link_option_url=&#8221;https:\/\/issuu.com\/manosvisibles\/docs\/directorio_20afroinnova_20150_20org&#8221; link_option_url_new_window=&#8221;on&#8221; box_shadow_style=&#8221;preset1&#8243; box_shadow_color=&#8221;RGBA(255,255,255,0)&#8221; box_shadow_style_image=&#8221;preset1&#8243; box_shadow_color_image=&#8221;RGBA(255,255,255,0)&#8221; global_colors_info=&#8221;{}&#8221; box_shadow_color_image__hover_enabled=&#8221;on|hover&#8221; box_shadow_color_image__hover=&#8221;#00eaff&#8221;][\/et_pb_blurb][\/et_pb_column][et_pb_column type=&#8221;1_3&#8243; _builder_version=&#8221;4.27.3&#8243; _module_preset=&#8221;default&#8221; global_colors_info=&#8221;{}&#8221;][et_pb_blurb title=&#8221;Futuros Diasp\u00f3ricos. Las Puertas del Retorno Contempor\u00e1neas. Memorias Afroinnova IV (2022)&#8221; image=&#8221;https:\/\/manosvisibles.org\/wp-content\/uploads\/2024\/11\/afroinnova_4.jpg&#8221; _builder_version=&#8221;4.27.3&#8243; _module_preset=&#8221;default&#8221; header_text_color=&#8221;#00eaff&#8221; animation=&#8221;off&#8221; link_option_url=&#8221;https:\/\/issuu.com\/manosvisibles\/docs\/afroinnova_-_futuros_diasporicos&#8221; link_option_url_new_window=&#8221;on&#8221; box_shadow_style=&#8221;preset1&#8243; box_shadow_color=&#8221;RGBA(255,255,255,0)&#8221; box_shadow_style_image=&#8221;preset1&#8243; box_shadow_color_image=&#8221;RGBA(255,255,255,0)&#8221; global_colors_info=&#8221;{}&#8221; box_shadow_color_image__hover_enabled=&#8221;on|hover&#8221; box_shadow_color_image__hover=&#8221;#00eaff&#8221;][\/et_pb_blurb][\/et_pb_column][\/et_pb_row][et_pb_row _builder_version=&#8221;4.27.3&#8243; _module_preset=&#8221;default&#8221; global_colors_info=&#8221;{}&#8221;][et_pb_column type=&#8221;4_4&#8243; _builder_version=&#8221;4.27.3&#8243; _module_preset=&#8221;default&#8221; global_colors_info=&#8221;{}&#8221;][et_pb_social_media_follow icon_color=&#8221;#000000&#8243; use_icon_font_size=&#8221;on&#8221; _builder_version=&#8221;4.27.3&#8243; _module_preset=&#8221;default&#8221; text_orientation=&#8221;center&#8221; global_colors_info=&#8221;{}&#8221;][et_pb_social_media_follow_network social_network=&#8221;instagram&#8221; url=&#8221;https:\/\/www.instagram.com\/afroinnovaglobal\/&#8221; icon_color=&#8221;#000000&#8243; use_icon_font_size=&#8221;on&#8221; icon_font_size=&#8221;31px&#8221; _builder_version=&#8221;4.27.3&#8243; _module_preset=&#8221;default&#8221; background_color=&#8221;#09CBFF&#8221; background_enable_color=&#8221;on&#8221; border_radii=&#8221;on|71px|71px|71px|71px&#8221; global_colors_info=&#8221;{}&#8221; follow_button=&#8221;off&#8221; url_new_window=&#8221;on&#8221;]instagram[\/et_pb_social_media_follow_network][et_pb_social_media_follow_network social_network=&#8221;twitter&#8221; url=&#8221;https:\/\/x.com\/afroinnova&#8221; icon_color=&#8221;#000000&#8243; use_icon_font_size=&#8221;on&#8221; icon_font_size=&#8221;31px&#8221; _builder_version=&#8221;4.27.3&#8243; _module_preset=&#8221;default&#8221; background_color=&#8221;#09CBFF&#8221; background_enable_color=&#8221;on&#8221; border_radii=&#8221;on|71px|71px|71px|71px&#8221; global_colors_info=&#8221;{}&#8221; follow_button=&#8221;off&#8221; url_new_window=&#8221;on&#8221;]twitter[\/et_pb_social_media_follow_network][\/et_pb_social_media_follow][\/et_pb_column][\/et_pb_row][\/et_pb_section][et_pb_section fb_built=&#8221;1&#8243; admin_label=&#8221;Popup &#8211; #t1&#8243; module_id=&#8221;t1&#8243; module_class=&#8221;popup dark&#8221; _builder_version=&#8221;4.27.3&#8243; _module_preset=&#8221;default&#8221; background_color=&#8221;#262626&#8243; width=&#8221;38%&#8221; width_tablet=&#8221;38%&#8221; width_phone=&#8221;100%&#8221; width_last_edited=&#8221;on|phone&#8221; da_is_popup=&#8221;on&#8221; da_popup_slug=&#8221;t1&#8243; da_dark_close=&#8221;on&#8221; da_disable_devices=&#8221;off|off|off&#8221; border_width_all=&#8221;1px&#8221; border_color_all=&#8221;#00eaff&#8221; global_colors_info=&#8221;{}&#8221; da_exit_intent=&#8221;off&#8221; da_has_close=&#8221;on&#8221; da_alt_close=&#8221;off&#8221; da_not_modal=&#8221;on&#8221; da_is_singular=&#8221;off&#8221; da_with_loader=&#8221;off&#8221; da_has_shadow=&#8221;on&#8221;][et_pb_row _builder_version=&#8221;4.27.3&#8243; _module_preset=&#8221;default&#8221; global_colors_info=&#8221;{}&#8221;][et_pb_column type=&#8221;4_4&#8243; _builder_version=&#8221;4.27.3&#8243; _module_preset=&#8221;default&#8221; global_colors_info=&#8221;{}&#8221;][et_pb_text _builder_version=&#8221;4.27.3&#8243; _module_preset=&#8221;default&#8221; text_font=&#8221;Montserrat|300|||||||&#8221; text_text_color=&#8221;#FFFFFF&#8221; text_line_height=&#8221;1.4em&#8221; global_colors_info=&#8221;{}&#8221;]<\/p>\n<p><span style=\"color: #00eaff;\">Tarc\u00edzio Silva<\/span> es Consultor Senior en Pol\u00edtica Tecnol\u00f3gica en Mozilla y vive en S\u00e3o Paulo, Brasil. Anteriormente ha estado en A\u00e7\u00e3o Educativa, desarrollando proyectos de concienciaci\u00f3n educativa sobre tecnolog\u00eda, internet y racismo. Es investigador de doctorado (UFABC) y exalumno de UFBA, autor del libro Racismo Algor\u00edtmico: inteligencia artificial y discriminaci\u00f3n en los medios digitales y creador del proyecto curatorial Desvelar sobre el pensamiento decolonial acerca de la tecnolog\u00eda y los medios de comunicaci\u00f3n.<\/p>\n<p>&nbsp;<\/p>\n<p>[\/et_pb_text][\/et_pb_column][\/et_pb_row][\/et_pb_section][et_pb_section fb_built=&#8221;1&#8243; admin_label=&#8221;Popup &#8211; #t2&#8243; module_id=&#8221;t2&#8243; module_class=&#8221;popup dark&#8221; _builder_version=&#8221;4.27.3&#8243; _module_preset=&#8221;default&#8221; background_color=&#8221;#262626&#8243; width=&#8221;38%&#8221; width_tablet=&#8221;38%&#8221; width_phone=&#8221;100%&#8221; width_last_edited=&#8221;on|phone&#8221; da_is_popup=&#8221;on&#8221; da_popup_slug=&#8221;t2&#8243; da_dark_close=&#8221;on&#8221; da_disable_devices=&#8221;off|off|off&#8221; border_width_all=&#8221;1px&#8221; border_color_all=&#8221;#00eaff&#8221; global_colors_info=&#8221;{}&#8221; da_exit_intent=&#8221;off&#8221; da_has_close=&#8221;on&#8221; da_alt_close=&#8221;off&#8221; da_not_modal=&#8221;on&#8221; da_is_singular=&#8221;off&#8221; da_with_loader=&#8221;off&#8221; da_has_shadow=&#8221;on&#8221;][et_pb_row _builder_version=&#8221;4.27.3&#8243; _module_preset=&#8221;default&#8221; global_colors_info=&#8221;{}&#8221;][et_pb_column type=&#8221;4_4&#8243; _builder_version=&#8221;4.27.3&#8243; _module_preset=&#8221;default&#8221; global_colors_info=&#8221;{}&#8221;][et_pb_text _builder_version=&#8221;4.27.3&#8243; _module_preset=&#8221;default&#8221; text_font=&#8221;Montserrat|300|||||||&#8221; text_text_color=&#8221;#FFFFFF&#8221; text_line_height=&#8221;1.4em&#8221; global_colors_info=&#8221;{}&#8221;]<\/p>\n<p><span style=\"color: #00eaff;\">Judith Morrison<\/span>\u00a0es asesora senior en el Banco Interamericano de Desarrollo (BID), donde lidera iniciativas para integrar a las comunidades marginadas en las estrategias de pr\u00e9stamos y operaciones del Banco. Con amplia experiencia en Am\u00e9rica del Sur y el Caribe, ha ocupado cargos de liderazgo en la Fundaci\u00f3n Interamericana y el Di\u00e1logo Interamericano. Morrison ha publicado art\u00edculos y cap\u00edtulos de libros sobre desarrollo inclusivo, con \u00e9nfasis en raza, g\u00e9nero y disparidades econ\u00f3micas. Posee una maestr\u00eda en Desarrollo Econ\u00f3mico del MIT y es una oradora frecuente sobre temas de desarrollo global.<\/p>\n<p>&nbsp;<\/p>\n<p>[\/et_pb_text][\/et_pb_column][\/et_pb_row][\/et_pb_section][et_pb_section fb_built=&#8221;1&#8243; admin_label=&#8221;Popup &#8211; #t3&#8243; module_id=&#8221;t3&#8243; module_class=&#8221;popup dark&#8221; _builder_version=&#8221;4.27.3&#8243; _module_preset=&#8221;default&#8221; background_color=&#8221;#262626&#8243; width=&#8221;38%&#8221; width_tablet=&#8221;38%&#8221; width_phone=&#8221;100%&#8221; width_last_edited=&#8221;on|phone&#8221; da_is_popup=&#8221;on&#8221; da_popup_slug=&#8221;t3&#8243; da_dark_close=&#8221;on&#8221; da_disable_devices=&#8221;off|off|off&#8221; border_width_all=&#8221;1px&#8221; border_color_all=&#8221;#00eaff&#8221; global_colors_info=&#8221;{}&#8221; da_exit_intent=&#8221;off&#8221; da_has_close=&#8221;on&#8221; da_alt_close=&#8221;off&#8221; da_not_modal=&#8221;on&#8221; da_is_singular=&#8221;off&#8221; da_with_loader=&#8221;off&#8221; da_has_shadow=&#8221;on&#8221;][et_pb_row _builder_version=&#8221;4.27.3&#8243; _module_preset=&#8221;default&#8221; global_colors_info=&#8221;{}&#8221;][et_pb_column type=&#8221;4_4&#8243; _builder_version=&#8221;4.27.3&#8243; _module_preset=&#8221;default&#8221; global_colors_info=&#8221;{}&#8221;][et_pb_text _builder_version=&#8221;4.27.3&#8243; _module_preset=&#8221;default&#8221; text_font=&#8221;Montserrat|300|||||||&#8221; text_text_color=&#8221;#FFFFFF&#8221; text_line_height=&#8221;1.4em&#8221; global_colors_info=&#8221;{}&#8221;]<\/p>\n<p><span style=\"color: #00eaff;\">Karen Santos<\/span> es Directora de UX en Minas Pretas, se ha dedicado a &#8216;cambiar la cara de la tecnolog\u00eda&#8217; desde el inicio de la iniciativa en 2019. Su objetivo es introducir a las mujeres negras en el mercado de UX (Experiencia de Usuario) y tecnolog\u00eda, apostando por el poder de la comunidad, la educaci\u00f3n y la democratizaci\u00f3n del conocimiento.<\/p>\n<p>[\/et_pb_text][\/et_pb_column][\/et_pb_row][\/et_pb_section][et_pb_section fb_built=&#8221;1&#8243; admin_label=&#8221;Popup &#8211; #t4&#8243; module_id=&#8221;t4&#8243; module_class=&#8221;popup dark&#8221; _builder_version=&#8221;4.27.3&#8243; _module_preset=&#8221;default&#8221; background_color=&#8221;#262626&#8243; width=&#8221;38%&#8221; width_tablet=&#8221;38%&#8221; width_phone=&#8221;100%&#8221; width_last_edited=&#8221;on|phone&#8221; da_is_popup=&#8221;on&#8221; da_popup_slug=&#8221;t4&#8243; da_dark_close=&#8221;on&#8221; da_disable_devices=&#8221;off|off|off&#8221; border_width_all=&#8221;1px&#8221; border_color_all=&#8221;#00eaff&#8221; global_colors_info=&#8221;{}&#8221; da_exit_intent=&#8221;off&#8221; da_has_close=&#8221;on&#8221; da_alt_close=&#8221;off&#8221; da_not_modal=&#8221;on&#8221; da_is_singular=&#8221;off&#8221; da_with_loader=&#8221;off&#8221; da_has_shadow=&#8221;on&#8221;][et_pb_row _builder_version=&#8221;4.27.3&#8243; _module_preset=&#8221;default&#8221; global_colors_info=&#8221;{}&#8221;][et_pb_column type=&#8221;4_4&#8243; _builder_version=&#8221;4.27.3&#8243; _module_preset=&#8221;default&#8221; global_colors_info=&#8221;{}&#8221;][et_pb_text _builder_version=&#8221;4.27.3&#8243; _module_preset=&#8221;default&#8221; text_font=&#8221;Montserrat|300|||||||&#8221; text_text_color=&#8221;#FFFFFF&#8221; text_line_height=&#8221;1.4em&#8221; global_colors_info=&#8221;{}&#8221;]<\/p>\n<p><span style=\"color: #00eaff;\">Silvana Bah\u00eda<\/span> es M\u00e1ster en Cultura y Territorialidades por la Universidade Federal Fluminense y es investigadora asociada del grupo Arte e Inteligencia Artificial de la Universidade de S\u00e3o Paulo. En 2022, fue reconocida como una de las 100 innovadoras m\u00e1s importantes del mundo por The Future Laboratory. En 2021, recibi\u00f3 el premio Protagonista Brasil, Pa\u00eds Digital del Movimento Brasil, Pa\u00eds Digital. Tambi\u00e9n fue galardonada con el premio Highlights of Digital Culture: Social Innovation and Technology.<\/p>\n<p>[\/et_pb_text][\/et_pb_column][\/et_pb_row][\/et_pb_section][et_pb_section fb_built=&#8221;1&#8243; admin_label=&#8221;Popup &#8211; #t5&#8243; module_id=&#8221;t5&#8243; module_class=&#8221;popup dark&#8221; _builder_version=&#8221;4.27.3&#8243; _module_preset=&#8221;default&#8221; background_color=&#8221;#262626&#8243; width=&#8221;38%&#8221; width_tablet=&#8221;38%&#8221; width_phone=&#8221;100%&#8221; width_last_edited=&#8221;on|phone&#8221; da_is_popup=&#8221;on&#8221; da_popup_slug=&#8221;t5&#8243; da_dark_close=&#8221;on&#8221; da_disable_devices=&#8221;off|off|off&#8221; border_width_all=&#8221;1px&#8221; border_color_all=&#8221;#00eaff&#8221; global_colors_info=&#8221;{}&#8221; da_exit_intent=&#8221;off&#8221; da_has_close=&#8221;on&#8221; da_alt_close=&#8221;off&#8221; da_not_modal=&#8221;on&#8221; da_is_singular=&#8221;off&#8221; da_with_loader=&#8221;off&#8221; da_has_shadow=&#8221;on&#8221;][et_pb_row _builder_version=&#8221;4.27.3&#8243; _module_preset=&#8221;default&#8221; global_colors_info=&#8221;{}&#8221;][et_pb_column type=&#8221;4_4&#8243; _builder_version=&#8221;4.27.3&#8243; _module_preset=&#8221;default&#8221; global_colors_info=&#8221;{}&#8221;][et_pb_text _builder_version=&#8221;4.27.3&#8243; _module_preset=&#8221;default&#8221; text_font=&#8221;Montserrat|300|||||||&#8221; text_text_color=&#8221;#FFFFFF&#8221; text_line_height=&#8221;1.4em&#8221; global_colors_info=&#8221;{}&#8221;]<\/p>\n<p><span style=\"color: #00eaff;\">Diego Rodr\u00edguez<\/span> es el Director de los Programas de Finanzas y Contadur\u00eda P\u00fablica y Finanzas Internacionales en la Universidad Icesi desde julio de 2024. Es el fundador de Binafi Group, una Fintech colombiana que combina inteligencia artificial con capacidad anal\u00edtica humana para ofrecer soluciones tecnol\u00f3gicas financieras a pymes, especialmente en \u00e1reas como la automatizaci\u00f3n de procesos de negocio, promoviendo su crecimiento de manera rentable y sostenible. Adem\u00e1s trabaj\u00f3 durante 8 a\u00f1os en Deloitte Colombia en consultor\u00eda financiera y contable; inicialmente en el \u00e1rea de auditor\u00edas financieras y desde el 2018 en el \u00e1rea Fusiones y adquisiciones. Luego, durante 2 a\u00f1os en Price Waterhouse Cooper &#8211; PwC, Espa\u00f1a, ayudando a inversionistas de todo el mundo a comprar y vender compa\u00f1\u00edas.<\/p>\n<p>[\/et_pb_text][\/et_pb_column][\/et_pb_row][\/et_pb_section][et_pb_section fb_built=&#8221;1&#8243; admin_label=&#8221;Popup &#8211; #t6&#8243; module_id=&#8221;t6&#8243; module_class=&#8221;popup dark&#8221; _builder_version=&#8221;4.27.3&#8243; _module_preset=&#8221;default&#8221; background_color=&#8221;#262626&#8243; width=&#8221;38%&#8221; width_tablet=&#8221;38%&#8221; width_phone=&#8221;100%&#8221; width_last_edited=&#8221;on|phone&#8221; da_is_popup=&#8221;on&#8221; da_popup_slug=&#8221;t6&#8243; da_dark_close=&#8221;on&#8221; da_disable_devices=&#8221;off|off|off&#8221; border_width_all=&#8221;1px&#8221; border_color_all=&#8221;#00eaff&#8221; global_colors_info=&#8221;{}&#8221; da_exit_intent=&#8221;off&#8221; da_has_close=&#8221;on&#8221; da_alt_close=&#8221;off&#8221; da_not_modal=&#8221;on&#8221; da_is_singular=&#8221;off&#8221; da_with_loader=&#8221;off&#8221; da_has_shadow=&#8221;on&#8221;][et_pb_row _builder_version=&#8221;4.27.3&#8243; _module_preset=&#8221;default&#8221; global_colors_info=&#8221;{}&#8221;][et_pb_column type=&#8221;4_4&#8243; _builder_version=&#8221;4.27.3&#8243; _module_preset=&#8221;default&#8221; global_colors_info=&#8221;{}&#8221;][et_pb_text _builder_version=&#8221;4.27.3&#8243; _module_preset=&#8221;default&#8221; text_font=&#8221;Montserrat|300|||||||&#8221; text_text_color=&#8221;#FFFFFF&#8221; text_line_height=&#8221;1.4em&#8221; global_colors_info=&#8221;{}&#8221;]<\/p>\n<p><span style=\"color: #00eaff;\">Alexander Estacio<\/span> es un destacado profesional en el campo de la inform\u00e1tica y la tecnolog\u00eda. Es ingeniero electr\u00f3nico de la Universidad del Valle, con una maestr\u00eda en inteligencia artificial de la Universit\u00e9 Pierre et Marie Curie (Paris VI) y un PhD en inform\u00e1tica, especializado en ciencia de datos, de la misma instituci\u00f3n. Su investigaci\u00f3n doctoral se centr\u00f3 en el uso de modelos de Machine Learning para estudiar diversas dimensiones de la movilidad humana en Cali. Posteriormente, realiz\u00f3 una estancia posdoctoral en el INRIA y es el Director de Servicios de Informaci\u00f3n y Tecnolog\u00eda en la Universidad de los Andes desde octubre de 2022.<\/p>\n<p>[\/et_pb_text][\/et_pb_column][\/et_pb_row][\/et_pb_section][et_pb_section fb_built=&#8221;1&#8243; admin_label=&#8221;Popup &#8211; #t7&#8243; module_id=&#8221;t7&#8243; module_class=&#8221;popup dark&#8221; _builder_version=&#8221;4.27.3&#8243; _module_preset=&#8221;default&#8221; background_color=&#8221;#262626&#8243; width=&#8221;38%&#8221; width_tablet=&#8221;38%&#8221; width_phone=&#8221;100%&#8221; width_last_edited=&#8221;on|phone&#8221; da_is_popup=&#8221;on&#8221; da_popup_slug=&#8221;t7&#8243; da_dark_close=&#8221;on&#8221; da_disable_devices=&#8221;off|off|off&#8221; border_width_all=&#8221;1px&#8221; border_color_all=&#8221;#00eaff&#8221; global_colors_info=&#8221;{}&#8221; da_exit_intent=&#8221;off&#8221; da_has_close=&#8221;on&#8221; da_alt_close=&#8221;off&#8221; da_not_modal=&#8221;on&#8221; da_is_singular=&#8221;off&#8221; da_with_loader=&#8221;off&#8221; da_has_shadow=&#8221;on&#8221;][et_pb_row _builder_version=&#8221;4.27.3&#8243; _module_preset=&#8221;default&#8221; global_colors_info=&#8221;{}&#8221;][et_pb_column type=&#8221;4_4&#8243; _builder_version=&#8221;4.27.3&#8243; _module_preset=&#8221;default&#8221; global_colors_info=&#8221;{}&#8221;][et_pb_text _builder_version=&#8221;4.27.3&#8243; _module_preset=&#8221;default&#8221; text_font=&#8221;Montserrat|300|||||||&#8221; text_text_color=&#8221;#FFFFFF&#8221; text_line_height=&#8221;1.4em&#8221; global_colors_info=&#8221;{}&#8221;]<\/p>\n<p><span style=\"color: #00eaff;\">Jimmy Garc\u00eda<\/span> es Ingeniero de Sistemas de la Universidad Libre de Colombia y Fundador y Director de la Escuela Rob\u00f3tica del Choc\u00f3. Se gradu\u00f3 de la Escuela de Innovaci\u00f3n Comunitaria (EIC-Lab) de Manos Visibles y del Massachusetts Institute of Technology (MIT). Es miembro del Consejo Asesor de Protalento, l\u00edder Detonante y ganador del Science Hack Day Latinoam\u00e9rica 2014. Fue reconocido como Afrocolombiano del A\u00f1o 2019 en la categor\u00eda Educaci\u00f3n por Color de Colombia y El Espectador. Tambi\u00e9n recibi\u00f3 el Premio M\u00e9rito Empresarial de la C\u00e1mara de Comercio del Choc\u00f3, fue nominado al Premio Titanes Caracol en la categor\u00eda Tecnolog\u00eda e Innovaci\u00f3n y gan\u00f3 la Feria CTeI de Parque Explora en Medell\u00edn.<\/p>\n<p>[\/et_pb_text][\/et_pb_column][\/et_pb_row][\/et_pb_section][et_pb_section fb_built=&#8221;1&#8243; admin_label=&#8221;Popup &#8211; #t8&#8243; module_id=&#8221;t8&#8243; module_class=&#8221;popup dark&#8221; _builder_version=&#8221;4.27.3&#8243; _module_preset=&#8221;default&#8221; background_color=&#8221;#262626&#8243; width=&#8221;38%&#8221; width_tablet=&#8221;38%&#8221; width_phone=&#8221;100%&#8221; width_last_edited=&#8221;on|phone&#8221; da_is_popup=&#8221;on&#8221; da_popup_slug=&#8221;t8&#8243; da_dark_close=&#8221;on&#8221; da_disable_devices=&#8221;off|off|off&#8221; border_width_all=&#8221;1px&#8221; border_color_all=&#8221;#00eaff&#8221; global_colors_info=&#8221;{}&#8221; da_exit_intent=&#8221;off&#8221; da_has_close=&#8221;on&#8221; da_alt_close=&#8221;off&#8221; da_not_modal=&#8221;on&#8221; da_is_singular=&#8221;off&#8221; da_with_loader=&#8221;off&#8221; da_has_shadow=&#8221;on&#8221;][et_pb_row _builder_version=&#8221;4.27.3&#8243; _module_preset=&#8221;default&#8221; global_colors_info=&#8221;{}&#8221;][et_pb_column type=&#8221;4_4&#8243; _builder_version=&#8221;4.27.3&#8243; _module_preset=&#8221;default&#8221; global_colors_info=&#8221;{}&#8221;][et_pb_text _builder_version=&#8221;4.27.3&#8243; _module_preset=&#8221;default&#8221; text_font=&#8221;Montserrat|300|||||||&#8221; text_text_color=&#8221;#FFFFFF&#8221; text_line_height=&#8221;1.4em&#8221; global_colors_info=&#8221;{}&#8221;]<\/p>\n<p><span style=\"color: #00eaff;\">C\u00e9sar Lins<\/span> es especialista en an\u00e1lisis y visualizaci\u00f3n de datos con foco en cuestiones \u00e9tnicas y raciales, tiene m\u00e1s de 10 a\u00f1os de experiencia internacional en organizaciones multilaterales. Es autor de &#8216;Ra\u00e7a e G\u00eanero nas Grandes Empresas: Um perfil da for\u00e7a de trabalho do Brasil&#8217;, un estudio que analiza la raza y el g\u00e9nero en las corporaciones brasile\u00f1as, con base en datos de 2.000 empresas del pa\u00eds. Desarroll\u00f3 la plataforma de datos que ayud\u00f3 a que la Secretar\u00eda de Igualdad Racial de Brasil fuera reconocida como uno de los 10 proyectos m\u00e1s innovadores de la administraci\u00f3n p\u00fablica federal de Brasil. Tiene un doctorado en Ciencias de la Computaci\u00f3n de la Universidade Federal de Pernambuco, Brasil.<\/p>\n<p>[\/et_pb_text][\/et_pb_column][\/et_pb_row][\/et_pb_section][et_pb_section fb_built=&#8221;1&#8243; admin_label=&#8221;Popup &#8211; #t9&#8243; module_id=&#8221;t9&#8243; module_class=&#8221;popup dark&#8221; _builder_version=&#8221;4.27.3&#8243; _module_preset=&#8221;default&#8221; background_color=&#8221;#262626&#8243; width=&#8221;38%&#8221; width_tablet=&#8221;38%&#8221; width_phone=&#8221;100%&#8221; width_last_edited=&#8221;on|phone&#8221; da_is_popup=&#8221;on&#8221; da_popup_slug=&#8221;t9&#8243; da_dark_close=&#8221;on&#8221; da_disable_devices=&#8221;off|off|off&#8221; border_width_all=&#8221;1px&#8221; border_color_all=&#8221;#00eaff&#8221; global_colors_info=&#8221;{}&#8221; da_exit_intent=&#8221;off&#8221; da_has_close=&#8221;on&#8221; da_alt_close=&#8221;off&#8221; da_not_modal=&#8221;on&#8221; da_is_singular=&#8221;off&#8221; da_with_loader=&#8221;off&#8221; da_has_shadow=&#8221;on&#8221;][et_pb_row _builder_version=&#8221;4.27.3&#8243; _module_preset=&#8221;default&#8221; global_colors_info=&#8221;{}&#8221;][et_pb_column type=&#8221;4_4&#8243; _builder_version=&#8221;4.27.3&#8243; _module_preset=&#8221;default&#8221; global_colors_info=&#8221;{}&#8221;][et_pb_text _builder_version=&#8221;4.27.3&#8243; _module_preset=&#8221;default&#8221; text_font=&#8221;Montserrat|300|||||||&#8221; text_text_color=&#8221;#FFFFFF&#8221; text_line_height=&#8221;1.4em&#8221; global_colors_info=&#8221;{}&#8221;]<\/p>\n<p><span style=\"color: #00eaff;\">Dorcas Owinoh <\/span>es directora y fundadora de LakeHub Foundation, una organizaci\u00f3n de Kenia que busca descentralizar el acceso a la tecnolog\u00eda y promover la innovaci\u00f3n social y el emprendimiento. LakeHub ofrece un espacio donde los j\u00f3venes desarrolladores, creativos y emprendedores del oeste de Kenia puedan colaborar y aprender. En 2017, un equipo de chicas de LakeHub fue seleccionado para representar a \u00c1frica en el Technovation Challenge en Silicon Valley. Dorcas recibi\u00f3 el premio &#8220;Africana del a\u00f1o&#8221; y fue incluida en la lista Forbes 30 Under 30 en la categor\u00eda de tecnolog\u00eda en 2019.<\/p>\n<p>[\/et_pb_text][\/et_pb_column][\/et_pb_row][\/et_pb_section][et_pb_section fb_built=&#8221;1&#8243; admin_label=&#8221;Popup &#8211; #t10&#8243; module_id=&#8221;t10&#8243; module_class=&#8221;popup dark&#8221; _builder_version=&#8221;4.27.3&#8243; _module_preset=&#8221;default&#8221; background_color=&#8221;#262626&#8243; width=&#8221;38%&#8221; width_tablet=&#8221;38%&#8221; width_phone=&#8221;100%&#8221; width_last_edited=&#8221;on|phone&#8221; da_is_popup=&#8221;on&#8221; da_popup_slug=&#8221;t10&#8243; da_dark_close=&#8221;on&#8221; da_disable_devices=&#8221;off|off|off&#8221; border_width_all=&#8221;1px&#8221; border_color_all=&#8221;#00eaff&#8221; global_colors_info=&#8221;{}&#8221; da_exit_intent=&#8221;off&#8221; da_has_close=&#8221;on&#8221; da_alt_close=&#8221;off&#8221; da_not_modal=&#8221;on&#8221; da_is_singular=&#8221;off&#8221; da_with_loader=&#8221;off&#8221; da_has_shadow=&#8221;on&#8221;][et_pb_row _builder_version=&#8221;4.27.3&#8243; _module_preset=&#8221;default&#8221; global_colors_info=&#8221;{}&#8221;][et_pb_column type=&#8221;4_4&#8243; _builder_version=&#8221;4.27.3&#8243; _module_preset=&#8221;default&#8221; global_colors_info=&#8221;{}&#8221;][et_pb_text _builder_version=&#8221;4.27.3&#8243; _module_preset=&#8221;default&#8221; text_font=&#8221;Montserrat|300|||||||&#8221; text_text_color=&#8221;#FFFFFF&#8221; text_line_height=&#8221;1.4em&#8221; global_colors_info=&#8221;{}&#8221;]<\/p>\n<p><span style=\"color: #00eaff;\">Ta\u00eds Oliveira <\/span>es una profesional en Relaciones P\u00fablicas por la Facultad Paulus de Tecnolog\u00eda y Comunicaci\u00f3n (FAPCOM), con una maestr\u00eda y actualmente doctoranda en Ciencias Humanas y Sociales por la Universidad Federal del ABC (UFABC). Es Fundadora y Directora Ejecutiva del Instituto Suma\u00fama, un centro de formaci\u00f3n, investigaci\u00f3n y asesor\u00eda dedicado al desarrollo de carreras acad\u00e9micas de personas negras, ind\u00edgenas y de sectores perif\u00e9ricos. Su investigaci\u00f3n se centra en el emprendimiento negro en Brasil, la soberan\u00eda digital y la gobernanza de Internet, con inspiraci\u00f3n en pensadores afrobrasile\u00f1os como Abdias Nascimento y Milton Santos.<\/p>\n<p>[\/et_pb_text][\/et_pb_column][\/et_pb_row][\/et_pb_section][et_pb_section fb_built=&#8221;1&#8243; admin_label=&#8221;Popup &#8211; #t11&#8243; module_id=&#8221;t11&#8243; module_class=&#8221;popup dark&#8221; _builder_version=&#8221;4.27.3&#8243; _module_preset=&#8221;default&#8221; background_color=&#8221;#262626&#8243; width=&#8221;38%&#8221; width_tablet=&#8221;38%&#8221; width_phone=&#8221;100%&#8221; width_last_edited=&#8221;on|phone&#8221; da_is_popup=&#8221;on&#8221; da_popup_slug=&#8221;t11&#8243; da_dark_close=&#8221;on&#8221; da_disable_devices=&#8221;off|off|off&#8221; border_width_all=&#8221;1px&#8221; border_color_all=&#8221;#00eaff&#8221; global_colors_info=&#8221;{}&#8221; da_exit_intent=&#8221;off&#8221; da_has_close=&#8221;on&#8221; da_alt_close=&#8221;off&#8221; da_not_modal=&#8221;on&#8221; da_is_singular=&#8221;off&#8221; da_with_loader=&#8221;off&#8221; da_has_shadow=&#8221;on&#8221;][et_pb_row _builder_version=&#8221;4.27.3&#8243; _module_preset=&#8221;default&#8221; global_colors_info=&#8221;{}&#8221;][et_pb_column type=&#8221;4_4&#8243; _builder_version=&#8221;4.27.3&#8243; _module_preset=&#8221;default&#8221; global_colors_info=&#8221;{}&#8221;][et_pb_text _builder_version=&#8221;4.27.3&#8243; _module_preset=&#8221;default&#8221; text_font=&#8221;Montserrat|300|||||||&#8221; text_text_color=&#8221;#FFFFFF&#8221; text_line_height=&#8221;1.4em&#8221; global_colors_info=&#8221;{}&#8221;]<\/p>\n<p><span style=\"color: #00eaff;\">Yeison Fernando Garc\u00eda <\/span>es polit\u00f3logo, gestor cultural, poeta e investigador. Fue Asesor parlamentario de Rita Bosaho Gori (2017- 2019). Comisario del Festival Conciencia Afro (2016, 2017, 2018 y 2019). Director del Centro Cultural \u201cEspacio Afro\u201d. Co- comisario de \u201cLa memoria colonial en las colecciones Thyssen-Bornemisza\u201d en el Museo Nacional Thyssen-Bornemisza y participante en en el cat\u00e1logo \u201cPinacoteca Migrante\u201d, del Pabell\u00f3n de Espa\u00f1a en la 60\u00aa edici\u00f3n de la Bienal de Arte de Venecia con el texto &#8220;La decolonialidad ilustrada en el contexto espa\u00f1ol&#8221;. Menci\u00f3n honor\u00edfica, en la categor\u00eda de Cultural, en los Premios Nacionales de Juventud 2022. Nombrado por la Embajada de Colombia en Espa\u00f1a como uno de los premiados en la VII Edici\u00f3n Premio \u201c10 Colombianos\u201d 2022.<\/p>\n<p>[\/et_pb_text][\/et_pb_column][\/et_pb_row][\/et_pb_section][et_pb_section fb_built=&#8221;1&#8243; admin_label=&#8221;Popup &#8211; #t12&#8243; module_id=&#8221;t12&#8243; module_class=&#8221;popup dark&#8221; _builder_version=&#8221;4.27.3&#8243; _module_preset=&#8221;default&#8221; background_color=&#8221;#262626&#8243; width=&#8221;38%&#8221; width_tablet=&#8221;38%&#8221; width_phone=&#8221;100%&#8221; width_last_edited=&#8221;on|phone&#8221; da_is_popup=&#8221;on&#8221; da_popup_slug=&#8221;t12&#8243; da_dark_close=&#8221;on&#8221; da_disable_devices=&#8221;off|off|off&#8221; border_width_all=&#8221;1px&#8221; border_color_all=&#8221;#00eaff&#8221; global_colors_info=&#8221;{}&#8221; da_exit_intent=&#8221;off&#8221; da_has_close=&#8221;on&#8221; da_alt_close=&#8221;off&#8221; da_not_modal=&#8221;on&#8221; da_is_singular=&#8221;off&#8221; da_with_loader=&#8221;off&#8221; da_has_shadow=&#8221;on&#8221;][et_pb_row _builder_version=&#8221;4.27.3&#8243; _module_preset=&#8221;default&#8221; global_colors_info=&#8221;{}&#8221;][et_pb_column type=&#8221;4_4&#8243; _builder_version=&#8221;4.27.3&#8243; _module_preset=&#8221;default&#8221; global_colors_info=&#8221;{}&#8221;][et_pb_text _builder_version=&#8221;4.27.3&#8243; _module_preset=&#8221;default&#8221; text_font=&#8221;Montserrat|300|||||||&#8221; text_text_color=&#8221;#FFFFFF&#8221; text_line_height=&#8221;1.4em&#8221; global_colors_info=&#8221;{}&#8221;]<\/p>\n<p><span style=\"color: #00eaff;\">Paula Moreno <\/span>Presidente de la Corporaci\u00f3n Manos Visibles. Ingeniera Industrial y diplomada en Lengua y Cultura Italiana. M. Phil. en Gesti\u00f3n de la Universidad de Cambridge. Es SPURS Fulbright Fellow en el Massachusetts Institute of Technology (MIT) y Yale World Fellow con estudios de ambas universidades en Planeaci\u00f3n urbana y liderazgo. Fue Ministra de Cultura de Colombia (2007 &#8211; 2010), la primera mujer afrocolombiana en ocupar un cargo ministerial en el pa\u00eds. Ha sido gerente, coordinadora y consultora de m\u00faltiples agencias internacionales como BID, Uni\u00f3n Europea, UNESCO, Banco Mundial, entre otros. Es la Presidente del Comit\u00e9 Program\u00e1tico de la Junta Directiva de la Fundaci\u00f3n Ford, de la cual ha sido miembro ocho a\u00f1os. Autora de El Poder de lo Invisible (2018) y So\u00f1ar lo Imposible (2022) con la editorial Penguin Random House, siendo la primera afrocolombiana en publicar con esta editorial en Colombia.<\/p>\n<p>[\/et_pb_text][\/et_pb_column][\/et_pb_row][\/et_pb_section]<\/p>\n","protected":false},"excerpt":{"rendered":"<p>AFROINNOVA: La reuni\u00f3n de expertos\/as de la di\u00e1spora africana en el mundo que tiene como prop\u00f3sito crear una agenda regional sobre tecnolog\u00eda y equidad racial.<\/p>","protected":false},"author":1,"featured_media":0,"parent":0,"menu_order":0,"comment_status":"closed","ping_status":"closed","template":"","meta":{"_acf_changed":false,"_et_pb_use_builder":"on","_et_pb_old_content":"<!-- wp:divi\/placeholder \/-->","_et_gb_content_width":"","inline_featured_image":false,"footnotes":""},"difl_page_category":[],"class_list":["post-7300","page","type-page","status-publish","hentry"],"acf":[],"_links":{"self":[{"href":"https:\/\/manosvisibles.org\/pt\/wp-json\/wp\/v2\/pages\/7300","targetHints":{"allow":["GET"]}}],"collection":[{"href":"https:\/\/manosvisibles.org\/pt\/wp-json\/wp\/v2\/pages"}],"about":[{"href":"https:\/\/manosvisibles.org\/pt\/wp-json\/wp\/v2\/types\/page"}],"author":[{"embeddable":true,"href":"https:\/\/manosvisibles.org\/pt\/wp-json\/wp\/v2\/users\/1"}],"replies":[{"embeddable":true,"href":"https:\/\/manosvisibles.org\/pt\/wp-json\/wp\/v2\/comments?post=7300"}],"version-history":[{"count":199,"href":"https:\/\/manosvisibles.org\/pt\/wp-json\/wp\/v2\/pages\/7300\/revisions"}],"predecessor-version":[{"id":8790,"href":"https:\/\/manosvisibles.org\/pt\/wp-json\/wp\/v2\/pages\/7300\/revisions\/8790"}],"wp:attachment":[{"href":"https:\/\/manosvisibles.org\/pt\/wp-json\/wp\/v2\/media?parent=7300"}],"wp:term":[{"taxonomy":"difl_page_category","embeddable":true,"href":"https:\/\/manosvisibles.org\/pt\/wp-json\/wp\/v2\/difl_page_category?post=7300"}],"curies":[{"name":"wp","href":"https:\/\/api.w.org\/{rel}","templated":true}]}}