{"id":7122,"date":"2024-10-22T10:07:59","date_gmt":"2024-10-22T15:07:59","guid":{"rendered":"https:\/\/manosvisibles.org\/?page_id=7122"},"modified":"2024-10-22T16:19:11","modified_gmt":"2024-10-22T21:19:11","slug":"foco-test","status":"publish","type":"page","link":"https:\/\/manosvisibles.org\/en\/foco-test\/","title":{"rendered":"Foco- Test"},"content":{"rendered":"<p>[et_pb_section fb_built=&#8221;1&#8243; _builder_version=&#8221;4.27.2&#8243; _module_preset=&#8221;default&#8221; background_color=&#8221;#302876&#8243; background_enable_image=&#8221;off&#8221; background_size=&#8221;contain&#8221; background_position=&#8221;top_center&#8221; custom_margin=&#8221;110px||0px||false|false&#8221; custom_margin_tablet=&#8221;74px||0px||false|false&#8221; custom_margin_phone=&#8221;57px||||false|false&#8221; custom_margin_last_edited=&#8221;on|phone&#8221; custom_padding=&#8221;0px||0px||false|false&#8221; bottom_divider_height=&#8221;47px&#8221; bottom_divider_flip=&#8221;vertical&#8221; bottom_divider_arrangement=&#8221;above_content&#8221; global_colors_info=&#8221;{}&#8221;][et_pb_row _builder_version=&#8221;4.24.0&#8243; _module_preset=&#8221;default&#8221; width=&#8221;100%&#8221; max_width=&#8221;100%&#8221; custom_margin=&#8221;0px||0px||false|false&#8221; custom_padding=&#8221;0px||0px||false|false&#8221; global_colors_info=&#8221;{}&#8221;][et_pb_column type=&#8221;4_4&#8243; _builder_version=&#8221;4.24.0&#8243; _module_preset=&#8221;default&#8221; global_colors_info=&#8221;{}&#8221;][et_pb_image src=&#8221;https:\/\/manosvisibles.org\/wp-content\/uploads\/2024\/10\/portada-home-foco-micro-02.webp&#8221; show_bottom_space=&#8221;off&#8221; src_tablet=&#8221;https:\/\/manosvisibles.org\/wp-content\/uploads\/2024\/10\/portada-home-foco-micro-02.webp&#8221; src_phone=&#8221;&#8221; src_last_edited=&#8221;on|desktop&#8221; disabled_on=&#8221;on|off|off&#8221; _builder_version=&#8221;4.27.2&#8243; _module_preset=&#8221;default&#8221; global_colors_info=&#8221;{}&#8221;][\/et_pb_image][et_pb_image title_text=&#8221;FOCO II &#8211; Cine colombiano y brasile\u00f1o hecho por personas negras&#8221; show_bottom_space=&#8221;off&#8221; align=&#8221;center&#8221; src_tablet=&#8221;https:\/\/manosvisibles.org\/wp-content\/uploads\/2024\/10\/portada-home-foco-micro-02-mwebp.webp&#8221; src_phone=&#8221;https:\/\/manosvisibles.org\/wp-content\/uploads\/2024\/10\/portada-home-foco-micro-02-mwebp.webp&#8221; src_last_edited=&#8221;on|phone&#8221; disabled_on=&#8221;off|on|on&#8221; _builder_version=&#8221;4.27.2&#8243; _module_preset=&#8221;default&#8221; global_colors_info=&#8221;{}&#8221;][\/et_pb_image][\/et_pb_column][\/et_pb_row][\/et_pb_section][et_pb_section fb_built=&#8221;1&#8243; _builder_version=&#8221;4.27.2&#8243; _module_preset=&#8221;default&#8221; background_color=&#8221;#302874&#8243; custom_margin=&#8221;-44px||0px||false|false&#8221; custom_padding=&#8221;8px||35px||false|false&#8221; top_divider_color=&#8221;#170a77&#8243; top_divider_height=&#8221;33px&#8221; top_divider_flip=&#8221;vertical&#8221; global_colors_info=&#8221;{}&#8221;][et_pb_row _builder_version=&#8221;4.24.0&#8243; _module_preset=&#8221;default&#8221; width_tablet=&#8221;&#8221; width_phone=&#8221;100%&#8221; width_last_edited=&#8221;on|phone&#8221; custom_padding=&#8221;22px||21px|||&#8221; global_colors_info=&#8221;{}&#8221;][et_pb_column type=&#8221;4_4&#8243; _builder_version=&#8221;4.24.0&#8243; _module_preset=&#8221;default&#8221; global_colors_info=&#8221;{}&#8221;][et_pb_text disabled_on=&#8221;on|off|off&#8221; _builder_version=&#8221;4.27.2&#8243; _module_preset=&#8221;_initial&#8221; text_text_color=&#8221;#302874&#8243; header_text_color=&#8221;#000000&#8243; header_2_font=&#8221;Montserrat|600|||||||&#8221; header_2_text_align=&#8221;center&#8221; header_2_text_color=&#8221;#feead5&#8243; header_2_font_size=&#8221;36px&#8221; custom_margin=&#8221;|31px|19px|31px|false|true&#8221; custom_margin_tablet=&#8221;|0px||0px|false|true&#8221; custom_margin_phone=&#8221;|20px||20px|false|true&#8221; custom_margin_last_edited=&#8221;on|phone&#8221; custom_padding=&#8221;47px|19px||19px|false|true&#8221; custom_padding_tablet=&#8221;|19px||19px|false|true&#8221; custom_padding_phone=&#8221;|32px||32px|false|true&#8221; custom_padding_last_edited=&#8221;on|phone&#8221; header_2_font_size_tablet=&#8221;33px&#8221; header_2_font_size_phone=&#8221;25px&#8221; header_2_font_size_last_edited=&#8221;on|phone&#8221; border_color_right=&#8221;#fbbe00&#8243; border_color_left=&#8221;#fbbe00&#8243; global_colors_info=&#8221;{}&#8221;]<\/p>\n<h2>Cine colombiano y brasile\u00f1o hecho por personas negras y afroind\u00edgenas<\/h2>\n<p>[\/et_pb_text][\/et_pb_column][\/et_pb_row][et_pb_row column_structure=&#8221;1_2,1_2&#8243; use_custom_gutter=&#8221;on&#8221; gutter_width=&#8221;1&#8243; _builder_version=&#8221;4.27.2&#8243; _module_preset=&#8221;default&#8221; width=&#8221;53%&#8221; width_tablet=&#8221;53%&#8221; width_phone=&#8221;100%&#8221; width_last_edited=&#8221;on|phone&#8221; custom_margin=&#8221;0px||0px||false|false&#8221; custom_padding=&#8221;0px||0px||false|false&#8221; global_colors_info=&#8221;{}&#8221;][et_pb_column type=&#8221;1_2&#8243; _builder_version=&#8221;4.24.0&#8243; _module_preset=&#8221;default&#8221; global_colors_info=&#8221;{}&#8221;][et_pb_button button_url=&#8221;https:\/\/forms.gle\/gp7Hi9GDVh4EP2e49&#8243; url_new_window=&#8221;on&#8221; button_text=&#8221;Inscribite aqu\u00ed&#8221; button_alignment=&#8221;center&#8221; _builder_version=&#8221;4.27.2&#8243; _module_preset=&#8221;default&#8221; custom_button=&#8221;on&#8221; button_text_color=&#8221;#feead5&#8243; button_bg_color=&#8221;#ff4000&#8243; button_border_width=&#8221;0px&#8221; button_border_color=&#8221;#000000&#8243; button_border_radius=&#8221;30px&#8221; button_font=&#8221;|700|||||||&#8221; button_icon=&#8221;&#x6c;||divi||400&#8243; button_icon_placement=&#8221;left&#8221; button_on_hover=&#8221;off&#8221; custom_margin=&#8221;||||false|false&#8221; custom_margin_tablet=&#8221;||27px||false|false&#8221; custom_margin_phone=&#8221;||24px||false|false&#8221; custom_margin_last_edited=&#8221;on|phone&#8221; custom_padding=&#8221;|28px||51px|false|false&#8221; custom_padding_tablet=&#8221;|28px||51px|false|false&#8221; custom_padding_phone=&#8221;|28px||51px|false|false&#8221; custom_padding_last_edited=&#8221;on|phone&#8221; button_text_size_tablet=&#8221;&#8221; button_text_size_phone=&#8221;16px&#8221; button_text_size_last_edited=&#8221;on|phone&#8221; box_shadow_style=&#8221;preset1&#8243; global_colors_info=&#8221;{}&#8221; button_bg_color__hover=&#8221;#9c1a7a&#8221; button_bg_color__hover_enabled=&#8221;on|hover&#8221; button_text_color__hover_enabled=&#8221;on|hover&#8221; button_text_color__hover=&#8221;#feead5&#8243; button_bg_enable_color__hover=&#8221;on&#8221;][\/et_pb_button][\/et_pb_column][et_pb_column type=&#8221;1_2&#8243; _builder_version=&#8221;4.24.0&#8243; _module_preset=&#8221;default&#8221; global_colors_info=&#8221;{}&#8221;][et_pb_button button_url=&#8221;https:\/\/manosvisibles.org\/wp-content\/uploads\/2024\/10\/foco-II-Escuela-de-produccion-audiovisual-para-la-Equidad-Racial-II.pdf&#8221; url_new_window=&#8221;on&#8221; button_text=&#8221;Documento de convocatoria&#8221; button_alignment=&#8221;center&#8221; _builder_version=&#8221;4.27.2&#8243; _module_preset=&#8221;default&#8221; custom_button=&#8221;on&#8221; button_text_color=&#8221;#feead5&#8243; button_bg_color=&#8221;#ff4000&#8243; button_border_width=&#8221;0px&#8221; button_border_color=&#8221;#000000&#8243; button_border_radius=&#8221;30px&#8221; button_font=&#8221;|700|||||||&#8221; button_icon=&#8221;&#xf1c1;||fa||400&#8243; button_icon_placement=&#8221;left&#8221; button_on_hover=&#8221;off&#8221; custom_margin=&#8221;||||false|false&#8221; custom_margin_tablet=&#8221;||27px||false|false&#8221; custom_margin_phone=&#8221;||24px||false|false&#8221; custom_margin_last_edited=&#8221;on|phone&#8221; custom_padding=&#8221;|28px||51px|false|false&#8221; custom_padding_tablet=&#8221;|28px||51px|false|false&#8221; custom_padding_phone=&#8221;|28px||51px|false|false&#8221; custom_padding_last_edited=&#8221;on|phone&#8221; button_text_size_tablet=&#8221;&#8221; button_text_size_phone=&#8221;16px&#8221; button_text_size_last_edited=&#8221;on|phone&#8221; box_shadow_style=&#8221;preset1&#8243; global_colors_info=&#8221;{}&#8221; button_bg_color__hover=&#8221;#9c1a7a&#8221; button_bg_color__hover_enabled=&#8221;on|hover&#8221; button_text_color__hover_enabled=&#8221;on|hover&#8221; button_text_color__hover=&#8221;#feead5&#8243;][\/et_pb_button][\/et_pb_column][\/et_pb_row][et_pb_row _builder_version=&#8221;4.24.1&#8243; _module_preset=&#8221;default&#8221; background_enable_color=&#8221;off&#8221; width=&#8221;32%&#8221; width_tablet=&#8221;100%&#8221; width_phone=&#8221;100%&#8221; width_last_edited=&#8221;on|phone&#8221; custom_margin=&#8221;22px|auto|0px|auto|false|false&#8221; custom_padding=&#8221;31px||0px||false|false&#8221; border_color_all=&#8221;#fbbe00&#8243; border_width_top_tablet=&#8221;0px&#8221; border_width_top_phone=&#8221;0px&#8221; border_width_top_last_edited=&#8221;on|tablet&#8221; global_colors_info=&#8221;{}&#8221;][et_pb_column type=&#8221;4_4&#8243; _builder_version=&#8221;4.24.0&#8243; _module_preset=&#8221;default&#8221; global_colors_info=&#8221;{}&#8221;][et_pb_text _builder_version=&#8221;4.27.2&#8243; _module_preset=&#8221;_initial&#8221; text_text_color=&#8221;#feead5&#8243; text_font_size=&#8221;23px&#8221; header_2_text_align=&#8221;center&#8221; header_2_text_color=&#8221;#ec6408&#8243; header_2_font_size=&#8221;35px&#8221; text_orientation=&#8221;center&#8221; custom_margin=&#8221;||32px|||&#8221; custom_padding=&#8221;||||false|true&#8221; global_colors_info=&#8221;{}&#8221;]<\/p>\n<h2>Fecha de apertura<\/h2>\n<p>17 de octubre<br \/><strong><\/strong><\/p>\n<p>[\/et_pb_text][et_pb_text _builder_version=&#8221;4.27.2&#8243; _module_preset=&#8221;_initial&#8221; text_text_color=&#8221;#feead5&#8243; text_font_size=&#8221;23px&#8221; header_2_text_align=&#8221;center&#8221; header_2_text_color=&#8221;#ec6408&#8243; header_2_font_size=&#8221;35px&#8221; text_orientation=&#8221;center&#8221; custom_margin=&#8221;||32px|||&#8221; custom_padding=&#8221;||||false|true&#8221; global_colors_info=&#8221;{}&#8221;]<\/p>\n<h2>Fecha de cierre<\/h2>\n<p>05 de noviembre<br \/><strong><\/strong><\/p>\n<p>[\/et_pb_text][\/et_pb_column][\/et_pb_row][et_pb_row use_custom_gutter=&#8221;on&#8221; gutter_width=&#8221;1&#8243; _builder_version=&#8221;4.27.2&#8243; _module_preset=&#8221;default&#8221; width_tablet=&#8221;53%&#8221; width_phone=&#8221;100%&#8221; width_last_edited=&#8221;on|phone&#8221; custom_margin=&#8221;0px||0px||false|false&#8221; custom_padding=&#8221;0px||0px||false|false&#8221; locked=&#8221;off&#8221; global_colors_info=&#8221;{}&#8221;][et_pb_column type=&#8221;4_4&#8243; _builder_version=&#8221;4.24.0&#8243; _module_preset=&#8221;default&#8221; global_colors_info=&#8221;{}&#8221;][et_pb_image src=&#8221;https:\/\/manosvisibles.org\/wp-content\/uploads\/2024\/10\/logos-focoII-2.png&#8221; show_bottom_space=&#8221;off&#8221; align=&#8221;center&#8221; _builder_version=&#8221;4.27.2&#8243; _module_preset=&#8221;default&#8221; width_tablet=&#8221;&#8221; width_phone=&#8221;92%&#8221; width_last_edited=&#8221;on|phone&#8221; custom_margin=&#8221;0px||0px||false|false&#8221; custom_padding=&#8221;0px||48px||false|false&#8221; global_colors_info=&#8221;{}&#8221;][\/et_pb_image][\/et_pb_column][\/et_pb_row][\/et_pb_section][et_pb_section fb_built=&#8221;1&#8243; disabled_on=&#8221;off|off|on&#8221; admin_label=&#8221;celular-01&#8243; _builder_version=&#8221;4.27.2&#8243; _module_preset=&#8221;default&#8221; background_enable_color=&#8221;off&#8221; background_enable_image=&#8221;off&#8221; custom_margin=&#8221;0px||||false|false&#8221; custom_padding=&#8221;0px||0px||false|false&#8221; top_divider_style=&#8221;curve&#8221; top_divider_color=&#8221;#302874&#8243; top_divider_height=&#8221;43px&#8221; top_divider_repeat=&#8221;1x&#8221; top_divider_flip=&#8221;vertical|horizontal&#8221; top_divider_arrangement=&#8221;above_content&#8221; bottom_divider_color=&#8221;#09CBFF&#8221; bottom_divider_arrangement=&#8221;above_content&#8221; bottom_divider_height_tablet=&#8221;&#8221; bottom_divider_height_phone=&#8221;20px&#8221; bottom_divider_height_last_edited=&#8221;on|phone&#8221; border_color_top=&#8221;#1aaf98&#8243; global_colors_info=&#8221;{}&#8221;][et_pb_row column_structure=&#8221;1_2,1_2&#8243; use_custom_gutter=&#8221;on&#8221; gutter_width=&#8221;1&#8243; _builder_version=&#8221;4.27.2&#8243; _module_preset=&#8221;default&#8221; width=&#8221;100%&#8221; max_width=&#8221;100%&#8221; custom_margin=&#8221;0px||0px||false|false&#8221; custom_padding=&#8221;0px||0px||false|false&#8221; global_colors_info=&#8221;{}&#8221;][et_pb_column type=&#8221;1_2&#8243; _builder_version=&#8221;4.27.2&#8243; _module_preset=&#8221;default&#8221; background_image=&#8221;https:\/\/manosvisibles.org\/wp-content\/uploads\/2024\/10\/foco-II-f1.webp&#8221; custom_padding=&#8221;0px||0px||false|false&#8221; global_colors_info=&#8221;{}&#8221;][et_pb_divider show_divider=&#8221;off&#8221; _builder_version=&#8221;4.24.2&#8243; _module_preset=&#8221;default&#8221; custom_margin=&#8221;||0px||false|false&#8221; custom_padding=&#8221;108px||108px||true|false&#8221; global_colors_info=&#8221;{}&#8221;][\/et_pb_divider][\/et_pb_column][et_pb_column type=&#8221;1_2&#8243; _builder_version=&#8221;4.27.2&#8243; _module_preset=&#8221;default&#8221; background_color=&#8221;#9c1a7a&#8221; custom_padding=&#8221;0px||0px||false|false&#8221; global_colors_info=&#8221;{}&#8221;][et_pb_text _builder_version=&#8221;4.27.2&#8243; _module_preset=&#8221;_initial&#8221; text_font=&#8221;Montserrat|300|||||||&#8221; text_text_color=&#8221;#FFFFFF&#8221; text_font_size=&#8221;20px&#8221; text_line_height=&#8221;27px&#8221; header_2_font=&#8221;Montserrat|300|||||||&#8221; header_2_text_align=&#8221;center&#8221; header_2_text_color=&#8221;#feead5&#8243; header_2_font_size=&#8221;35px&#8221; custom_margin=&#8221;5px|140px|26px||false|false&#8221; custom_margin_tablet=&#8221;0px|0px|28px|0px|false|false&#8221; custom_margin_phone=&#8221;0px|0px|0px|0px|false|false&#8221; custom_margin_last_edited=&#8221;on|phone&#8221; custom_padding=&#8221;121px||||false|true&#8221; custom_padding_tablet=&#8221;21px|40px|0px|40px|false|true&#8221; custom_padding_phone=&#8221;20px|27px|25px|27px|false|true&#8221; custom_padding_last_edited=&#8221;on|phone&#8221; locked=&#8221;off&#8221; global_colors_info=&#8221;{}&#8221;]<\/p>\n<h2><strong>\u00bfQu\u00e9 es FOCO?<br \/><\/strong><\/h2>\n<p>FOCO es la Escuela de Producci\u00f3n Audiovisual para la reparaci\u00f3n hist\u00f3rica y la equidad racial, que surge de la alianza entre la Asociaci\u00f3n de Profesionales Audiovisuales Negros de Brasil y Manos Visibles (Colombia). Buscamos fortalecer una masa cr\u00edtica de 40 realizadores audiovisuales con inter\u00e9s en direcci\u00f3n, gui\u00f3n, curadur\u00eda, producci\u00f3n ejecutiva y gesti\u00f3n de pol\u00edticas audiovisuales en Brasil y Colombia que ejercen un liderazgo cultural de vanguardia para crear nuevas narrativas audiovisuales afrolatinas.<\/p>\n<p>[\/et_pb_text][\/et_pb_column][\/et_pb_row][et_pb_row column_structure=&#8221;1_3,1_3,1_3&#8243; use_custom_gutter=&#8221;on&#8221; gutter_width=&#8221;1&#8243; _builder_version=&#8221;4.27.2&#8243; _module_preset=&#8221;default&#8221; width=&#8221;100%&#8221; max_width=&#8221;100%&#8221; custom_margin=&#8221;0px||0px||false|false&#8221; custom_padding=&#8221;0px||0px||false|false&#8221; global_colors_info=&#8221;{}&#8221;][et_pb_column type=&#8221;1_3&#8243; _builder_version=&#8221;4.27.2&#8243; _module_preset=&#8221;default&#8221; background_image=&#8221;https:\/\/manosvisibles.org\/wp-content\/uploads\/2024\/10\/foco-II-f2a.webp&#8221; custom_padding=&#8221;0px||0px||false|false&#8221; global_colors_info=&#8221;{}&#8221;][et_pb_divider show_divider=&#8221;off&#8221; _builder_version=&#8221;4.24.2&#8243; _module_preset=&#8221;default&#8221; custom_margin=&#8221;||0px||false|false&#8221; custom_padding=&#8221;108px||108px||true|false&#8221; global_colors_info=&#8221;{}&#8221;][\/et_pb_divider][\/et_pb_column][et_pb_column type=&#8221;1_3&#8243; _builder_version=&#8221;4.27.2&#8243; _module_preset=&#8221;default&#8221; background_color=&#8221;#2a226b&#8221; custom_padding=&#8221;0px||0px||false|false&#8221; global_colors_info=&#8221;{}&#8221;][et_pb_text _builder_version=&#8221;4.27.2&#8243; _module_preset=&#8221;_initial&#8221; text_font=&#8221;Montserrat|300|||||||&#8221; text_text_color=&#8221;#FFFFFF&#8221; text_font_size=&#8221;20px&#8221; text_line_height=&#8221;27px&#8221; header_2_font=&#8221;Montserrat|300|||||||&#8221; header_2_text_align=&#8221;center&#8221; header_2_text_color=&#8221;#feead5&#8243; header_2_font_size=&#8221;35px&#8221; custom_margin=&#8221;5px|140px|26px||false|false&#8221; custom_margin_tablet=&#8221;0px|0px|28px|0px|false|false&#8221; custom_margin_phone=&#8221;0px|0px|0px|0px|false|false&#8221; custom_margin_last_edited=&#8221;on|phone&#8221; custom_padding=&#8221;121px||||false|true&#8221; custom_padding_tablet=&#8221;21px|40px|0px|40px|false|true&#8221; custom_padding_phone=&#8221;20px|27px|25px|27px|false|true&#8221; custom_padding_last_edited=&#8221;on|phone&#8221; hover_enabled=&#8221;0&#8243; locked=&#8221;off&#8221; global_colors_info=&#8221;{}&#8221; sticky_enabled=&#8221;0&#8243;]<\/p>\n<h2><strong>Requisitos<\/strong><\/h2>\n<ul>\n<li aria-level=\"1\"><span style=\"font-weight: 400;\">Autoreconocimiento como persona <\/span><span style=\"font-weight: 400;\">afrodescendiente y afroind\u00edgena <\/span><span style=\"font-weight: 400;\">de Brasil o Colombia.<\/span><\/li>\n<li aria-level=\"1\"><span style=\"font-weight: 400;\">Ser mayor de edad<\/span><\/li>\n<li aria-level=\"1\"><span style=\"font-weight: 400;\">Demostrar alguna experiencia en el sector audiovisual o cultural con evidencia de su producci\u00f3n o participaci\u00f3n en proyectos en los \u00faltimos tres (3) a\u00f1os.<\/span><\/li>\n<li aria-level=\"1\"><span style=\"font-weight: 400;\">Demostrar inter\u00e9s en profundizar conocimientos en: direcci\u00f3n, gui\u00f3n, curadur\u00eda, producci\u00f3n ejecutiva y gesti\u00f3n de pol\u00edticas culturales.<\/span><\/li>\n<li aria-level=\"1\"><span style=\"font-weight: 400;\">Disponibilidad de tiempo para completar el programa. <\/span><b>Las sesiones se realizar\u00e1n de 17 a 19 horas (Colombia) y de 19 a 21 horas (Brasil).<\/b><\/li>\n<li aria-level=\"1\"><span style=\"font-weight: 400;\">Contar con las herramientas necesarias para el desarrollo de la capacitaci\u00f3n virtual (computadora, tableta o celular, conexi\u00f3n a internet o plan de datos)<\/span><\/li>\n<\/ul>\n<p>&nbsp;<\/p>\n<p>[\/et_pb_text][\/et_pb_column][et_pb_column type=&#8221;1_3&#8243; _builder_version=&#8221;4.27.2&#8243; _module_preset=&#8221;default&#8221; background_enable_video_mp4=&#8221;off&#8221; global_colors_info=&#8221;{}&#8221;][et_pb_video src=&#8221;https:\/\/www.youtube.com\/watch?v=CYZT1Uvrahw&#8221; _builder_version=&#8221;4.27.2&#8243; _module_preset=&#8221;default&#8221; global_colors_info=&#8221;{}&#8221;][\/et_pb_video][\/et_pb_column][\/et_pb_row][et_pb_row use_custom_gutter=&#8221;on&#8221; gutter_width=&#8221;1&#8243; _builder_version=&#8221;4.27.2&#8243; _module_preset=&#8221;default&#8221; width=&#8221;100%&#8221; max_width=&#8221;100%&#8221; custom_margin=&#8221;0px||0px||false|false&#8221; custom_padding=&#8221;0px||0px||false|false&#8221; locked=&#8221;off&#8221; global_colors_info=&#8221;{}&#8221;][et_pb_column type=&#8221;4_4&#8243; _builder_version=&#8221;4.27.2&#8243; _module_preset=&#8221;default&#8221; background_color=&#8221;#9c1a7a&#8221; custom_padding=&#8221;0px||0px||false|false&#8221; global_colors_info=&#8221;{}&#8221;][et_pb_text _builder_version=&#8221;4.27.2&#8243; _module_preset=&#8221;_initial&#8221; text_font=&#8221;Montserrat|300|||||||&#8221; text_text_color=&#8221;#FFFFFF&#8221; text_font_size=&#8221;20px&#8221; text_line_height=&#8221;27px&#8221; header_2_font=&#8221;Montserrat|300|||||||&#8221; header_2_text_align=&#8221;center&#8221; header_2_text_color=&#8221;#feead5&#8243; header_2_font_size=&#8221;35px&#8221; custom_margin=&#8221;5px|140px|26px||false|false&#8221; custom_margin_tablet=&#8221;0px|0px|28px|0px|false|false&#8221; custom_margin_phone=&#8221;0px|0px|0px|0px|false|false&#8221; custom_margin_last_edited=&#8221;on|phone&#8221; custom_padding=&#8221;121px||||false|true&#8221; custom_padding_tablet=&#8221;21px|40px|0px|40px|false|true&#8221; custom_padding_phone=&#8221;20px|27px|25px|27px|false|true&#8221; custom_padding_last_edited=&#8221;on|phone&#8221; hover_enabled=&#8221;0&#8243; locked=&#8221;off&#8221; global_colors_info=&#8221;{}&#8221; sticky_enabled=&#8221;0&#8243;]<\/p>\n<h2><strong>La apuesta de la segunda versi\u00f3n<\/strong><\/h2>\n<p>La primera versi\u00f3n de Escola FOCO reuni\u00f3 a m\u00e1s de 15 tutores de ambos pa\u00edses y al menos 35 participantes para pensar, reflexionar y proponer formas en las que nos narramos y nos vemos en las pantallas de Colombia y Brasil. En esta segunda edici\u00f3n queremos profundizar en las formas de crear, producir y distribuir la imagen negra en el audiovisual; Adem\u00e1s, buscamos intercambiar experiencias sobre procesos de colaboraci\u00f3n binacional y comprender la din\u00e1mica en la formulaci\u00f3n de pol\u00edticas p\u00fablicas en torno al audiovisual en ambos pa\u00edses.<\/p>\n<p>[\/et_pb_text][\/et_pb_column][\/et_pb_row][\/et_pb_section][et_pb_section fb_built=&#8221;1&#8243; disabled_on=&#8221;on|on|off&#8221; _builder_version=&#8221;4.27.2&#8243; _module_preset=&#8221;default&#8221; background_enable_color=&#8221;off&#8221; background_enable_image=&#8221;off&#8221; custom_margin=&#8221;0px||||false|false&#8221; custom_padding=&#8221;0px||0px||false|false&#8221; top_divider_style=&#8221;curve&#8221; top_divider_color=&#8221;#302874&#8243; top_divider_height=&#8221;43px&#8221; top_divider_repeat=&#8221;1x&#8221; top_divider_flip=&#8221;vertical|horizontal&#8221; top_divider_arrangement=&#8221;above_content&#8221; bottom_divider_color=&#8221;#09CBFF&#8221; bottom_divider_arrangement=&#8221;above_content&#8221; bottom_divider_height_tablet=&#8221;&#8221; bottom_divider_height_phone=&#8221;20px&#8221; bottom_divider_height_last_edited=&#8221;on|phone&#8221; border_color_top=&#8221;#1aaf98&#8243; global_colors_info=&#8221;{}&#8221;][et_pb_row column_structure=&#8221;1_2,1_2&#8243; use_custom_gutter=&#8221;on&#8221; gutter_width=&#8221;1&#8243; make_equal=&#8221;on&#8221; disabled_on=&#8221;off|off|off&#8221; _builder_version=&#8221;4.27.2&#8243; _module_preset=&#8221;default&#8221; width=&#8221;100%&#8221; width_tablet=&#8221;&#8221; width_phone=&#8221;100%&#8221; width_last_edited=&#8221;on|phone&#8221; max_width=&#8221;100%&#8221; custom_margin=&#8221;0px|auto|0px|auto|false|false&#8221; custom_padding=&#8221;0px||0px||false|false&#8221; border_color_top=&#8221;#ee2c8c&#8221; global_colors_info=&#8221;{}&#8221;][et_pb_column type=&#8221;1_2&#8243; disabled_on=&#8221;off|off|off&#8221; _builder_version=&#8221;4.27.2&#8243; _module_preset=&#8221;default&#8221; background_image=&#8221;https:\/\/manosvisibles.org\/wp-content\/uploads\/2024\/10\/foco-II-f1.webp&#8221; background_enable_video_mp4=&#8221;off&#8221; background_last_edited=&#8221;on|phone&#8221; global_colors_info=&#8221;{}&#8221;][et_pb_divider show_divider=&#8221;off&#8221; _builder_version=&#8221;4.24.2&#8243; _module_preset=&#8221;default&#8221; custom_padding=&#8221;259px||259px||true|false&#8221; custom_padding_tablet=&#8221;259px||259px||true|false&#8221; custom_padding_phone=&#8221;130px||130px||true|false&#8221; custom_padding_last_edited=&#8221;on|phone&#8221; global_colors_info=&#8221;{}&#8221;][\/et_pb_divider][\/et_pb_column][et_pb_column type=&#8221;1_2&#8243; _builder_version=&#8221;4.27.2&#8243; _module_preset=&#8221;default&#8221; background_color=&#8221;#9c1a7a&#8221; custom_padding=&#8221;|70px||70px|false|true&#8221; global_colors_info=&#8221;{}&#8221;][et_pb_text _builder_version=&#8221;4.27.2&#8243; _module_preset=&#8221;_initial&#8221; text_font=&#8221;Montserrat|300|||||||&#8221; text_text_color=&#8221;#feead5&#8243; text_font_size=&#8221;20px&#8221; text_line_height=&#8221;27px&#8221; header_2_font=&#8221;Montserrat|300|||||||&#8221; header_2_text_align=&#8221;left&#8221; header_2_text_color=&#8221;#feead5&#8243; header_2_font_size=&#8221;35px&#8221; custom_margin=&#8221;5px|140px|26px||false|false&#8221; custom_margin_tablet=&#8221;50px||28px|15px|false|false&#8221; custom_margin_phone=&#8221;0px||28px|15px|false|false&#8221; custom_margin_last_edited=&#8221;on|phone&#8221; custom_padding=&#8221;121px||||false|true&#8221; custom_padding_tablet=&#8221;|42px||42px|false|true&#8221; custom_padding_phone=&#8221;|17px||17px|false|true&#8221; custom_padding_last_edited=&#8221;on|phone&#8221; locked=&#8221;off&#8221; global_colors_info=&#8221;{}&#8221;]<\/p>\n<h2><strong>\u00bfQu\u00e9 es FOCO?<br \/><\/strong><\/h2>\n<p>FOCO es la Escuela de Producci\u00f3n Audiovisual para la reparaci\u00f3n hist\u00f3rica y la equidad racial, que surge de la alianza entre la Asociaci\u00f3n de Profesionales Audiovisuales Negros de Brasil y Manos Visibles (Colombia). Buscamos fortalecer una masa cr\u00edtica de 40 realizadores audiovisuales con inter\u00e9s en direcci\u00f3n, gui\u00f3n, curadur\u00eda, producci\u00f3n ejecutiva y gesti\u00f3n de pol\u00edticas audiovisuales en Brasil y Colombia que ejercen un liderazgo cultural de vanguardia para crear nuevas narrativas audiovisuales afrolatinas.<\/p>\n<p>[\/et_pb_text][\/et_pb_column][\/et_pb_row][\/et_pb_section][et_pb_section fb_built=&#8221;1&#8243; disabled_on=&#8221;on|on|off&#8221; _builder_version=&#8221;4.27.2&#8243; _module_preset=&#8221;default&#8221; background_enable_color=&#8221;off&#8221; background_enable_image=&#8221;off&#8221; z_index=&#8221;1&#8243; custom_margin=&#8221;0px||||false|false&#8221; custom_padding=&#8221;0px||0px||false|false&#8221; top_divider_color=&#8221;#FFFFFF&#8221; top_divider_height=&#8221;43px&#8221; top_divider_repeat=&#8221;1x&#8221; top_divider_flip=&#8221;vertical|horizontal&#8221; top_divider_arrangement=&#8221;above_content&#8221; bottom_divider_style=&#8221;curve&#8221; bottom_divider_color=&#8221;#2a226b&#8221; bottom_divider_height=&#8221;57px&#8221; bottom_divider_repeat=&#8221;1x&#8221; bottom_divider_flip=&#8221;vertical&#8221; bottom_divider_arrangement=&#8221;above_content&#8221; bottom_divider_height_tablet=&#8221;&#8221; bottom_divider_height_phone=&#8221;20px&#8221; bottom_divider_height_last_edited=&#8221;on|phone&#8221; border_color_top=&#8221;#1aaf98&#8243; global_colors_info=&#8221;{}&#8221;][et_pb_row column_structure=&#8221;1_2,1_2&#8243; use_custom_gutter=&#8221;on&#8221; gutter_width=&#8221;1&#8243; make_equal=&#8221;on&#8221; disabled_on=&#8221;off|off|off&#8221; _builder_version=&#8221;4.27.2&#8243; _module_preset=&#8221;default&#8221; width=&#8221;100%&#8221; width_tablet=&#8221;&#8221; width_phone=&#8221;100%&#8221; width_last_edited=&#8221;on|phone&#8221; max_width=&#8221;100%&#8221; custom_margin=&#8221;0px|auto|0px|auto|false|false&#8221; custom_padding=&#8221;0px||0px||false|false&#8221; border_color_top=&#8221;#ee2c8c&#8221; global_colors_info=&#8221;{}&#8221;][et_pb_column type=&#8221;1_2&#8243; _builder_version=&#8221;4.27.2&#8243; _module_preset=&#8221;default&#8221; background_color=&#8221;#2a226b&#8221; custom_padding=&#8221;|70px||70px|false|true&#8221; global_colors_info=&#8221;{}&#8221;][et_pb_text _builder_version=&#8221;4.27.2&#8243; _module_preset=&#8221;_initial&#8221; text_font=&#8221;Montserrat|300|||||||&#8221; text_text_color=&#8221;#feead5&#8243; text_font_size=&#8221;20px&#8221; text_line_height=&#8221;27px&#8221; header_2_font=&#8221;Montserrat|300|||||||&#8221; header_2_text_align=&#8221;left&#8221; header_2_text_color=&#8221;#feead5&#8243; header_2_font_size=&#8221;35px&#8221; custom_margin=&#8221;5px||-22px|22px|false|false&#8221; custom_margin_tablet=&#8221;50px||28px|15px|false|false&#8221; custom_margin_phone=&#8221;0px||28px|15px|false|false&#8221; custom_margin_last_edited=&#8221;on|phone&#8221; custom_padding=&#8221;78px||||false|true&#8221; custom_padding_tablet=&#8221;|42px||42px|false|true&#8221; custom_padding_phone=&#8221;|17px||17px|false|true&#8221; custom_padding_last_edited=&#8221;on|phone&#8221; hover_enabled=&#8221;0&#8243; locked=&#8221;off&#8221; global_colors_info=&#8221;{}&#8221; sticky_enabled=&#8221;0&#8243;]<\/p>\n<h2><strong>Requisitos<\/strong><\/h2>\n<ul>\n<li aria-level=\"1\"><span style=\"font-weight: 400;\">Autoreconocimiento como persona <\/span><span style=\"font-weight: 400;\">afrodescendiente y afroind\u00edgena <\/span><span style=\"font-weight: 400;\">de Brasil o Colombia.<\/span><\/li>\n<li aria-level=\"1\"><span style=\"font-weight: 400;\">Ser mayor de edad<\/span><\/li>\n<li aria-level=\"1\"><span style=\"font-weight: 400;\">Demostrar alguna experiencia en el sector audiovisual o cultural con evidencia de su producci\u00f3n o participaci\u00f3n en proyectos en los \u00faltimos tres (3) a\u00f1os.<\/span><\/li>\n<li aria-level=\"1\"><span style=\"font-weight: 400;\">Demostrar inter\u00e9s en profundizar conocimientos en: direcci\u00f3n, gui\u00f3n, curadur\u00eda, producci\u00f3n ejecutiva y gesti\u00f3n de pol\u00edticas culturales.<\/span><\/li>\n<li aria-level=\"1\"><span style=\"font-weight: 400;\">Disponibilidad de tiempo para completar el programa. <\/span><b>Las sesiones se realizar\u00e1n de 17 a 19 horas (Colombia) y de 19 a 21 horas (Brasil).<\/b><\/li>\n<li aria-level=\"1\"><span style=\"font-weight: 400;\">Contar con las herramientas necesarias para el desarrollo de la capacitaci\u00f3n virtual (computadora, tableta o celular, conexi\u00f3n a internet o plan de datos)<\/span><\/li>\n<\/ul>\n<ul><\/ul>\n<p>[\/et_pb_text][\/et_pb_column][et_pb_column type=&#8221;1_2&#8243; disabled_on=&#8221;on|on|off&#8221; _builder_version=&#8221;4.27.2&#8243; _module_preset=&#8221;default&#8221; background_image=&#8221;https:\/\/manosvisibles.org\/wp-content\/uploads\/2024\/10\/foco-II-f2a.webp&#8221; background_enable_video_mp4=&#8221;off&#8221; global_colors_info=&#8221;{}&#8221;][et_pb_divider show_divider=&#8221;off&#8221; _builder_version=&#8221;4.24.2&#8243; _module_preset=&#8221;default&#8221; custom_padding=&#8221;259px||259px||true|false&#8221; global_colors_info=&#8221;{}&#8221;][\/et_pb_divider][\/et_pb_column][\/et_pb_row][\/et_pb_section][et_pb_section fb_built=&#8221;1&#8243; disabled_on=&#8221;on|on|off&#8221; _builder_version=&#8221;4.27.2&#8243; _module_preset=&#8221;default&#8221; background_color=&#8221;#2a226b&#8221; background_enable_image=&#8221;off&#8221; background_enable_video_mp4=&#8221;off&#8221; custom_margin=&#8221;||||true|false&#8221; custom_padding=&#8221;0px||0px||true|false&#8221; top_divider_style=&#8221;curve&#8221; top_divider_color=&#8221;#2a226b&#8221; top_divider_flip=&#8221;vertical&#8221; top_divider_arrangement=&#8221;above_content&#8221; bottom_divider_style=&#8221;curve&#8221; bottom_divider_color=&#8221;#9c1a7a&#8221; bottom_divider_height=&#8221;56px&#8221; bottom_divider_flip=&#8221;vertical&#8221; bottom_divider_arrangement=&#8221;above_content&#8221; background_last_edited=&#8221;on|desktop&#8221; global_colors_info=&#8221;{}&#8221;][et_pb_row use_custom_gutter=&#8221;on&#8221; gutter_width=&#8221;1&#8243; make_equal=&#8221;on&#8221; custom_padding_last_edited=&#8221;on|tablet&#8221; _builder_version=&#8221;4.27.2&#8243; _module_preset=&#8221;default&#8221; background_enable_color=&#8221;off&#8221; background_enable_video_mp4=&#8221;off&#8221; width=&#8221;100%&#8221; max_width=&#8221;2560px&#8221; custom_margin=&#8221;0px|0px|0px|0px|false|false&#8221; custom_padding=&#8221;0px|0px|0px|0px|true|false&#8221; custom_padding_tablet=&#8221;113px|0px|113px|0px|true|false&#8221; custom_padding_phone=&#8221;29px|0px|29px|0px|true|false&#8221; border_color_top=&#8221;#0497af&#8221; global_colors_info=&#8221;{}&#8221;][et_pb_column type=&#8221;4_4&#8243; _builder_version=&#8221;4.24.0&#8243; _module_preset=&#8221;default&#8221; global_colors_info=&#8221;{}&#8221;][et_pb_video src=&#8221;https:\/\/www.youtube.com\/watch?v=CYZT1Uvrahw&#8221; _builder_version=&#8221;4.27.2&#8243; _module_preset=&#8221;default&#8221; global_colors_info=&#8221;{}&#8221;][\/et_pb_video][\/et_pb_column][\/et_pb_row][\/et_pb_section][et_pb_section fb_built=&#8221;1&#8243; disabled_on=&#8221;on|on|off&#8221; _builder_version=&#8221;4.27.2&#8243; _module_preset=&#8221;default&#8221; background_color=&#8221;#9c1a7a&#8221; custom_margin=&#8221;||||false|false&#8221; custom_padding=&#8221;0px||35px||false|false&#8221; top_divider_style=&#8221;curve&#8221; top_divider_color=&#8221;#9c1a7a&#8221; top_divider_height=&#8221;91px&#8221; top_divider_repeat=&#8221;1x&#8221; top_divider_flip=&#8221;vertical|horizontal&#8221; top_divider_arrangement=&#8221;above_content&#8221; bottom_divider_style=&#8221;curve&#8221; bottom_divider_color=&#8221;#FFFFFF&#8221; bottom_divider_height=&#8221;54px&#8221; bottom_divider_flip=&#8221;vertical&#8221; bottom_divider_arrangement=&#8221;above_content&#8221; bottom_divider_height_tablet=&#8221;&#8221; bottom_divider_height_phone=&#8221;20px&#8221; bottom_divider_height_last_edited=&#8221;on|phone&#8221; border_color_top=&#8221;#1aaf98&#8243; locked=&#8221;off&#8221; global_colors_info=&#8221;{}&#8221;][et_pb_row column_structure=&#8221;1_2,1_2&#8243; use_custom_gutter=&#8221;on&#8221; gutter_width=&#8221;1&#8243; make_equal=&#8221;on&#8221; disabled_on=&#8221;off|off|off&#8221; _builder_version=&#8221;4.27.2&#8243; _module_preset=&#8221;default&#8221; width=&#8221;100%&#8221; width_tablet=&#8221;&#8221; width_phone=&#8221;100%&#8221; width_last_edited=&#8221;on|phone&#8221; max_width=&#8221;100%&#8221; custom_margin=&#8221;0px|auto|-34px|auto|false|false&#8221; custom_padding=&#8221;0px||0px||false|false&#8221; border_color_top=&#8221;#ee2c8c&#8221; locked=&#8221;off&#8221; global_colors_info=&#8221;{}&#8221;][et_pb_column type=&#8221;1_2&#8243; disabled_on=&#8221;on|on|off&#8221; _builder_version=&#8221;4.27.2&#8243; _module_preset=&#8221;default&#8221; background_image=&#8221;https:\/\/manosvisibles.org\/wp-content\/uploads\/2024\/10\/foco-II-f3b.webp&#8221; background_enable_video_mp4=&#8221;off&#8221; global_colors_info=&#8221;{}&#8221;][et_pb_divider show_divider=&#8221;off&#8221; _builder_version=&#8221;4.24.2&#8243; _module_preset=&#8221;default&#8221; custom_padding=&#8221;417px||259px||false|false&#8221; global_colors_info=&#8221;{}&#8221;][\/et_pb_divider][\/et_pb_column][et_pb_column type=&#8221;1_2&#8243; _builder_version=&#8221;4.27.2&#8243; _module_preset=&#8221;default&#8221; background_color=&#8221;#9c1a7a&#8221; custom_padding=&#8221;|70px||70px|false|true&#8221; global_colors_info=&#8221;{}&#8221;][et_pb_text _builder_version=&#8221;4.27.2&#8243; _module_preset=&#8221;_initial&#8221; text_font=&#8221;Montserrat|300|||||||&#8221; text_text_color=&#8221;#FFFFFF&#8221; text_font_size=&#8221;20px&#8221; text_line_height=&#8221;27px&#8221; ul_text_color=&#8221;#feead5&#8243; header_2_font=&#8221;Montserrat|300|||||||&#8221; header_2_text_align=&#8221;left&#8221; header_2_text_color=&#8221;#feead5&#8243; header_2_font_size=&#8221;35px&#8221; custom_margin=&#8221;5px|96px|60px||false|false&#8221; custom_margin_tablet=&#8221;50px||28px|15px|false|false&#8221; custom_margin_phone=&#8221;0px||28px|15px|false|false&#8221; custom_margin_last_edited=&#8221;on|phone&#8221; custom_padding=&#8221;29px||||false|true&#8221; custom_padding_tablet=&#8221;|42px||42px|false|true&#8221; custom_padding_phone=&#8221;|17px||17px|false|true&#8221; custom_padding_last_edited=&#8221;on|phone&#8221; hover_enabled=&#8221;0&#8243; locked=&#8221;off&#8221; global_colors_info=&#8221;{}&#8221; sticky_enabled=&#8221;0&#8243;]<\/p>\n<h2><strong>La apuesta de la segunda versi\u00f3n<\/strong><\/h2>\n<p>La primera versi\u00f3n de Escola FOCO reuni\u00f3 a m\u00e1s de 15 tutores de ambos pa\u00edses y al menos 35 participantes para pensar, reflexionar y proponer formas en las que nos narramos y nos vemos en las pantallas de Colombia y Brasil. En esta segunda edici\u00f3n queremos profundizar en las formas de crear, producir y distribuir la imagen negra en el audiovisual; Adem\u00e1s, buscamos intercambiar experiencias sobre procesos de colaboraci\u00f3n binacional y comprender la din\u00e1mica en la formulaci\u00f3n de pol\u00edticas p\u00fablicas en torno al audiovisual en ambos pa\u00edses.<\/p>\n<p>[\/et_pb_text][\/et_pb_column][\/et_pb_row][\/et_pb_section][et_pb_section fb_built=&#8221;1&#8243; _builder_version=&#8221;4.24.1&#8243; _module_preset=&#8221;default&#8221; background_enable_color=&#8221;off&#8221; top_divider_flip=&#8221;vertical&#8221; top_divider_height_tablet=&#8221;&#8221; top_divider_height_phone=&#8221;20px&#8221; top_divider_height_last_edited=&#8221;on|phone&#8221; bottom_divider_style=&#8221;curve&#8221; bottom_divider_color=&#8221;#FFFFFF&#8221; border_color_top=&#8221;#fbbe00&#8243; global_colors_info=&#8221;{}&#8221;][et_pb_row custom_padding_last_edited=&#8221;on|phone&#8221; _builder_version=&#8221;4.24.1&#8243; _module_preset=&#8221;default&#8221; width_tablet=&#8221;&#8221; width_phone=&#8221;100%&#8221; width_last_edited=&#8221;on|phone&#8221; custom_padding=&#8221;0px|64px|10px|64px|false|true&#8221; custom_padding_tablet=&#8221;|0px||0px|false|true&#8221; custom_padding_phone=&#8221;|0px||0px|false|true&#8221; border_color_top=&#8221;#0497af&#8221; global_colors_info=&#8221;{}&#8221;][et_pb_column type=&#8221;4_4&#8243; _builder_version=&#8221;4.24.0&#8243; _module_preset=&#8221;default&#8221; global_colors_info=&#8221;{}&#8221;][et_pb_text _builder_version=&#8221;4.27.2&#8243; _module_preset=&#8221;_initial&#8221; text_font_size=&#8221;23px&#8221; header_2_font=&#8221;Montserrat|700|||||||&#8221; header_2_text_align=&#8221;center&#8221; header_2_text_color=&#8221;#9c1a7a&#8221; header_2_font_size=&#8221;50px&#8221; custom_margin=&#8221;22px||||false|false&#8221; custom_margin_tablet=&#8221;0px||20px||false|false&#8221; custom_margin_phone=&#8221;0px||12px||false|false&#8221; custom_margin_last_edited=&#8221;on|phone&#8221; custom_padding=&#8221;0px||0px||false|true&#8221; border_color_top=&#8221;#ee2c8c&#8221; locked=&#8221;off&#8221; global_colors_info=&#8221;{}&#8221;]<\/p>\n<h2>\u00bfC\u00f3mo inscribirse?<\/h2>\n<p>[\/et_pb_text][et_pb_text ul_item_indent=&#8221;64px&#8221; _builder_version=&#8221;4.27.2&#8243; _module_preset=&#8221;_initial&#8221; text_font=&#8221;Montserrat|300|||||||&#8221; text_font_size=&#8221;23px&#8221; ul_font_size=&#8221;22px&#8221; ul_line_height=&#8221;40px&#8221; ol_line_height=&#8221;30px&#8221; header_2_font=&#8221;Montserrat|700|||||||&#8221; header_2_text_align=&#8221;center&#8221; header_2_text_color=&#8221;#000000&#8243; header_2_font_size=&#8221;50px&#8221; custom_margin=&#8221;22px|20px||20px|false|true&#8221; custom_margin_tablet=&#8221;0px|0px||0px|false|true&#8221; custom_margin_phone=&#8221;-6px||||false|false&#8221; custom_margin_last_edited=&#8221;on|desktop&#8221; custom_padding=&#8221;9px||||false|true&#8221; custom_padding_tablet=&#8221;0px||||false|true&#8221; custom_padding_phone=&#8221;0px|22px||22px|false|true&#8221; custom_padding_last_edited=&#8221;on|tablet&#8221; ul_font_size_tablet=&#8221;&#8221; ul_font_size_phone=&#8221;18px&#8221; ul_font_size_last_edited=&#8221;on|desktop&#8221; ul_line_height_tablet=&#8221;30px&#8221; ul_line_height_phone=&#8221;25px&#8221; ul_line_height_last_edited=&#8221;on|phone&#8221; border_color_top=&#8221;#ee2c8c&#8221; locked=&#8221;off&#8221; global_colors_info=&#8221;{}&#8221;]<\/p>\n<ol>\n<li style=\"font-weight: 400;\" aria-level=\"1\">Lee el reglamento completo.<\/li>\n<li style=\"font-weight: 400;\" aria-level=\"1\">Aseg\u00farate de cumplir con todos los requisitos.<\/li>\n<li style=\"font-weight: 400;\" aria-level=\"1\">Prepara y ten a la mano los siguientes documentos:<\/li>\n<ul>\n<li style=\"font-weight: 400;\" aria-level=\"2\"><span style=\"font-weight: 400;\">Una copia escaneada de su documento de identidad.<\/span><\/li>\n<li style=\"font-weight: 400;\" aria-level=\"2\"><span style=\"font-weight: 400;\">V\u00eddeos y enlaces a proyectos audiovisuales que hayas realizado en los \u00faltimos 3 a\u00f1os. Esto es muy importante, as\u00ed que prepara todos los materiales que tengas.<\/span><\/li>\n<li style=\"font-weight: 400;\" aria-level=\"2\"><span style=\"font-weight: 400;\">Carta de intenci\u00f3n present\u00e1ndose y explicando las motivaciones para profundizar conocimientos en: direcci\u00f3n, gui\u00f3n, curadur\u00eda, producci\u00f3n ejecutiva y gesti\u00f3n de pol\u00edticas culturales. Adem\u00e1s de comunicar c\u00f3mo te ves aplicando los posibles conocimientos en la vida pr\u00e1ctica y cotidiana de tu comunidad.\u00a0<\/span><\/li>\n<li style=\"font-weight: 400;\" aria-level=\"2\"><span style=\"font-weight: 400;\">V\u00eddeo motivacional de m\u00e1ximo un minuto. Si no puedes adjuntarlo, env\u00edalo al correo electr\u00f3nico <\/span><a href=\"mailto:cultura@manosvisibles.org\"><span style=\"font-weight: 400;\">cultura@manosvisibles.org<\/span><\/a><span style=\"font-weight: 400;\"> o <\/span><a href=\"mailto:audiovisual@manosvisibles.org\"><span style=\"font-weight: 400;\">audiovisual@manosvisibles.org<\/span><\/a><span style=\"font-weight: 400;\">\u00a0<\/span><\/li>\n<\/ul>\n<li style=\"font-weight: 400;\" aria-level=\"1\"><span style=\"font-weight: 400;\">Acceso <\/span><a href=\"http:\/\/www.manosvisibles.org\"><span style=\"font-weight: 400;\">www.manosvisibles.org <\/span><\/a><span style=\"font-weight: 400;\">o <\/span><a href=\"http:\/\/www.apan.com.br\" target=\"_blank\" rel=\"noopener\"><span style=\"font-weight: 400;\">www.apan.com.br<\/span><\/a><span style=\"font-weight: 400;\"> a partir del 17 de Octubre\u00a0<\/span><\/li>\n<li style=\"font-weight: 400;\" aria-level=\"1\"><span style=\"font-weight: 400;\">En el sitio web de APAN, busque y complete el formulario de registro<\/span><span style=\"font-weight: 400;\">\u00e3o, o acceda directamente:<\/span><\/li>\n<\/ol>\n<p><span style=\"font-weight: 400;\">NOTA: Recuerde que el formulario no guarda sus respuestas, por lo que recomendamos revisar el siguiente enlace <\/span><span style=\"font-weight: 400;\">con la gu\u00eda de preguntas <\/span><\/p>\n<p>[\/et_pb_text][\/et_pb_column][\/et_pb_row][et_pb_row column_structure=&#8221;1_2,1_2&#8243; use_custom_gutter=&#8221;on&#8221; gutter_width=&#8221;1&#8243; _builder_version=&#8221;4.27.2&#8243; _module_preset=&#8221;default&#8221; width=&#8221;53%&#8221; width_tablet=&#8221;53%&#8221; width_phone=&#8221;100%&#8221; width_last_edited=&#8221;on|phone&#8221; custom_margin=&#8221;0px||0px||false|false&#8221; custom_padding=&#8221;26px||26px||true|false&#8221; locked=&#8221;off&#8221; global_colors_info=&#8221;{}&#8221;][et_pb_column type=&#8221;1_2&#8243; _builder_version=&#8221;4.24.0&#8243; _module_preset=&#8221;default&#8221; global_colors_info=&#8221;{}&#8221;][et_pb_button button_url=&#8221;https:\/\/forms.gle\/gp7Hi9GDVh4EP2e49&#8243; url_new_window=&#8221;on&#8221; button_text=&#8221;Inscribite aqu\u00ed&#8221; button_alignment=&#8221;center&#8221; _builder_version=&#8221;4.27.2&#8243; _module_preset=&#8221;default&#8221; custom_button=&#8221;on&#8221; button_text_color=&#8221;#feead5&#8243; button_bg_color=&#8221;#ff4000&#8243; button_border_width=&#8221;0px&#8221; button_border_color=&#8221;#000000&#8243; button_border_radius=&#8221;30px&#8221; button_font=&#8221;|700|||||||&#8221; button_icon=&#8221;&#x6c;||divi||400&#8243; button_icon_placement=&#8221;left&#8221; button_on_hover=&#8221;off&#8221; custom_margin=&#8221;||||false|false&#8221; custom_margin_tablet=&#8221;||27px||false|false&#8221; custom_margin_phone=&#8221;||24px||false|false&#8221; custom_margin_last_edited=&#8221;on|phone&#8221; custom_padding=&#8221;|28px||51px|false|false&#8221; custom_padding_tablet=&#8221;|28px||51px|false|false&#8221; custom_padding_phone=&#8221;|28px||51px|false|false&#8221; custom_padding_last_edited=&#8221;on|phone&#8221; button_text_size_tablet=&#8221;&#8221; button_text_size_phone=&#8221;16px&#8221; button_text_size_last_edited=&#8221;on|phone&#8221; box_shadow_style=&#8221;preset1&#8243; global_colors_info=&#8221;{}&#8221; button_bg_color__hover=&#8221;#9c1a7a&#8221; button_bg_color__hover_enabled=&#8221;on|hover&#8221; button_text_color__hover_enabled=&#8221;on|hover&#8221; button_text_color__hover=&#8221;#feead5&#8243; button_bg_enable_color__hover=&#8221;on&#8221;][\/et_pb_button][\/et_pb_column][et_pb_column type=&#8221;1_2&#8243; _builder_version=&#8221;4.24.0&#8243; _module_preset=&#8221;default&#8221; global_colors_info=&#8221;{}&#8221;][et_pb_button button_url=&#8221;https:\/\/manosvisibles.org\/wp-content\/uploads\/2024\/10\/foco-II-Escuela-de-produccion-audiovisual-para-la-Equidad-Racial-II.pdf&#8221; url_new_window=&#8221;on&#8221; button_text=&#8221;Documento de convocatoria&#8221; button_alignment=&#8221;center&#8221; _builder_version=&#8221;4.27.2&#8243; _module_preset=&#8221;default&#8221; custom_button=&#8221;on&#8221; button_text_color=&#8221;#feead5&#8243; button_bg_color=&#8221;#ff4000&#8243; button_border_width=&#8221;0px&#8221; button_border_color=&#8221;#000000&#8243; button_border_radius=&#8221;30px&#8221; button_font=&#8221;|700|||||||&#8221; button_icon=&#8221;&#xf1c1;||fa||400&#8243; button_icon_placement=&#8221;left&#8221; button_on_hover=&#8221;off&#8221; custom_margin=&#8221;||||false|false&#8221; custom_margin_tablet=&#8221;||27px||false|false&#8221; custom_margin_phone=&#8221;||24px||false|false&#8221; custom_margin_last_edited=&#8221;on|phone&#8221; custom_padding=&#8221;|28px||51px|false|false&#8221; custom_padding_tablet=&#8221;|28px||51px|false|false&#8221; custom_padding_phone=&#8221;|28px||51px|false|false&#8221; custom_padding_last_edited=&#8221;on|phone&#8221; button_text_size_tablet=&#8221;&#8221; button_text_size_phone=&#8221;16px&#8221; button_text_size_last_edited=&#8221;on|phone&#8221; box_shadow_style=&#8221;preset1&#8243; global_colors_info=&#8221;{}&#8221; button_bg_color__hover=&#8221;#9c1a7a&#8221; button_bg_color__hover_enabled=&#8221;on|hover&#8221; button_text_color__hover_enabled=&#8221;on|hover&#8221; button_text_color__hover=&#8221;#feead5&#8243;][\/et_pb_button][\/et_pb_column][\/et_pb_row][et_pb_row custom_padding_last_edited=&#8221;on|phone&#8221; _builder_version=&#8221;4.24.1&#8243; _module_preset=&#8221;default&#8221; width=&#8221;100%&#8221; width_tablet=&#8221;100%&#8221; width_phone=&#8221;100%&#8221; width_last_edited=&#8221;on|phone&#8221; custom_margin=&#8221;0px||||false|false&#8221; custom_padding=&#8221;0px||||false|false&#8221; custom_padding_tablet=&#8221;0px|31px||31px|false|true&#8221; custom_padding_phone=&#8221;42px|0px||0px|false|true&#8221; border_color_top=&#8221;#ce2f88&#8243; global_colors_info=&#8221;{}&#8221;][et_pb_column type=&#8221;4_4&#8243; _builder_version=&#8221;4.24.0&#8243; _module_preset=&#8221;default&#8221; global_colors_info=&#8221;{}&#8221;][et_pb_text _builder_version=&#8221;4.27.2&#8243; _module_preset=&#8221;_initial&#8221; text_font=&#8221;Montserrat|300|||||||&#8221; text_text_color=&#8221;#000000&#8243; text_font_size=&#8221;23px&#8221; text_line_height=&#8221;30px&#8221; link_font=&#8221;|||||||#fbbe00|&#8221; header_2_font=&#8221;Montserrat|700|||||||&#8221; header_2_text_align=&#8221;center&#8221; header_2_text_color=&#8221;#0497af&#8221; header_2_font_size=&#8221;35px&#8221; text_orientation=&#8221;center&#8221; custom_margin=&#8221;38px||||false|false&#8221; custom_padding=&#8221;45px||||false|true&#8221; custom_padding_tablet=&#8221;45px||||false|true&#8221; custom_padding_phone=&#8221;45px|19px||19px|false|true&#8221; custom_padding_last_edited=&#8221;on|phone&#8221; text_font_size_tablet=&#8221;23px&#8221; text_font_size_phone=&#8221;17px&#8221; text_font_size_last_edited=&#8221;on|phone&#8221; text_line_height_tablet=&#8221;30px&#8221; text_line_height_phone=&#8221;21.5px&#8221; text_line_height_last_edited=&#8221;on|phone&#8221; border_width_top=&#8221;1px&#8221; border_color_top=&#8221;#9c1a7a&#8221; locked=&#8221;off&#8221; global_colors_info=&#8221;{}&#8221;]<\/p>\n<p><span style=\"font-weight: 400;\">Cualquier otra pregunta, <\/span><span style=\"font-weight: 400;\">no dudes en contactar con nosotros para que tu registro se pueda realizar de forma sencilla y exitosa. Puede contactarnos por correo electr\u00f3nico <\/span><a href=\"mailto:cultura@manosvisibles.org\"><span style=\"font-weight: 400;\">cultura@manosvisibles.org<\/span><\/a><span style=\"font-weight: 400;\"> o <\/span><a href=\"mailto:atescolafoco@apan.com.br\"><span style=\"font-weight: 400;\">atescolafoco@apan.com.br<\/span><\/a><\/p>\n<p>[\/et_pb_text][\/et_pb_column][\/et_pb_row][\/et_pb_section][et_pb_section fb_built=&#8221;1&#8243; disabled_on=&#8221;off|off|off&#8221; _builder_version=&#8221;4.27.2&#8243; _module_preset=&#8221;default&#8221; background_color=&#8221;#9c1a7a&#8221; background_enable_image=&#8221;off&#8221; custom_margin=&#8221;0px||||false|false&#8221; custom_padding=&#8221;0px||69px||false|false&#8221; top_divider_style=&#8221;curve&#8221; top_divider_color=&#8221;#FFFFFF&#8221; top_divider_height=&#8221;43px&#8221; top_divider_repeat=&#8221;1x&#8221; top_divider_flip=&#8221;vertical|horizontal&#8221; top_divider_arrangement=&#8221;above_content&#8221; bottom_divider_style=&#8221;curve&#8221; bottom_divider_color=&#8221;#2a226b&#8221; bottom_divider_arrangement=&#8221;above_content&#8221; bottom_divider_height_tablet=&#8221;&#8221; bottom_divider_height_phone=&#8221;20px&#8221; bottom_divider_height_last_edited=&#8221;on|phone&#8221; border_color_top=&#8221;#1aaf98&#8243; locked=&#8221;off&#8221; global_colors_info=&#8221;{}&#8221;][et_pb_row column_structure=&#8221;1_2,1_2&#8243; use_custom_gutter=&#8221;on&#8221; make_equal=&#8221;on&#8221; disabled_on=&#8221;off|off|off&#8221; _builder_version=&#8221;4.27.2&#8243; _module_preset=&#8221;default&#8221; width_tablet=&#8221;&#8221; width_phone=&#8221;100%&#8221; width_last_edited=&#8221;on|phone&#8221; custom_margin=&#8221;0px|auto|0px|auto|false|false&#8221; custom_padding=&#8221;104px||0px||false|false&#8221; hover_enabled=&#8221;0&#8243; border_color_top=&#8221;#ee2c8c&#8221; global_colors_info=&#8221;{}&#8221; sticky_enabled=&#8221;0&#8243;][et_pb_column type=&#8221;1_2&#8243; disabled_on=&#8221;off|off|off&#8221; _builder_version=&#8221;4.27.2&#8243; _module_preset=&#8221;default&#8221; background_enable_image=&#8221;off&#8221; background_enable_video_mp4=&#8221;off&#8221; background_last_edited=&#8221;on|phone&#8221; global_colors_info=&#8221;{}&#8221;][et_pb_code _builder_version=&#8221;4.27.2&#8243; _module_preset=&#8221;default&#8221; text_orientation=&#8221;center&#8221; hover_enabled=&#8221;0&#8243; global_colors_info=&#8221;{}&#8221; sticky_enabled=&#8221;0&#8243; border_radii=&#8221;on|10px|10px|10px|10px&#8221;]<a data-flickr-embed=\"true\" href=\"https:\/\/www.flickr.com\/photos\/200996220@N02\/albums\/72177720321413992\" title=\"Foco 2023\" target=\"_blank\" rel=\"noopener\"><img decoding=\"async\" src=\"https:\/\/live.staticflickr.com\/65535\/54086041238_464edb9aea_z.jpg\" width=\"640\" height=\"480\" alt=\"Foco 2023\"\/><\/a><script async src=\"\/\/embedr.flickr.com\/assets\/client-code.js\" charset=\"utf-8\"><\/script>[\/et_pb_code][\/et_pb_column][et_pb_column type=&#8221;1_2&#8243; _builder_version=&#8221;4.27.2&#8243; _module_preset=&#8221;default&#8221; background_color=&#8221;#9c1a7a&#8221; custom_padding=&#8221;||||false|true&#8221; global_colors_info=&#8221;{}&#8221;][et_pb_text _builder_version=&#8221;4.27.2&#8243; _module_preset=&#8221;_initial&#8221; text_font=&#8221;Montserrat|300|||||||&#8221; text_text_color=&#8221;#feead5&#8243; text_font_size=&#8221;20px&#8221; text_line_height=&#8221;27px&#8221; header_2_font=&#8221;Montserrat|300|||||||&#8221; header_2_text_align=&#8221;left&#8221; header_2_text_color=&#8221;#feead5&#8243; header_2_font_size=&#8221;35px&#8221; custom_margin=&#8221;5px||7px||false|false&#8221; custom_margin_tablet=&#8221;50px||28px|15px|false|false&#8221; custom_margin_phone=&#8221;0px||28px|15px|false|false&#8221; custom_margin_last_edited=&#8221;on|phone&#8221; custom_padding=&#8221;||||false|true&#8221; custom_padding_tablet=&#8221;|42px||42px|false|true&#8221; custom_padding_phone=&#8221;|17px||17px|false|true&#8221; custom_padding_last_edited=&#8221;on|phone&#8221; locked=&#8221;off&#8221; global_colors_info=&#8221;{}&#8221;]<\/p>\n<h2><strong>As\u00ed vivimos FOCO 2023<br \/><\/strong><\/h2>\n<p><span style=\"font-weight: 400;\">Una Escuela de Producci\u00f3n Audiovisual enfocada en fortalecer la narraci\u00f3n audiovisual desde una perspectiva negra, con el objetivo de incentivar la creaci\u00f3n de obras audiovisuales capaces de competir en un mercado global.<\/span><\/p>\n<p><b><i>Lee las reflexiones sobre el cine latinoamericano hecho por personas negras en las memorias FOCO <\/i><\/b><\/p>\n<p>[\/et_pb_text][et_pb_button button_url=&#8221;https:\/\/issuu.com\/manosvisibles\/docs\/escuela-produccion-audiovisual-esp-alta&#8221; url_new_window=&#8221;on&#8221; button_text=&#8221;Leer aqu\u00ed&#8221; button_alignment=&#8221;center&#8221; _builder_version=&#8221;4.27.2&#8243; _module_preset=&#8221;default&#8221; custom_button=&#8221;on&#8221; button_text_color=&#8221;#feead5&#8243; button_bg_color=&#8221;#ff4000&#8243; button_border_width=&#8221;0px&#8221; button_border_color=&#8221;#000000&#8243; button_border_radius=&#8221;30px&#8221; button_font=&#8221;|700|||||||&#8221; custom_margin=&#8221;21px||7px||false|false&#8221; custom_margin_tablet=&#8221;||27px||false|false&#8221; custom_margin_phone=&#8221;||24px||false|false&#8221; custom_margin_last_edited=&#8221;on|phone&#8221; custom_padding=&#8221;|28px||51px|false|false&#8221; custom_padding_tablet=&#8221;|28px||51px|false|false&#8221; custom_padding_phone=&#8221;|28px||51px|false|false&#8221; custom_padding_last_edited=&#8221;on|phone&#8221; hover_enabled=&#8221;0&#8243; button_text_size_tablet=&#8221;&#8221; button_text_size_phone=&#8221;16px&#8221; button_text_size_last_edited=&#8221;on|phone&#8221; box_shadow_style=&#8221;preset1&#8243; global_colors_info=&#8221;{}&#8221; button_bg_color__hover=&#8221;#9c1a7a&#8221; button_bg_color__hover_enabled=&#8221;on|hover&#8221; button_text_color__hover_enabled=&#8221;on|hover&#8221; button_text_color__hover=&#8221;#feead5&#8243; locked=&#8221;off&#8221; button_use_icon=&#8221;off&#8221; sticky_enabled=&#8221;0&#8243;][\/et_pb_button][\/et_pb_column][\/et_pb_row][\/et_pb_section][et_pb_section fb_built=&#8221;1&#8243; _builder_version=&#8221;4.27.2&#8243; _module_preset=&#8221;default&#8221; background_color=&#8221;#2a226b&#8221; bottom_divider_style=&#8221;curve&#8221; bottom_divider_color=&#8221;#9c1a7a&#8221; bottom_divider_flip=&#8221;vertical&#8221; global_colors_info=&#8221;{}&#8221;][et_pb_row _builder_version=&#8221;4.27.2&#8243; _module_preset=&#8221;default&#8221; global_colors_info=&#8221;{}&#8221;][et_pb_column type=&#8221;4_4&#8243; _builder_version=&#8221;4.27.2&#8243; _module_preset=&#8221;default&#8221; global_colors_info=&#8221;{}&#8221;][et_pb_text _builder_version=&#8221;4.27.2&#8243; _module_preset=&#8221;default&#8221; text_font=&#8221;Montserrat|300|||||||&#8221; text_text_color=&#8221;#feead5&#8243; text_font_size=&#8221;27px&#8221; text_line_height=&#8221;29px&#8221; header_2_font=&#8221;Montserrat|300|||||||&#8221; header_2_text_align=&#8221;left&#8221; header_2_text_color=&#8221;#feead5&#8243; header_2_font_size=&#8221;35px&#8221; custom_margin=&#8221;||7px||false|false&#8221; custom_margin_tablet=&#8221;50px||28px|15px|false|false&#8221; custom_margin_phone=&#8221;0px||28px|15px|false|false&#8221; custom_margin_last_edited=&#8221;on|phone&#8221; custom_padding=&#8221;||0px||false|true&#8221; custom_padding_tablet=&#8221;|42px||42px|false|true&#8221; custom_padding_phone=&#8221;|17px||17px|false|true&#8221; custom_padding_last_edited=&#8221;on|phone&#8221; hover_enabled=&#8221;0&#8243; global_colors_info=&#8221;{}&#8221; text_font_size_last_edited=&#8221;on|phone&#8221; text_font_size_phone=&#8221;15px&#8221; text_line_height_last_edited=&#8221;on|phone&#8221; text_line_height_phone=&#8221;23.6px&#8221; text_orientation_last_edited=&#8221;on|phone&#8221; text_orientation_phone=&#8221;center&#8221; sticky_enabled=&#8221;0&#8243; text_font_size_tablet=&#8221;27px&#8221; text_line_height_tablet=&#8221;29px&#8221;]<\/p>\n<p>\u201cYo describir\u00eda FOCO como un patio trasero en un d\u00eda soleado con sillas para abrir una rueda. Con invitados que se sentaban a la misma altura que nosotros y trill\u00e1bamos los temas como quien tritura mazorcas de ma\u00edz. La mayor\u00eda de las personas no las conoc\u00eda y hoy quiero tomar un caf\u00e9 y preguntar c\u00f3mo va el proyecto y m\u00e1s all\u00e1, cuando veo algo que me recuerda los discursos y proyectos de los participantes me siento libre de compartir\u201d<\/p>\n<p>[\/et_pb_text][et_pb_text _builder_version=&#8221;4.27.2&#8243; _module_preset=&#8221;default&#8221; text_font=&#8221;Montserrat|300|||||||&#8221; text_text_color=&#8221;#feead5&#8243; text_font_size=&#8221;20px&#8221; text_line_height=&#8221;27px&#8221; header_2_font=&#8221;Montserrat|300|||||||&#8221; header_2_text_align=&#8221;left&#8221; header_2_text_color=&#8221;#feead5&#8243; header_2_font_size=&#8221;35px&#8221; custom_margin=&#8221;||||false|false&#8221; custom_margin_tablet=&#8221;50px||28px|15px|false|false&#8221; custom_margin_phone=&#8221;0px||28px|15px|false|false&#8221; custom_margin_last_edited=&#8221;on|phone&#8221; custom_padding=&#8221;14px||85px||false|true&#8221; custom_padding_tablet=&#8221;|42px||42px|false|true&#8221; custom_padding_phone=&#8221;|17px||17px|false|true&#8221; custom_padding_last_edited=&#8221;on|phone&#8221; global_colors_info=&#8221;{}&#8221;]<\/p>\n<p style=\"text-align: center;\"><strong>Milena Andrade da Rocha<\/strong><br \/>Participante FOCO &#8211; Brasil <\/p>\n<p>[\/et_pb_text][\/et_pb_column][\/et_pb_row][\/et_pb_section][et_pb_section fb_built=&#8221;1&#8243; use_custom_gutter=&#8221;on&#8221; gutter_width=&#8221;1&#8243; specialty=&#8221;on&#8221; padding_top_2=&#8221;0px&#8221; padding_left_1=&#8221;75px&#8221; padding_top_bottom_link_1=&#8221;false&#8221; padding_top_bottom_link_2=&#8221;false&#8221; padding_left_right_link_1=&#8221;false&#8221; padding_left_right_link_2=&#8221;true&#8221; disabled_on=&#8221;off|off|off&#8221; _builder_version=&#8221;4.27.2&#8243; _module_preset=&#8221;default&#8221; background_color=&#8221;#9c1a7a&#8221; background_enable_image=&#8221;off&#8221; z_index=&#8221;1&#8243; width=&#8221;100%&#8221; max_width=&#8221;100%&#8221; inner_width=&#8221;100%&#8221; inner_max_width=&#8221;2000px&#8221; custom_margin=&#8221;0px||||false|false&#8221; custom_padding=&#8221;0px||0px||false|false&#8221; top_divider_style=&#8221;curve&#8221; top_divider_color=&#8221;#9c1a7a&#8221; top_divider_height=&#8221;119px&#8221; top_divider_repeat=&#8221;1x&#8221; top_divider_flip=&#8221;vertical|horizontal&#8221; bottom_divider_height_tablet=&#8221;&#8221; bottom_divider_height_phone=&#8221;20px&#8221; bottom_divider_height_last_edited=&#8221;on|phone&#8221; hover_enabled=&#8221;0&#8243; border_color_top=&#8221;#1aaf98&#8243; global_colors_info=&#8221;{}&#8221; padding_1_last_edited=&#8221;on|phone&#8221; padding_1_phone=&#8221;|16px||16px|false|true&#8221; sticky_enabled=&#8221;0&#8243; padding_2_last_edited=&#8221;on|phone&#8221; padding_2_phone=&#8221;|20px||20px|false|true&#8221;][et_pb_column type=&#8221;1_2&#8243; specialty_columns=&#8221;2&#8243; _builder_version=&#8221;4.16&#8243; custom_padding=&#8221;|||&#8221; global_colors_info=&#8221;{}&#8221; custom_padding__hover=&#8221;|||&#8221;][et_pb_row_inner _builder_version=&#8221;4.27.2&#8243; _module_preset=&#8221;default&#8221; custom_padding=&#8221;0px||7px||false|false&#8221; hover_enabled=&#8221;0&#8243; global_colors_info=&#8221;{}&#8221; sticky_enabled=&#8221;0&#8243;][et_pb_column_inner saved_specialty_column_type=&#8221;1_2&#8243; _builder_version=&#8221;4.27.2&#8243; _module_preset=&#8221;default&#8221; global_colors_info=&#8221;{}&#8221;][et_pb_heading title=&#8221;Nuestro impacto&#8221; _builder_version=&#8221;4.27.2&#8243; _module_preset=&#8221;default&#8221; title_font=&#8221;|700||on|||||&#8221; title_text_align=&#8221;center&#8221; title_text_color=&#8221;#feead5&#8243; title_font_size=&#8221;41px&#8221; custom_padding=&#8221;||13px|||&#8221; global_colors_info=&#8221;{}&#8221;][\/et_pb_heading][\/et_pb_column_inner][\/et_pb_row_inner][et_pb_row_inner column_structure=&#8221;1_2,1_2&#8243; use_custom_gutter=&#8221;on&#8221; make_equal=&#8221;on&#8221; _builder_version=&#8221;4.27.2&#8243; _module_preset=&#8221;default&#8221; custom_padding=&#8221;0px||8px||false|false&#8221; border_width_bottom=&#8221;1px&#8221; border_color_bottom=&#8221;#feead5&#8243; global_colors_info=&#8221;{}&#8221;][et_pb_column_inner type=&#8221;1_2&#8243; saved_specialty_column_type=&#8221;1_2&#8243; _builder_version=&#8221;4.27.2&#8243; _module_preset=&#8221;default&#8221; custom_padding=&#8221;||||false|false&#8221; global_colors_info=&#8221;{}&#8221;][et_pb_blurb title=&#8221;10&#8243; icon_placement=&#8221;left&#8221; image_icon_width=&#8221;32px&#8221; _builder_version=&#8221;4.27.2&#8243; _module_preset=&#8221;default&#8221; header_font=&#8221;Montserrat|700|||||||&#8221; header_text_color=&#8221;#feead5&#8243; header_font_size=&#8221;54px&#8221; body_text_color=&#8221;#feead5&#8243; body_font_size=&#8221;21px&#8221; body_line_height=&#8221;27px&#8221; image_icon_custom_margin=&#8221;12px|-24px|0px|16px|false|false&#8221; image_icon_custom_padding=&#8221;0px|0px|0px|0px|false|false&#8221; text_orientation=&#8221;center&#8221; custom_margin=&#8221;||17px|0px|false|false&#8221; custom_padding=&#8221;|||0px|false|false&#8221; global_colors_info=&#8221;{}&#8221;]<\/p>\n<p><span style=\"font-weight: 400;\">participantes de brasil<\/span><\/p>\n<p>[\/et_pb_blurb][\/et_pb_column_inner][et_pb_column_inner type=&#8221;1_2&#8243; saved_specialty_column_type=&#8221;1_2&#8243; _builder_version=&#8221;4.27.2&#8243; _module_preset=&#8221;default&#8221; global_colors_info=&#8221;{}&#8221;][et_pb_blurb title=&#8221;21&#8243; icon_placement=&#8221;left&#8221; image_icon_width=&#8221;32px&#8221; _builder_version=&#8221;4.27.2&#8243; _module_preset=&#8221;default&#8221; header_font=&#8221;Montserrat|700|||||||&#8221; header_text_color=&#8221;#feead5&#8243; header_font_size=&#8221;54px&#8221; body_text_color=&#8221;#feead5&#8243; body_font_size=&#8221;21px&#8221; body_line_height=&#8221;27px&#8221; image_icon_custom_margin=&#8221;12px|-24px|0px|16px|false|false&#8221; image_icon_custom_padding=&#8221;0px|0px|0px|0px|false|false&#8221; text_orientation=&#8221;center&#8221; custom_margin=&#8221;||17px|0px|false|false&#8221; custom_padding=&#8221;|||0px|false|false&#8221; global_colors_info=&#8221;{}&#8221;]<\/p>\n<p><span style=\"font-weight: 400;\">Participantes de Colombia<\/span><\/p>\n<p>[\/et_pb_blurb][\/et_pb_column_inner][\/et_pb_row_inner][et_pb_row_inner column_structure=&#8221;1_2,1_2&#8243; use_custom_gutter=&#8221;on&#8221; make_equal=&#8221;on&#8221; _builder_version=&#8221;4.27.2&#8243; _module_preset=&#8221;default&#8221; custom_padding=&#8221;14px||14px||true|false&#8221; border_width_bottom=&#8221;1px&#8221; border_color_bottom=&#8221;#feead5&#8243; global_colors_info=&#8221;{}&#8221;][et_pb_column_inner type=&#8221;1_2&#8243; saved_specialty_column_type=&#8221;1_2&#8243; _builder_version=&#8221;4.27.2&#8243; _module_preset=&#8221;default&#8221; global_colors_info=&#8221;{}&#8221;][et_pb_blurb title=&#8221;100&#8243; icon_placement=&#8221;left&#8221; image_icon_width=&#8221;32px&#8221; _builder_version=&#8221;4.27.2&#8243; _module_preset=&#8221;default&#8221; header_font=&#8221;Montserrat|700|||||||&#8221; header_text_color=&#8221;#feead5&#8243; header_font_size=&#8221;54px&#8221; body_text_color=&#8221;#feead5&#8243; body_font_size=&#8221;21px&#8221; body_line_height=&#8221;27px&#8221; image_icon_custom_margin=&#8221;12px|-24px|0px|16px|false|false&#8221; image_icon_custom_padding=&#8221;0px|0px|0px|0px|false|false&#8221; text_orientation=&#8221;center&#8221; custom_margin=&#8221;||17px|0px|false|false&#8221; custom_padding=&#8221;|||0px|false|false&#8221; global_colors_info=&#8221;{}&#8221;]<\/p>\n<p><span style=\"font-weight: 400;\">Liderazgos audiovisuales para la equidad racial<\/span><\/p>\n<p>[\/et_pb_blurb][\/et_pb_column_inner][et_pb_column_inner type=&#8221;1_2&#8243; saved_specialty_column_type=&#8221;1_2&#8243; _builder_version=&#8221;4.27.2&#8243; _module_preset=&#8221;default&#8221; global_colors_info=&#8221;{}&#8221;][et_pb_blurb title=&#8221;2&#8243; icon_placement=&#8221;left&#8221; image_icon_width=&#8221;32px&#8221; _builder_version=&#8221;4.27.2&#8243; _module_preset=&#8221;default&#8221; header_font=&#8221;Montserrat|700|||||||&#8221; header_text_color=&#8221;#feead5&#8243; header_font_size=&#8221;54px&#8221; body_text_color=&#8221;#feead5&#8243; body_font_size=&#8221;21px&#8221; body_line_height=&#8221;27px&#8221; image_icon_custom_margin=&#8221;12px|-24px|0px|16px|false|false&#8221; image_icon_custom_padding=&#8221;0px|0px|0px|0px|false|false&#8221; text_orientation=&#8221;center&#8221; custom_margin=&#8221;||17px|0px|false|false&#8221; custom_padding=&#8221;|||0px|false|false&#8221; global_colors_info=&#8221;{}&#8221;]<\/p>\n<p><span style=\"font-weight: 400;\">Encuentros en el FIANB de Brasil y BAM de Colombia<\/span><\/p>\n<p>[\/et_pb_blurb][\/et_pb_column_inner][\/et_pb_row_inner][et_pb_row_inner column_structure=&#8221;1_2,1_2&#8243; use_custom_gutter=&#8221;on&#8221; make_equal=&#8221;on&#8221; _builder_version=&#8221;4.27.2&#8243; _module_preset=&#8221;default&#8221; custom_padding=&#8221;14px||14px||true|false&#8221; border_width_bottom=&#8221;1px&#8221; border_color_bottom=&#8221;#feead5&#8243; global_colors_info=&#8221;{}&#8221;][et_pb_column_inner type=&#8221;1_2&#8243; saved_specialty_column_type=&#8221;1_2&#8243; _builder_version=&#8221;4.27.2&#8243; _module_preset=&#8221;default&#8221; global_colors_info=&#8221;{}&#8221;][et_pb_blurb title=&#8221;4&#8243; icon_placement=&#8221;left&#8221; image_icon_width=&#8221;32px&#8221; _builder_version=&#8221;4.27.2&#8243; _module_preset=&#8221;default&#8221; header_font=&#8221;Montserrat|700|||||||&#8221; header_text_color=&#8221;#feead5&#8243; header_font_size=&#8221;54px&#8221; body_text_color=&#8221;#feead5&#8243; body_font_size=&#8221;21px&#8221; body_line_height=&#8221;27px&#8221; image_icon_custom_margin=&#8221;12px|-24px|0px|16px|false|false&#8221; image_icon_custom_padding=&#8221;0px|0px|0px|0px|false|false&#8221; text_orientation=&#8221;center&#8221; custom_margin=&#8221;||17px|0px|false|false&#8221; custom_padding=&#8221;|||0px|false|false&#8221; global_colors_info=&#8221;{}&#8221;]<\/p>\n<p><span style=\"font-weight: 400;\">Proyectos audiovisuales FOCO<\/span><\/p>\n<p>[\/et_pb_blurb][\/et_pb_column_inner][et_pb_column_inner type=&#8221;1_2&#8243; saved_specialty_column_type=&#8221;1_2&#8243; _builder_version=&#8221;4.27.2&#8243; _module_preset=&#8221;default&#8221; global_colors_info=&#8221;{}&#8221;][et_pb_blurb title=&#8221;18&#8243; icon_placement=&#8221;left&#8221; image_icon_width=&#8221;32px&#8221; _builder_version=&#8221;4.27.2&#8243; _module_preset=&#8221;default&#8221; header_font=&#8221;Montserrat|700|||||||&#8221; header_text_color=&#8221;#feead5&#8243; header_font_size=&#8221;54px&#8221; body_text_color=&#8221;#feead5&#8243; body_font_size=&#8221;21px&#8221; body_line_height=&#8221;27px&#8221; image_icon_custom_margin=&#8221;12px|-24px|0px|16px|false|false&#8221; image_icon_custom_padding=&#8221;0px|0px|0px|0px|false|false&#8221; text_orientation=&#8221;center&#8221; custom_margin=&#8221;||17px|0px|false|false&#8221; custom_padding=&#8221;|||0px|false|false&#8221; global_colors_info=&#8221;{}&#8221;]<\/p>\n<p><span style=\"font-weight: 400;\">M\u00f3dulos de formaci\u00f3n <\/span><\/p>\n<p>[\/et_pb_blurb][\/et_pb_column_inner][\/et_pb_row_inner][et_pb_row_inner use_custom_gutter=&#8221;on&#8221; make_equal=&#8221;on&#8221; _builder_version=&#8221;4.27.2&#8243; _module_preset=&#8221;default&#8221; custom_padding=&#8221;14px||14px||true|false&#8221; border_width_bottom=&#8221;1px&#8221; border_color_bottom=&#8221;#feead5&#8243; global_colors_info=&#8221;{}&#8221;][et_pb_column_inner saved_specialty_column_type=&#8221;1_2&#8243; _builder_version=&#8221;4.27.2&#8243; _module_preset=&#8221;default&#8221; global_colors_info=&#8221;{}&#8221;][et_pb_blurb title=&#8221;15&#8243; icon_placement=&#8221;left&#8221; image_icon_width=&#8221;32px&#8221; _builder_version=&#8221;4.27.2&#8243; _module_preset=&#8221;default&#8221; header_font=&#8221;Montserrat|700|||||||&#8221; header_text_color=&#8221;#feead5&#8243; header_font_size=&#8221;54px&#8221; body_text_color=&#8221;#feead5&#8243; body_font_size=&#8221;21px&#8221; body_line_height=&#8221;27px&#8221; image_icon_custom_margin=&#8221;12px|-24px|0px|16px|false|false&#8221; image_icon_custom_padding=&#8221;0px|0px|0px|0px|false|false&#8221; text_orientation=&#8221;center&#8221; custom_margin=&#8221;||17px|0px|false|false&#8221; custom_padding=&#8221;11px|||0px|false|false&#8221; global_colors_info=&#8221;{}&#8221;]<\/p>\n<p><span style=\"font-weight: 400;\">Tutores de alto nivel de Brasil y Colombia<\/span><\/p>\n<p>[\/et_pb_blurb][\/et_pb_column_inner][\/et_pb_row_inner][\/et_pb_column][et_pb_column type=&#8221;1_2&#8243; _builder_version=&#8221;4.16&#8243; custom_padding=&#8221;|||&#8221; global_colors_info=&#8221;{}&#8221; custom_padding__hover=&#8221;|||&#8221;][et_pb_video_slider show_image_overlay=&#8221;on&#8221; play_icon_color=&#8221;#f6ff00&#8243; disabled_on=&#8221;off|off|off&#8221; _builder_version=&#8221;4.27.2&#8243; _module_preset=&#8221;default&#8221; width=&#8221;88%&#8221; module_alignment=&#8221;center&#8221; border_radii=&#8221;on|10px|10px|10px|10px&#8221; box_shadow_style=&#8221;preset1&#8243; global_colors_info=&#8221;{}&#8221;][et_pb_video_slider_item src=&#8221;https:\/\/youtu.be\/xQ5TMxcMJ8w?si=mAK_BhmRKrAhF3OO&#8221; _builder_version=&#8221;4.27.2&#8243; _module_preset=&#8221;default&#8221; global_colors_info=&#8221;{}&#8221; show_image_overlay=&#8221;on&#8221;][\/et_pb_video_slider_item][et_pb_video_slider_item src=&#8221;https:\/\/youtu.be\/CYZT1Uvrahw?si=DEGZt6OHLGf1my_4&#8243; _builder_version=&#8221;4.27.2&#8243; _module_preset=&#8221;default&#8221; global_colors_info=&#8221;{}&#8221; show_image_overlay=&#8221;on&#8221;][\/et_pb_video_slider_item][et_pb_video_slider_item src=&#8221;https:\/\/youtu.be\/3U6oQbevF9A?si=4DsadcRnbEo8wpfQ&#8221; _builder_version=&#8221;4.27.2&#8243; _module_preset=&#8221;default&#8221; global_colors_info=&#8221;{}&#8221; show_image_overlay=&#8221;on&#8221;][\/et_pb_video_slider_item][et_pb_video_slider_item src=&#8221;https:\/\/youtu.be\/jAwV42CYqKo?si=wUzRXytX9DyvhOE9&#8243; _builder_version=&#8221;4.27.2&#8243; _module_preset=&#8221;default&#8221; global_colors_info=&#8221;{}&#8221; show_image_overlay=&#8221;on&#8221;][\/et_pb_video_slider_item][\/et_pb_video_slider][et_pb_button button_url=&#8221;https:\/\/issuu.com\/manosvisibles\/docs\/portafolio_foco_epa&#8221; url_new_window=&#8221;on&#8221; button_text=&#8221;Conoce a la primera generaci\u00f3n Foco 2023&#8243; button_alignment=&#8221;center&#8221; _builder_version=&#8221;4.27.2&#8243; _module_preset=&#8221;default&#8221; custom_button=&#8221;on&#8221; button_text_color=&#8221;#feead5&#8243; button_bg_color=&#8221;#ff4000&#8243; button_border_width=&#8221;0px&#8221; button_border_color=&#8221;#000000&#8243; button_border_radius=&#8221;30px&#8221; button_font=&#8221;|700|||||||&#8221; custom_margin=&#8221;41px||7px||false|false&#8221; custom_margin_tablet=&#8221;||27px||false|false&#8221; custom_margin_phone=&#8221;||24px||false|false&#8221; custom_margin_last_edited=&#8221;on|phone&#8221; custom_padding=&#8221;|28px||51px|false|false&#8221; custom_padding_tablet=&#8221;|28px||51px|false|false&#8221; custom_padding_phone=&#8221;|28px||51px|false|false&#8221; custom_padding_last_edited=&#8221;on|phone&#8221; hover_enabled=&#8221;0&#8243; button_text_size_tablet=&#8221;&#8221; button_text_size_phone=&#8221;16px&#8221; button_text_size_last_edited=&#8221;on|phone&#8221; box_shadow_style=&#8221;preset1&#8243; global_colors_info=&#8221;{}&#8221; button_bg_color__hover=&#8221;#9c1a7a&#8221; button_bg_color__hover_enabled=&#8221;on|hover&#8221; button_text_color__hover_enabled=&#8221;on|hover&#8221; button_text_color__hover=&#8221;#feead5&#8243; locked=&#8221;off&#8221; button_use_icon=&#8221;off&#8221; sticky_enabled=&#8221;0&#8243;][\/et_pb_button][\/et_pb_column][\/et_pb_section]<\/p>\n","protected":false},"excerpt":{"rendered":"<p>Cine colombiano y brasile\u00f1o hecho por personas negras y afroind\u00edgenasFecha de apertura 17 de octubreFecha de cierre 05 de noviembre\u00bfQu\u00e9 es FOCO? FOCO es la Escuela de Producci\u00f3n Audiovisual para la reparaci\u00f3n hist\u00f3rica y la equidad racial, que surge de la alianza entre la Asociaci\u00f3n de Profesionales Audiovisuales Negros de Brasil y Manos Visibles (Colombia). [&hellip;]<\/p>\n","protected":false},"author":1,"featured_media":0,"parent":0,"menu_order":0,"comment_status":"closed","ping_status":"closed","template":"","meta":{"_acf_changed":false,"_et_pb_use_builder":"on","_et_pb_old_content":"","_et_gb_content_width":"","inline_featured_image":false,"footnotes":""},"difl_page_category":[],"class_list":["post-7122","page","type-page","status-publish","hentry"],"acf":[],"_links":{"self":[{"href":"https:\/\/manosvisibles.org\/en\/wp-json\/wp\/v2\/pages\/7122","targetHints":{"allow":["GET"]}}],"collection":[{"href":"https:\/\/manosvisibles.org\/en\/wp-json\/wp\/v2\/pages"}],"about":[{"href":"https:\/\/manosvisibles.org\/en\/wp-json\/wp\/v2\/types\/page"}],"author":[{"embeddable":true,"href":"https:\/\/manosvisibles.org\/en\/wp-json\/wp\/v2\/users\/1"}],"replies":[{"embeddable":true,"href":"https:\/\/manosvisibles.org\/en\/wp-json\/wp\/v2\/comments?post=7122"}],"version-history":[{"count":52,"href":"https:\/\/manosvisibles.org\/en\/wp-json\/wp\/v2\/pages\/7122\/revisions"}],"predecessor-version":[{"id":7232,"href":"https:\/\/manosvisibles.org\/en\/wp-json\/wp\/v2\/pages\/7122\/revisions\/7232"}],"wp:attachment":[{"href":"https:\/\/manosvisibles.org\/en\/wp-json\/wp\/v2\/media?parent=7122"}],"wp:term":[{"taxonomy":"difl_page_category","embeddable":true,"href":"https:\/\/manosvisibles.org\/en\/wp-json\/wp\/v2\/difl_page_category?post=7122"}],"curies":[{"name":"wp","href":"https:\/\/api.w.org\/{rel}","templated":true}]}}