{"id":6327,"date":"2024-08-16T14:56:14","date_gmt":"2024-08-16T19:56:14","guid":{"rendered":"https:\/\/manosvisibles.org\/?page_id=6327"},"modified":"2024-08-20T13:10:11","modified_gmt":"2024-08-20T18:10:11","slug":"talento-visible-2","status":"publish","type":"page","link":"https:\/\/manosvisibles.org\/en\/talento-visible-2\/","title":{"rendered":"Talento Visible"},"content":{"rendered":"<p>[et_pb_section fb_built=&#8221;1&#8243; next_background_color=&#8221;#ffffff&#8221; _builder_version=&#8221;4.27.0&#8243; _module_preset=&#8221;default&#8221; background_color=&#8221;#030035&#8243; custom_padding=&#8221;||||false|false&#8221; bottom_divider_style=&#8221;arrow&#8221; bottom_divider_height=&#8221;37px&#8221; bottom_divider_flip=&#8221;vertical&#8221; bottom_divider_arrangement=&#8221;above_content&#8221; global_colors_info=&#8221;{}&#8221;][et_pb_row column_structure=&#8221;1_2,1_2&#8243; use_custom_gutter=&#8221;on&#8221; gutter_width=&#8221;1&#8243; _builder_version=&#8221;4.27.0&#8243; _module_preset=&#8221;default&#8221; width=&#8221;100%&#8221; max_width=&#8221;100%&#8221; custom_margin=&#8221;||||false|false&#8221; custom_padding=&#8221;||0px|||&#8221; global_colors_info=&#8221;{}&#8221;][et_pb_column type=&#8221;1_2&#8243; _builder_version=&#8221;4.27.0&#8243; _module_preset=&#8221;default&#8221; global_colors_info=&#8221;{}&#8221;][et_pb_image src=&#8221;https:\/\/manosvisibles.org\/wp-content\/uploads\/2024\/08\/logo-talento.png&#8221; align=&#8221;center&#8221; _builder_version=&#8221;4.27.0&#8243; _module_preset=&#8221;default&#8221; width=&#8221;84%&#8221; custom_margin=&#8221;||-1px|||&#8221; custom_padding=&#8221;49px||||false|false&#8221; global_colors_info=&#8221;{}&#8221;][\/et_pb_image][et_pb_heading title=&#8221;Una estrategia de Manos Visibles que re\u00fane a estudiantes y profesionales de comunidades negras e ind\u00edgenas, entidades de diversos sectores.&#8221; _builder_version=&#8221;4.27.0&#8243; _module_preset=&#8221;default&#8221; title_font=&#8221;Montserrat|200|||||||&#8221; title_text_align=&#8221;justify&#8221; title_text_color=&#8221;#39d4e2&#8243; title_font_size=&#8221;29px&#8221; custom_padding=&#8221;|79px||110px|false|false&#8221; global_colors_info=&#8221;{}&#8221;][\/et_pb_heading][\/et_pb_column][et_pb_column type=&#8221;1_2&#8243; _builder_version=&#8221;4.27.0&#8243; _module_preset=&#8221;default&#8221; global_colors_info=&#8221;{}&#8221;][et_pb_image src=&#8221;https:\/\/manosvisibles.org\/wp-content\/uploads\/2024\/08\/abre-talento-perfil.webp&#8221; show_bottom_space=&#8221;off&#8221; _builder_version=&#8221;4.27.0&#8243; _module_preset=&#8221;default&#8221; custom_margin=&#8221;0px||0px||false|false&#8221; custom_padding=&#8221;0px||0px||false|false&#8221; global_colors_info=&#8221;{}&#8221;][\/et_pb_image][\/et_pb_column][\/et_pb_row][\/et_pb_section][et_pb_section fb_built=&#8221;1&#8243; _builder_version=&#8221;4.27.0&#8243; _module_preset=&#8221;default&#8221; custom_padding=&#8221;100px|||||&#8221; global_colors_info=&#8221;{}&#8221;][et_pb_row column_structure=&#8221;1_3,2_3&#8243; _builder_version=&#8221;4.27.0&#8243; _module_preset=&#8221;default&#8221; max_width=&#8221;1200px&#8221; global_colors_info=&#8221;{}&#8221;][et_pb_column type=&#8221;1_3&#8243; _builder_version=&#8221;4.27.0&#8243; _module_preset=&#8221;default&#8221; global_colors_info=&#8221;{}&#8221;][et_pb_heading title=&#8221;Una estrategia de Manos Visibles que re\u00fane a estudiantes y profesionales de comunidades negras e ind\u00edgenas, entidades de diversos sectores.&#8221; _builder_version=&#8221;4.27.0&#8243; _module_preset=&#8221;default&#8221; title_level=&#8221;h2&#8243; title_font=&#8221;Montserrat|300|||||||&#8221; title_text_align=&#8221;left&#8221; title_text_color=&#8221;#2f7792&#8243; title_font_size=&#8221;39px&#8221; custom_padding=&#8221;||||false|false&#8221; global_colors_info=&#8221;{}&#8221;][\/et_pb_heading][\/et_pb_column][et_pb_column type=&#8221;2_3&#8243; _builder_version=&#8221;4.27.0&#8243; _module_preset=&#8221;default&#8221; global_colors_info=&#8221;{}&#8221;][et_pb_video src=&#8221;https:\/\/www.youtube.com\/watch?v=0hepqhNv_HQ&#038;list=PLnNy3rtjkeLqr09_IQ00EjGXG6PvQ4a6W&#8221; _builder_version=&#8221;4.27.0&#8243; _module_preset=&#8221;default&#8221; border_radii=&#8221;on|10px|10px|10px|10px&#8221; box_shadow_style=&#8221;preset1&#8243; global_colors_info=&#8221;{}&#8221;][\/et_pb_video][\/et_pb_column][\/et_pb_row][\/et_pb_section][et_pb_section fb_built=&#8221;1&#8243; _builder_version=&#8221;4.27.0&#8243; _module_preset=&#8221;default&#8221; background_enable_color=&#8221;off&#8221; background_enable_pattern_style=&#8221;on&#8221; background_pattern_style=&#8221;diagonal-stripes-2&#8243; background_pattern_color=&#8221;rgba(0,0,0,0.07)&#8221; custom_padding=&#8221;127px|||||&#8221; top_divider_style=&#8221;arrow&#8221; top_divider_color=&#8221;#FFFFFF&#8221; bottom_divider_style=&#8221;arrow&#8221; bottom_divider_color=&#8221;#030035&#8243; bottom_divider_height=&#8221;28px&#8221; bottom_divider_flip=&#8221;vertical&#8221; global_colors_info=&#8221;{}&#8221;][et_pb_row _builder_version=&#8221;4.27.0&#8243; _module_preset=&#8221;default&#8221; global_colors_info=&#8221;{}&#8221;][et_pb_column type=&#8221;4_4&#8243; _builder_version=&#8221;4.27.0&#8243; _module_preset=&#8221;default&#8221; global_colors_info=&#8221;{}&#8221;][et_pb_heading title=&#8221;Impacto&#8221; _builder_version=&#8221;4.27.0&#8243; _module_preset=&#8221;default&#8221; title_level=&#8221;h2&#8243; title_font=&#8221;Montserrat|600||on|||||&#8221; title_text_align=&#8221;center&#8221; title_text_color=&#8221;#2f7792&#8243; title_font_size=&#8221;57px&#8221; custom_margin=&#8221;||5px|||&#8221; global_colors_info=&#8221;{}&#8221;][\/et_pb_heading][et_pb_text _builder_version=&#8221;4.27.0&#8243; _module_preset=&#8221;default&#8221; text_font_size=&#8221;18px&#8221; text_orientation=&#8221;center&#8221; custom_margin=&#8221;0px||0px||false|false&#8221; custom_padding=&#8221;0px||0px||false|false&#8221; global_colors_info=&#8221;{}&#8221;]<\/p>\n<p>En estos dos a\u00f1os hemos impulsado la diversidad en el ecosistema empresarial de Colombia<\/p>\n<p>[\/et_pb_text][\/et_pb_column][\/et_pb_row][et_pb_row column_structure=&#8221;1_3,1_3,1_3&#8243; _builder_version=&#8221;4.27.0&#8243; _module_preset=&#8221;default&#8221; global_colors_info=&#8221;{}&#8221;][et_pb_column type=&#8221;1_3&#8243; _builder_version=&#8221;4.27.0&#8243; _module_preset=&#8221;default&#8221; global_colors_info=&#8221;{}&#8221;][et_pb_text _builder_version=&#8221;4.27.0&#8243; _module_preset=&#8221;default&#8221; text_font=&#8221;Montserrat|500|||||||&#8221; text_font_size=&#8221;65px&#8221; text_orientation=&#8221;center&#8221; global_colors_info=&#8221;{}&#8221;]<\/p>\n<p>+50<\/p>\n<p>[\/et_pb_text][et_pb_text _builder_version=&#8221;4.27.0&#8243; _module_preset=&#8221;default&#8221; text_font=&#8221;Montserrat|300|||||||&#8221; text_font_size=&#8221;17px&#8221; text_line_height=&#8221;19px&#8221; text_orientation=&#8221;center&#8221; global_colors_info=&#8221;{}&#8221;]<\/p>\n<p>talentos \u00e9tnicos conectados con oportunidades laborales y pr\u00e1cticas profesionales.<\/p>\n<p>[\/et_pb_text][\/et_pb_column][et_pb_column type=&#8221;1_3&#8243; _builder_version=&#8221;4.27.0&#8243; _module_preset=&#8221;default&#8221; global_colors_info=&#8221;{}&#8221;][et_pb_text _builder_version=&#8221;4.27.0&#8243; _module_preset=&#8221;default&#8221; text_font=&#8221;Montserrat|500|||||||&#8221; text_font_size=&#8221;65px&#8221; text_orientation=&#8221;center&#8221; global_colors_info=&#8221;{}&#8221;]<\/p>\n<p>+30<\/p>\n<p>[\/et_pb_text][et_pb_text _builder_version=&#8221;4.27.0&#8243; _module_preset=&#8221;default&#8221; text_font=&#8221;Montserrat|300|||||||&#8221; text_font_size=&#8221;17px&#8221; text_line_height=&#8221;19px&#8221; text_orientation=&#8221;center&#8221; global_colors_info=&#8221;{}&#8221;]<\/p>\n<p>empresas receptoras de Talento Visible y 100 colaboradores formados en equidad racial.<\/p>\n<p>[\/et_pb_text][\/et_pb_column][et_pb_column type=&#8221;1_3&#8243; _builder_version=&#8221;4.27.0&#8243; _module_preset=&#8221;default&#8221; global_colors_info=&#8221;{}&#8221;][et_pb_text _builder_version=&#8221;4.27.0&#8243; _module_preset=&#8221;default&#8221; text_font=&#8221;Montserrat|500|||||||&#8221; text_font_size=&#8221;65px&#8221; text_orientation=&#8221;center&#8221; global_colors_info=&#8221;{}&#8221;]<\/p>\n<p>+1.300<\/p>\n<p>[\/et_pb_text][et_pb_text _builder_version=&#8221;4.27.0&#8243; _module_preset=&#8221;default&#8221; text_font=&#8221;Montserrat|300|||||||&#8221; text_font_size=&#8221;17px&#8221; text_line_height=&#8221;19px&#8221; text_orientation=&#8221;center&#8221; global_colors_info=&#8221;{}&#8221;]<\/p>\n<p>perfiles de todo el territorio nacional.<\/p>\n<p>[\/et_pb_text][\/et_pb_column][\/et_pb_row][et_pb_row column_structure=&#8221;1_3,1_3,1_3&#8243; _builder_version=&#8221;4.27.0&#8243; _module_preset=&#8221;default&#8221; custom_padding=&#8221;||67px|||&#8221; global_colors_info=&#8221;{}&#8221;][et_pb_column type=&#8221;1_3&#8243; _builder_version=&#8221;4.27.0&#8243; _module_preset=&#8221;default&#8221; global_colors_info=&#8221;{}&#8221;][et_pb_text _builder_version=&#8221;4.27.0&#8243; _module_preset=&#8221;default&#8221; text_font=&#8221;Montserrat|500|||||||&#8221; text_font_size=&#8221;65px&#8221; text_orientation=&#8221;center&#8221; global_colors_info=&#8221;{}&#8221;]<\/p>\n<p>7.000<\/p>\n<p>[\/et_pb_text][et_pb_text _builder_version=&#8221;4.27.0&#8243; _module_preset=&#8221;default&#8221; text_font=&#8221;Montserrat|300|||||||&#8221; text_font_size=&#8221;17px&#8221; text_line_height=&#8221;19px&#8221; text_orientation=&#8221;center&#8221; global_colors_info=&#8221;{}&#8221;]<\/p>\n<p>profesionales afro e ind\u00edgenas dentro de la red Manos Visibles.<\/p>\n<p>[\/et_pb_text][\/et_pb_column][et_pb_column type=&#8221;1_3&#8243; _builder_version=&#8221;4.27.0&#8243; _module_preset=&#8221;default&#8221; global_colors_info=&#8221;{}&#8221;][et_pb_text _builder_version=&#8221;4.27.0&#8243; _module_preset=&#8221;default&#8221; text_font=&#8221;Montserrat|500|||||||&#8221; text_font_size=&#8221;65px&#8221; text_orientation=&#8221;center&#8221; global_colors_info=&#8221;{}&#8221;]<\/p>\n<p>1.700<\/p>\n<p>[\/et_pb_text][et_pb_text _builder_version=&#8221;4.27.0&#8243; _module_preset=&#8221;default&#8221; text_font=&#8221;Montserrat|300|||||||&#8221; text_font_size=&#8221;17px&#8221; text_line_height=&#8221;19px&#8221; text_orientation=&#8221;center&#8221; global_colors_info=&#8221;{}&#8221;]<\/p>\n<p>personas formadas en habilidades gerenciales y profesionales en las mejores universidades del pa\u00eds y tutores de alto nivel en maestr\u00edas y escuelas de liderazgo.<\/p>\n<p>[\/et_pb_text][\/et_pb_column][et_pb_column type=&#8221;1_3&#8243; _builder_version=&#8221;4.27.0&#8243; _module_preset=&#8221;default&#8221; global_colors_info=&#8221;{}&#8221;][et_pb_text _builder_version=&#8221;4.27.0&#8243; _module_preset=&#8221;default&#8221; text_font=&#8221;Montserrat|500|||||||&#8221; text_font_size=&#8221;65px&#8221; text_orientation=&#8221;center&#8221; global_colors_info=&#8221;{}&#8221;]<\/p>\n<p>80%<\/p>\n<p>[\/et_pb_text][et_pb_text _builder_version=&#8221;4.27.0&#8243; _module_preset=&#8221;default&#8221; text_font=&#8221;Montserrat|300|||||||&#8221; text_font_size=&#8221;17px&#8221; text_line_height=&#8221;19px&#8221; text_orientation=&#8221;center&#8221; global_colors_info=&#8221;{}&#8221;]<\/p>\n<p>de nuestra red profesional considera que su ascenso o mejora de condiciones laborales se relaciona con su participaci\u00f3n por nuestros programas.<\/p>\n<p>[\/et_pb_text][\/et_pb_column][\/et_pb_row][\/et_pb_section][et_pb_section fb_built=&#8221;1&#8243; _builder_version=&#8221;4.27.0&#8243; _module_preset=&#8221;default&#8221; background_color=&#8221;#030035&#8243; custom_padding=&#8221;0px||0px||false|false&#8221; global_colors_info=&#8221;{}&#8221;][et_pb_row _builder_version=&#8221;4.27.0&#8243; _module_preset=&#8221;default&#8221; global_colors_info=&#8221;{}&#8221;][et_pb_column type=&#8221;4_4&#8243; _builder_version=&#8221;4.27.0&#8243; _module_preset=&#8221;default&#8221; global_colors_info=&#8221;{}&#8221;][et_pb_heading title=&#8221;Nuestro Talento &#8221; _builder_version=&#8221;4.27.0&#8243; _module_preset=&#8221;default&#8221; title_level=&#8221;h2&#8243; title_font=&#8221;Montserrat|600||on|||||&#8221; title_text_align=&#8221;center&#8221; title_text_color=&#8221;#FFFFFF&#8221; title_font_size=&#8221;57px&#8221; custom_margin=&#8221;||-2px|||&#8221; global_colors_info=&#8221;{}&#8221;][\/et_pb_heading][et_pb_text _builder_version=&#8221;4.27.0&#8243; _module_preset=&#8221;default&#8221; text_font=&#8221;Montserrat|||on|||||&#8221; text_text_color=&#8221;#4cc3d2&#8243; text_font_size=&#8221;28px&#8221; text_orientation=&#8221;center&#8221; custom_margin=&#8221;0px||0px||false|false&#8221; custom_padding=&#8221;0px||0px||false|false&#8221; global_colors_info=&#8221;{}&#8221;]<\/p>\n<p>Las Dos Orillas<\/p>\n<p>[\/et_pb_text][\/et_pb_column][\/et_pb_row][et_pb_row column_structure=&#8221;1_6,1_6,1_6,1_6,1_6,1_6&#8243; use_custom_gutter=&#8221;on&#8221; gutter_width=&#8221;1&#8243; make_equal=&#8221;on&#8221; _builder_version=&#8221;4.27.0&#8243; _module_preset=&#8221;default&#8221; background_image=&#8221;https:\/\/manosvisibles.org\/wp-content\/uploads\/2024\/08\/MARIA-FERNANDA-MOSQUERA.jpg&#8221; width=&#8221;100%&#8221; max_width=&#8221;100%&#8221; custom_margin=&#8221;0px||0px||false|false&#8221; custom_padding=&#8221;0px||0px||false|false&#8221; global_colors_info=&#8221;{}&#8221;][et_pb_column type=&#8221;1_6&#8243; _builder_version=&#8221;4.27.0&#8243; _module_preset=&#8221;default&#8221; use_background_color_gradient=&#8221;on&#8221; background_color_gradient_type=&#8221;circular&#8221; background_color_gradient_stops=&#8221;rgba(43,135,218,0) 14%|#030035 87%&#8221; background_image=&#8221;https:\/\/manosvisibles.org\/wp-content\/uploads\/2024\/08\/EMMA-ANGEL.jpg&#8221; background_blend=&#8221;overlay&#8221; link_option_url=&#8221;https:\/\/www.las2orillas.co\/talento-visible-profesionales-diversos-la-red-de-vanguardia-con-infinitas-posibilidades\/&#8221; link_option_url_new_window=&#8221;on&#8221; global_colors_info=&#8221;{}&#8221; background__hover_enabled=&#8221;on|hover&#8221; background_color_gradient_type__hover=&#8221;circular&#8221; background_color_gradient_stops__hover=&#8221;rgba(43,135,218,0) 41%|#030035 83%|rgba(3, 0, 53, 1) 100%&#8221; use_background_color_gradient__hover=&#8221;on&#8221;][et_pb_text _builder_version=&#8221;4.27.0&#8243; _module_preset=&#8221;default&#8221; text_text_color=&#8221;#4cc3d2&#8243; header_2_font=&#8221;Montserrat|600|||||||&#8221; header_2_text_color=&#8221;#FFFFFF&#8221; header_2_font_size=&#8221;19px&#8221; height=&#8221;460px&#8221; custom_margin=&#8221;||||false|false&#8221; custom_padding=&#8221;269px|10px||10px|false|true&#8221; global_colors_info=&#8221;{}&#8221;]<\/p>\n<h2>Profesionales diversos: Una red de vanguardia con infinitas posibilidades<\/h2>\n<p>EMMA \u00c1NGEL<\/p>\n<p>[\/et_pb_text][\/et_pb_column][et_pb_column type=&#8221;1_6&#8243; _builder_version=&#8221;4.27.0&#8243; _module_preset=&#8221;default&#8221; use_background_color_gradient=&#8221;on&#8221; background_color_gradient_type=&#8221;circular&#8221; background_color_gradient_stops=&#8221;rgba(43,135,218,0) 14%|#030035 87%&#8221; background_image=&#8221;https:\/\/manosvisibles.org\/wp-content\/uploads\/2024\/08\/DIVIER-PEREA2.jpg&#8221; background_blend=&#8221;overlay&#8221; link_option_url=&#8221;https:\/\/www.las2orillas.co\/talento-visible-no-todo-lider-es-gerente-reflexiones-sobre-liderazgo-y-gerencia\/&#8221; link_option_url_new_window=&#8221;on&#8221; global_colors_info=&#8221;{}&#8221; use_background_color_gradient__hover=&#8221;on&#8221; background__hover_enabled=&#8221;on|hover&#8221; background_color_gradient_stops__hover=&#8221;rgba(43,135,218,0) 41%|#030035 83%|rgba(3, 0, 53, 1) 100%&#8221; background_color_gradient_type__hover=&#8221;circular&#8221;][et_pb_text _builder_version=&#8221;4.27.0&#8243; _module_preset=&#8221;default&#8221; text_text_color=&#8221;#4cc3d2&#8243; header_2_font=&#8221;Montserrat|600|||||||&#8221; header_2_text_color=&#8221;#FFFFFF&#8221; header_2_font_size=&#8221;19px&#8221; height=&#8221;460px&#8221; custom_margin=&#8221;||||false|false&#8221; custom_padding=&#8221;269px|10px||10px|false|true&#8221; global_colors_info=&#8221;{}&#8221;]<\/p>\n<h2>Reflexiones acerca del liderazgo y la gerencia: no todo l\u00edder es gerente<\/h2>\n<p>DIVIER PEREA<\/p>\n<p>[\/et_pb_text][\/et_pb_column][et_pb_column type=&#8221;1_6&#8243; _builder_version=&#8221;4.27.0&#8243; _module_preset=&#8221;default&#8221; use_background_color_gradient=&#8221;on&#8221; background_color_gradient_type=&#8221;circular&#8221; background_color_gradient_stops=&#8221;rgba(43,135,218,0) 14%|#030035 87%&#8221; background_image=&#8221;https:\/\/manosvisibles.org\/wp-content\/uploads\/2024\/08\/LIZETH-SINISTERRA.jpg&#8221; background_blend=&#8221;overlay&#8221; link_option_url=&#8221;https:\/\/www.las2orillas.co\/talento-visible-el-poder-en-la-periferia-la-revolucion-de-las-mujeres-afro-en-la-gerencia-social\/&#8221; link_option_url_new_window=&#8221;on&#8221; global_colors_info=&#8221;{}&#8221; use_background_color_gradient__hover=&#8221;on&#8221; background__hover_enabled=&#8221;on|hover&#8221; background_color_gradient_stops__hover=&#8221;rgba(43,135,218,0) 41%|#030035 83%|rgba(3, 0, 53, 1) 100%&#8221; background_color_gradient_type__hover=&#8221;circular&#8221;][et_pb_text _builder_version=&#8221;4.27.0&#8243; _module_preset=&#8221;default&#8221; text_text_color=&#8221;#4cc3d2&#8243; header_2_font=&#8221;Montserrat|600|||||||&#8221; header_2_text_color=&#8221;#FFFFFF&#8221; header_2_font_size=&#8221;19px&#8221; height=&#8221;460px&#8221; custom_margin=&#8221;||||false|false&#8221; custom_padding=&#8221;269px|10px||10px|false|true&#8221; global_colors_info=&#8221;{}&#8221;]<\/p>\n<h2>Poder en la periferia: la revoluci\u00f3n de las mujeres afrodescendientes en la gerencia social<\/h2>\n<p>LIZETH SINISTERRA<\/p>\n<p>[\/et_pb_text][\/et_pb_column][et_pb_column type=&#8221;1_6&#8243; _builder_version=&#8221;4.27.0&#8243; _module_preset=&#8221;default&#8221; use_background_color_gradient=&#8221;on&#8221; background_color_gradient_type=&#8221;circular&#8221; background_color_gradient_stops=&#8221;rgba(43,135,218,0) 14%|#030035 87%&#8221; background_image=&#8221;https:\/\/manosvisibles.org\/wp-content\/uploads\/2024\/08\/MARIA-FERNANDA-MOSQUERA.jpg&#8221; background_blend=&#8221;overlay&#8221; link_option_url=&#8221;https:\/\/www.las2orillas.co\/talento-visible-genai-herramienta-del-futuro-o-peligro-para-la-sociedad\/&#8221; link_option_url_new_window=&#8221;on&#8221; global_colors_info=&#8221;{}&#8221; use_background_color_gradient__hover=&#8221;on&#8221; background__hover_enabled=&#8221;on|hover&#8221; background_color_gradient_stops__hover=&#8221;rgba(43,135,218,0) 41%|#030035 83%|rgba(3, 0, 53, 1) 100%&#8221; background_color_gradient_type__hover=&#8221;circular&#8221;][et_pb_text _builder_version=&#8221;4.27.0&#8243; _module_preset=&#8221;default&#8221; text_text_color=&#8221;#4cc3d2&#8243; text_line_height=&#8221;16px&#8221; header_2_font=&#8221;Montserrat|600|||||||&#8221; header_2_text_color=&#8221;#FFFFFF&#8221; header_2_font_size=&#8221;19px&#8221; height=&#8221;460px&#8221; custom_margin=&#8221;||||false|false&#8221; custom_padding=&#8221;269px|10px||10px|false|true&#8221; global_colors_info=&#8221;{}&#8221;]<\/p>\n<h2>GenAI: \u00bfHerramienta del futuro o peligro para la sociedad?<\/h2>\n<p>MAR\u00cdA FERNANDA MOSQUERA<\/p>\n<p>[\/et_pb_text][\/et_pb_column][et_pb_column type=&#8221;1_6&#8243; _builder_version=&#8221;4.27.0&#8243; _module_preset=&#8221;default&#8221; use_background_color_gradient=&#8221;on&#8221; background_color_gradient_type=&#8221;circular&#8221; background_color_gradient_stops=&#8221;rgba(43,135,218,0) 14%|#030035 87%&#8221; background_image=&#8221;https:\/\/manosvisibles.org\/wp-content\/uploads\/2024\/08\/CARLOS-HURTADO2.jpg&#8221; background_blend=&#8221;overlay&#8221; link_option_url=&#8221;https:\/\/www.las2orillas.co\/talento-visible-es-posible-una-gerencia-en-salud-humanizada-y-sostenible-en-el-pacifico-colombiano\/&#8221; link_option_url_new_window=&#8221;on&#8221; global_colors_info=&#8221;{}&#8221; use_background_color_gradient__hover=&#8221;on&#8221; background__hover_enabled=&#8221;on|hover&#8221; background_color_gradient_stops__hover=&#8221;rgba(43,135,218,0) 41%|#030035 83%|rgba(3, 0, 53, 1) 100%&#8221; background_color_gradient_type__hover=&#8221;circular&#8221;][et_pb_text _builder_version=&#8221;4.27.0&#8243; _module_preset=&#8221;default&#8221; text_text_color=&#8221;#4cc3d2&#8243; header_2_font=&#8221;Montserrat|600|||||||&#8221; header_2_text_color=&#8221;#FFFFFF&#8221; header_2_font_size=&#8221;19px&#8221; height=&#8221;460px&#8221; custom_margin=&#8221;||||false|false&#8221; custom_padding=&#8221;269px|10px||10px|false|true&#8221; global_colors_info=&#8221;{}&#8221;]<\/p>\n<h2>Hacia una gerencia en salud humanizada, sostenible y de gesti\u00f3n<\/h2>\n<p>CARLOS HURTADO<\/p>\n<p>[\/et_pb_text][\/et_pb_column][et_pb_column type=&#8221;1_6&#8243; _builder_version=&#8221;4.27.0&#8243; _module_preset=&#8221;default&#8221; use_background_color_gradient=&#8221;on&#8221; background_color_gradient_type=&#8221;circular&#8221; background_color_gradient_stops=&#8221;rgba(43,135,218,0) 14%|#030035 87%&#8221; background_image=&#8221;https:\/\/manosvisibles.org\/wp-content\/uploads\/2024\/08\/MANUELA-GUERRA.jpg&#8221; background_blend=&#8221;overlay&#8221; link_option_url=&#8221;https:\/\/www.las2orillas.co\/talento-visible-desde-las-trincheras-reflexiones-de-una-joven-lider\/&#8221; link_option_url_new_window=&#8221;on&#8221; global_colors_info=&#8221;{}&#8221; use_background_color_gradient__hover=&#8221;on&#8221; background__hover_enabled=&#8221;on|hover&#8221; background_color_gradient_stops__hover=&#8221;rgba(43,135,218,0) 41%|#030035 83%|rgba(3, 0, 53, 1) 100%&#8221; background_color_gradient_type__hover=&#8221;circular&#8221;][et_pb_text _builder_version=&#8221;4.27.0&#8243; _module_preset=&#8221;default&#8221; text_text_color=&#8221;#4cc3d2&#8243; header_2_font=&#8221;Montserrat|600|||||||&#8221; header_2_text_color=&#8221;#FFFFFF&#8221; header_2_font_size=&#8221;19px&#8221; height=&#8221;460px&#8221; custom_margin=&#8221;||||false|false&#8221; custom_padding=&#8221;269px|10px||10px|false|true&#8221; global_colors_info=&#8221;{}&#8221;]<\/p>\n<h2>Desde las trincheras: Reflexiones de una joven l\u00edder<\/h2>\n<p>MANUELA GUERRA<\/p>\n<p>[\/et_pb_text][\/et_pb_column][\/et_pb_row][\/et_pb_section][et_pb_section fb_built=&#8221;1&#8243; next_background_color=&#8221;#030035&#8243; _builder_version=&#8221;4.27.0&#8243; _module_preset=&#8221;default&#8221; top_divider_style=&#8221;arrow&#8221; top_divider_color=&#8221;#030035&#8243; bottom_divider_style=&#8221;arrow&#8221; bottom_divider_height=&#8221;30px&#8221; bottom_divider_flip=&#8221;vertical&#8221; global_colors_info=&#8221;{}&#8221;][et_pb_row _builder_version=&#8221;4.27.0&#8243; _module_preset=&#8221;default&#8221; custom_padding=&#8221;106px|||||&#8221; locked=&#8221;off&#8221; global_colors_info=&#8221;{}&#8221;][et_pb_column type=&#8221;4_4&#8243; _builder_version=&#8221;4.27.0&#8243; _module_preset=&#8221;default&#8221; global_colors_info=&#8221;{}&#8221;][et_pb_heading title=&#8221;\u00bfC\u00f3mo lo hacemos?&#8221; _builder_version=&#8221;4.27.0&#8243; _module_preset=&#8221;default&#8221; title_level=&#8221;h2&#8243; title_font=&#8221;Montserrat|600||on|||||&#8221; title_text_align=&#8221;center&#8221; title_text_color=&#8221;#2f7792&#8243; title_font_size=&#8221;57px&#8221; custom_margin=&#8221;||-2px|||&#8221; global_colors_info=&#8221;{}&#8221;][\/et_pb_heading][\/et_pb_column][\/et_pb_row][et_pb_row column_structure=&#8221;1_2,1_2&#8243; _builder_version=&#8221;4.27.0&#8243; _module_preset=&#8221;default&#8221; custom_margin=&#8221;|auto||auto|false|false&#8221; global_colors_info=&#8221;{}&#8221;][et_pb_column type=&#8221;1_2&#8243; _builder_version=&#8221;4.27.0&#8243; _module_preset=&#8221;default&#8221; global_colors_info=&#8221;{}&#8221;][et_pb_code _builder_version=&#8221;4.27.0&#8243; _module_preset=&#8221;default&#8221; custom_margin=&#8221;||6px|||&#8221; global_colors_info=&#8221;{}&#8221;]<a data-flickr-embed=\"true\" data-context=\"true\" href=\"https:\/\/www.flickr.com\/photos\/200996220@N02\/53869428472\/in\/album-72177720318850235\" title=\"SO208466\" target=\"_blank\" rel=\"noopener\"><img decoding=\"async\" src=\"https:\/\/live.staticflickr.com\/65535\/53869428472_d50813e94d_z.jpg\" width=\"640\" height=\"360\" alt=\"SO208466\"\/><\/a><script async src=\"\/\/embedr.flickr.com\/assets\/client-code.js\" charset=\"utf-8\"><\/script>[\/et_pb_code][et_pb_text _builder_version=&#8221;4.27.0&#8243; _module_preset=&#8221;default&#8221; text_line_height=&#8221;17.5px&#8221; header_4_font=&#8221;Montserrat||||||||&#8221; header_4_text_color=&#8221;#2f7894&#8243; header_4_font_size=&#8221;22px&#8221; header_4_line_height=&#8221;6.6px&#8221; custom_margin=&#8221;16px||-5px||false|false&#8221; global_colors_info=&#8221;{}&#8221;]<\/p>\n<h4>Gesti\u00f3n de la informaci\u00f3n<\/h4>\n<p>Banco de Hojas de Vida: Plataforma para l\u00edderes y empresas, simplificando la conexi\u00f3n con perfiles clave.<\/p>\n<p>[\/et_pb_text][\/et_pb_column][et_pb_column type=&#8221;1_2&#8243; _builder_version=&#8221;4.27.0&#8243; _module_preset=&#8221;default&#8221; global_colors_info=&#8221;{}&#8221;][et_pb_code _builder_version=&#8221;4.27.0&#8243; _module_preset=&#8221;default&#8221; custom_margin=&#8221;||6px|||&#8221; global_colors_info=&#8221;{}&#8221;]<a data-flickr-embed=\"true\" data-context=\"true\" href=\"https:\/\/www.flickr.com\/photos\/200996220@N02\/53880734104\/in\/album-72177720319061882\" title=\"Microsoft I\" target=\"_blank\" rel=\"noopener\"><img decoding=\"async\" src=\"https:\/\/live.staticflickr.com\/65535\/53880734104_d571a365c0_z.jpg\" width=\"640\" height=\"360\" alt=\"Microsoft I\"\/><\/a><script async src=\"\/\/embedr.flickr.com\/assets\/client-code.js\" charset=\"utf-8\"><\/script>[\/et_pb_code][et_pb_text _builder_version=&#8221;4.27.0&#8243; _module_preset=&#8221;default&#8221; text_line_height=&#8221;17.5px&#8221; header_4_font=&#8221;Montserrat||||||||&#8221; header_4_text_color=&#8221;#2f7894&#8243; header_4_font_size=&#8221;22px&#8221; header_4_line_height=&#8221;6.6px&#8221; custom_margin=&#8221;16px||-5px||false|false&#8221; global_colors_info=&#8221;{}&#8221;]<\/p>\n<h4>Incidencia<\/h4>\n<p>Estudios y encuentros estrat\u00e9gicos para impulsar la innovaci\u00f3n comunitaria y gestionar el talento en la di\u00e1spora africana.<\/p>\n<p>[\/et_pb_text][\/et_pb_column][\/et_pb_row][et_pb_row column_structure=&#8221;1_2,1_2&#8243; _builder_version=&#8221;4.27.0&#8243; _module_preset=&#8221;default&#8221; custom_margin=&#8221;12px|auto||auto||&#8221; global_colors_info=&#8221;{}&#8221;][et_pb_column type=&#8221;1_2&#8243; _builder_version=&#8221;4.27.0&#8243; _module_preset=&#8221;default&#8221; global_colors_info=&#8221;{}&#8221;][et_pb_code _builder_version=&#8221;4.27.0&#8243; _module_preset=&#8221;default&#8221; custom_margin=&#8221;||6px|||&#8221; global_colors_info=&#8221;{}&#8221;]<a data-flickr-embed=\"true\" data-context=\"true\" href=\"https:\/\/www.flickr.com\/photos\/200996220@N02\/53876800501\/in\/album-72177720319061882\" title=\"Visita y firma entre Manos Visibles &#038; IFC\" target=\"_blank\" rel=\"noopener\"><img decoding=\"async\" src=\"https:\/\/live.staticflickr.com\/65535\/53876800501_ff87ec250e_z.jpg\" width=\"640\" height=\"480\" alt=\"Visita y firma entre Manos Visibles &#038; IFC\"\/><\/a><script async src=\"\/\/embedr.flickr.com\/assets\/client-code.js\" charset=\"utf-8\"><\/script>[\/et_pb_code][et_pb_text _builder_version=&#8221;4.27.0&#8243; _module_preset=&#8221;default&#8221; text_line_height=&#8221;17.5px&#8221; header_4_font=&#8221;Montserrat||||||||&#8221; header_4_text_color=&#8221;#2f7894&#8243; header_4_font_size=&#8221;22px&#8221; header_4_line_height=&#8221;6.6px&#8221; custom_margin=&#8221;16px||-5px||false|false&#8221; global_colors_info=&#8221;{}&#8221;]<\/p>\n<h4>Adquisici\u00f3n de Talento<\/h4>\n<p>Alianza con empresas y entidades para: Circulaci\u00f3n de oportunidades en cuanto a vacantes Priorizaci\u00f3n de perfiles o programas de contrataci\u00f3n Programa de pr\u00e1cticas laborales de 4 a 12 meses<\/p>\n<p>[\/et_pb_text][\/et_pb_column][et_pb_column type=&#8221;1_2&#8243; _builder_version=&#8221;4.27.0&#8243; _module_preset=&#8221;default&#8221; global_colors_info=&#8221;{}&#8221;][et_pb_code _builder_version=&#8221;4.27.0&#8243; _module_preset=&#8221;default&#8221; custom_margin=&#8221;||6px|||&#8221; global_colors_info=&#8221;{}&#8221;]<a data-flickr-embed=\"true\" data-context=\"true\" href=\"https:\/\/www.flickr.com\/photos\/200996220@N02\/53876800451\/in\/album-72177720319061882\" title=\"Proimagenes I\" target=\"_blank\" rel=\"noopener\"><img decoding=\"async\" src=\"https:\/\/live.staticflickr.com\/65535\/53876800451_0fd963bcc9_z.jpg\" width=\"640\" height=\"480\" alt=\"Proimagenes I\"\/><\/a><script async src=\"\/\/embedr.flickr.com\/assets\/client-code.js\" charset=\"utf-8\"><\/script>[\/et_pb_code][et_pb_text _builder_version=&#8221;4.27.0&#8243; _module_preset=&#8221;default&#8221; text_line_height=&#8221;17.5px&#8221; header_4_font=&#8221;Montserrat||||||||&#8221; header_4_text_color=&#8221;#2f7894&#8243; header_4_font_size=&#8221;22px&#8221; header_4_line_height=&#8221;6.6px&#8221; custom_margin=&#8221;16px||-5px||false|false&#8221; global_colors_info=&#8221;{}&#8221;]<\/p>\n<h4>Formaci\u00f3n para Empresas<\/h4>\n<p>Talleres de Equidad Racial y G\u00e9nero (DEI): Sesiones virtuales y presenciales para fortalecer habilidades de liderazgo y promover la igualdad.<\/p>\n<p>[\/et_pb_text][\/et_pb_column][\/et_pb_row][et_pb_row column_structure=&#8221;1_2,1_2&#8243; _builder_version=&#8221;4.27.0&#8243; _module_preset=&#8221;default&#8221; custom_margin=&#8221;12px|auto||auto||&#8221; global_colors_info=&#8221;{}&#8221;][et_pb_column type=&#8221;1_2&#8243; _builder_version=&#8221;4.27.0&#8243; _module_preset=&#8221;default&#8221; global_colors_info=&#8221;{}&#8221;][et_pb_code _builder_version=&#8221;4.27.0&#8243; _module_preset=&#8221;default&#8221; custom_margin=&#8221;||6px|||&#8221; global_colors_info=&#8221;{}&#8221;]<a data-flickr-embed=\"true\" data-context=\"true\" href=\"https:\/\/www.flickr.com\/photos\/200996220@N02\/53870748055\/in\/album-72177720318850235\" title=\"SO208205\" target=\"_blank\" rel=\"noopener\"><img decoding=\"async\" src=\"https:\/\/live.staticflickr.com\/65535\/53870748055_1993970e76_z.jpg\" width=\"640\" height=\"360\" alt=\"SO208205\"\/><\/a><script async src=\"\/\/embedr.flickr.com\/assets\/client-code.js\" charset=\"utf-8\"><\/script>[\/et_pb_code][et_pb_text _builder_version=&#8221;4.27.0&#8243; _module_preset=&#8221;default&#8221; text_line_height=&#8221;17.5px&#8221; header_4_font=&#8221;Montserrat||||||||&#8221; header_4_text_color=&#8221;#2f7894&#8243; header_4_font_size=&#8221;22px&#8221; header_4_line_height=&#8221;6.6px&#8221; custom_margin=&#8221;16px||-5px||false|false&#8221; global_colors_info=&#8221;{}&#8221;]<\/p>\n<h4>Formaci\u00f3n para el Talento<\/h4>\n<p>Escuelas de Gerencia: Formaci\u00f3n h\u00edbrida para l\u00edderes. Ferias\/Webinars: para aprender herramientas pr\u00e1cticas y conocer oportunidades laborales. Coaching Profesional: Sesiones con mentores, apoyo psicosocial.<\/p>\n<p>[\/et_pb_text][\/et_pb_column][et_pb_column type=&#8221;1_2&#8243; _builder_version=&#8221;4.27.0&#8243; _module_preset=&#8221;default&#8221; global_colors_info=&#8221;{}&#8221;][\/et_pb_column][\/et_pb_row][\/et_pb_section][et_pb_section fb_built=&#8221;1&#8243; _builder_version=&#8221;4.27.0&#8243; _module_preset=&#8221;default&#8221; background_color=&#8221;#030035&#8243; custom_padding=&#8221;0px||0px||false|false&#8221; locked=&#8221;off&#8221; global_colors_info=&#8221;{}&#8221;][et_pb_row _builder_version=&#8221;4.27.0&#8243; _module_preset=&#8221;default&#8221; global_colors_info=&#8221;{}&#8221;][et_pb_column type=&#8221;4_4&#8243; _builder_version=&#8221;4.27.0&#8243; _module_preset=&#8221;default&#8221; global_colors_info=&#8221;{}&#8221;][et_pb_heading title=&#8221;Conoce los perfiles de nuestro talento&#8221; _builder_version=&#8221;4.27.0&#8243; _module_preset=&#8221;default&#8221; title_level=&#8221;h2&#8243; title_font=&#8221;Montserrat|600||on|||||&#8221; title_text_align=&#8221;center&#8221; title_text_color=&#8221;#FFFFFF&#8221; title_font_size=&#8221;57px&#8221; custom_margin=&#8221;||-2px|||&#8221; global_colors_info=&#8221;{}&#8221;][\/et_pb_heading][\/et_pb_column][\/et_pb_row][et_pb_row _builder_version=&#8221;4.27.0&#8243; _module_preset=&#8221;default&#8221; width=&#8221;63%&#8221; global_colors_info=&#8221;{}&#8221;][et_pb_column type=&#8221;4_4&#8243; _builder_version=&#8221;4.27.0&#8243; _module_preset=&#8221;default&#8221; global_colors_info=&#8221;{}&#8221;][et_pb_video_slider _builder_version=&#8221;4.27.0&#8243; _module_preset=&#8221;default&#8221; hover_enabled=&#8221;0&#8243; border_radii=&#8221;on|10px|10px|10px|10px&#8221; global_colors_info=&#8221;{}&#8221; width=&#8221;78%&#8221; module_alignment=&#8221;center&#8221; sticky_enabled=&#8221;0&#8243;][et_pb_video_slider_item src=&#8221;https:\/\/youtu.be\/PnJxAThh95E?si=N4wy1Qf6gqa-fB4h&#8221; _builder_version=&#8221;4.27.0&#8243; _module_preset=&#8221;default&#8221; global_colors_info=&#8221;{}&#8221; show_image_overlay=&#8221;off&#8221;][\/et_pb_video_slider_item][et_pb_video_slider_item src=&#8221;https:\/\/youtu.be\/rZpN1XMpfac?si=Lw_j2WEe3mUzUy0p&#8221; _builder_version=&#8221;4.27.0&#8243; _module_preset=&#8221;default&#8221; global_colors_info=&#8221;{}&#8221; show_image_overlay=&#8221;off&#8221;][\/et_pb_video_slider_item][et_pb_video_slider_item src=&#8221;https:\/\/youtu.be\/au5pTlnxoq0?si=KlTnpd9qW2j6gCLz&#8221; _builder_version=&#8221;4.27.0&#8243; _module_preset=&#8221;default&#8221; global_colors_info=&#8221;{}&#8221; show_image_overlay=&#8221;off&#8221;][\/et_pb_video_slider_item][et_pb_video_slider_item src=&#8221;https:\/\/youtu.be\/NsR-uhGAfVQ?si=oxaXGBB_bLOxaEru&#8221; _builder_version=&#8221;4.27.0&#8243; _module_preset=&#8221;default&#8221; global_colors_info=&#8221;{}&#8221; show_image_overlay=&#8221;off&#8221;][\/et_pb_video_slider_item][et_pb_video_slider_item src=&#8221;https:\/\/youtu.be\/As8FAkizD6k?si=MWsjl_zu1oRfM3dh&#8221; _builder_version=&#8221;4.27.0&#8243; _module_preset=&#8221;default&#8221; global_colors_info=&#8221;{}&#8221; show_image_overlay=&#8221;off&#8221;][\/et_pb_video_slider_item][et_pb_video_slider_item src=&#8221;https:\/\/youtu.be\/L1msEEQtMo0?si=O32Bd7LgLCUwffJP&#8221; _builder_version=&#8221;4.27.0&#8243; _module_preset=&#8221;default&#8221; global_colors_info=&#8221;{}&#8221; show_image_overlay=&#8221;off&#8221;][\/et_pb_video_slider_item][et_pb_video_slider_item src=&#8221;https:\/\/youtu.be\/HWRiq1bVRkk?si=5-lE4PVN8vm-amT7&#8243; _builder_version=&#8221;4.27.0&#8243; _module_preset=&#8221;default&#8221; global_colors_info=&#8221;{}&#8221; show_image_overlay=&#8221;off&#8221;][\/et_pb_video_slider_item][et_pb_video_slider_item src=&#8221;https:\/\/youtu.be\/OHo9Q_5o3wc?si=vYko2rA8niQ_sDQL&#8221; _builder_version=&#8221;4.27.0&#8243; _module_preset=&#8221;default&#8221; global_colors_info=&#8221;{}&#8221; show_image_overlay=&#8221;off&#8221;][\/et_pb_video_slider_item][et_pb_video_slider_item src=&#8221;https:\/\/youtu.be\/pM8nWdTRXbI?si=d4pgapG7wabsTksg&#8221; _builder_version=&#8221;4.27.0&#8243; _module_preset=&#8221;default&#8221; global_colors_info=&#8221;{}&#8221; show_image_overlay=&#8221;off&#8221;][\/et_pb_video_slider_item][et_pb_video_slider_item src=&#8221;https:\/\/youtu.be\/S-HTFxI5N1E?si=xXckFFlgJ-F5abQx&#8221; _builder_version=&#8221;4.27.0&#8243; _module_preset=&#8221;default&#8221; global_colors_info=&#8221;{}&#8221; show_image_overlay=&#8221;off&#8221;][\/et_pb_video_slider_item][et_pb_video_slider_item src=&#8221;https:\/\/youtu.be\/oAz3eVCaHaM?si=xk6Sc_9nv9MFI8vO&#8221; _builder_version=&#8221;4.27.0&#8243; _module_preset=&#8221;default&#8221; global_colors_info=&#8221;{}&#8221; show_image_overlay=&#8221;off&#8221;][\/et_pb_video_slider_item][\/et_pb_video_slider][\/et_pb_column][\/et_pb_row][\/et_pb_section][et_pb_section fb_built=&#8221;1&#8243; prev_background_color=&#8221;#030035&#8243; _builder_version=&#8221;4.27.0&#8243; _module_preset=&#8221;default&#8221; custom_padding=&#8221;52px|||||&#8221; top_divider_style=&#8221;arrow&#8221; top_divider_height=&#8221;46px&#8221; global_colors_info=&#8221;{}&#8221;][et_pb_row _builder_version=&#8221;4.27.0&#8243; _module_preset=&#8221;default&#8221; custom_padding=&#8221;32px|||||&#8221; global_colors_info=&#8221;{}&#8221;][et_pb_column type=&#8221;4_4&#8243; _builder_version=&#8221;4.27.0&#8243; _module_preset=&#8221;default&#8221; global_colors_info=&#8221;{}&#8221;][et_pb_heading title=&#8221;Empresas que conf\u00edan en nosotros&#8221; _builder_version=&#8221;4.27.0&#8243; _module_preset=&#8221;default&#8221; title_level=&#8221;h2&#8243; title_font=&#8221;Montserrat|600||on|||||&#8221; title_text_align=&#8221;center&#8221; title_text_color=&#8221;#2f7792&#8243; title_font_size=&#8221;47px&#8221; custom_margin=&#8221;||-2px|||&#8221; locked=&#8221;off&#8221; global_colors_info=&#8221;{}&#8221;][\/et_pb_heading][\/et_pb_column][\/et_pb_row][et_pb_row _builder_version=&#8221;4.27.0&#8243; _module_preset=&#8221;default&#8221; custom_padding=&#8221;11px|||||&#8221; global_colors_info=&#8221;{}&#8221;][et_pb_column type=&#8221;4_4&#8243; _builder_version=&#8221;4.27.0&#8243; _module_preset=&#8221;default&#8221; global_colors_info=&#8221;{}&#8221;][et_pb_image src=&#8221;https:\/\/manosvisibles.org\/wp-content\/uploads\/2024\/08\/logos-2.jpg&#8221; align=&#8221;center&#8221; _builder_version=&#8221;4.27.0&#8243; _module_preset=&#8221;default&#8221; global_colors_info=&#8221;{}&#8221;][\/et_pb_image][\/et_pb_column][\/et_pb_row][\/et_pb_section][et_pb_section fb_built=&#8221;1&#8243; _builder_version=&#8221;4.27.0&#8243; _module_preset=&#8221;default&#8221; background_enable_color=&#8221;off&#8221; background_enable_pattern_style=&#8221;on&#8221; background_pattern_style=&#8221;diagonal-stripes-2&#8243; background_pattern_color=&#8221;rgba(0,0,0,0.07)&#8221; custom_padding=&#8221;127px|||||&#8221; top_divider_style=&#8221;arrow&#8221; top_divider_color=&#8221;#FFFFFF&#8221; bottom_divider_style=&#8221;arrow&#8221; bottom_divider_color=&#8221;#FFFFFF&#8221; bottom_divider_flip=&#8221;vertical&#8221; hover_enabled=&#8221;0&#8243; global_colors_info=&#8221;{}&#8221; locked=&#8221;off&#8221; sticky_enabled=&#8221;0&#8243;][et_pb_row _builder_version=&#8221;4.27.0&#8243; _module_preset=&#8221;default&#8221; global_colors_info=&#8221;{}&#8221;][et_pb_column type=&#8221;4_4&#8243; _builder_version=&#8221;4.27.0&#8243; _module_preset=&#8221;default&#8221; global_colors_info=&#8221;{}&#8221;][et_pb_heading title=&#8221;Conozca nuestro Banco de Hoja de vida&#8221; _builder_version=&#8221;4.27.0&#8243; _module_preset=&#8221;default&#8221; title_level=&#8221;h2&#8243; title_font=&#8221;Montserrat|600||on|||||&#8221; title_text_align=&#8221;center&#8221; title_text_color=&#8221;#2f7792&#8243; title_font_size=&#8221;57px&#8221; custom_margin=&#8221;||5px|||&#8221; hover_enabled=&#8221;0&#8243; global_colors_info=&#8221;{}&#8221; sticky_enabled=&#8221;0&#8243;][\/et_pb_heading][\/et_pb_column][\/et_pb_row][et_pb_row _builder_version=&#8221;4.27.0&#8243; _module_preset=&#8221;default&#8221; column_structure=&#8221;1_4,1_4,1_4,1_4&#8243; custom_padding=&#8221;||95px|||&#8221;][et_pb_column _builder_version=&#8221;4.27.0&#8243; _module_preset=&#8221;default&#8221; type=&#8221;1_4&#8243;][et_pb_team_member name=&#8221;Adriana Cifuentes&#8221; image_url=&#8221;https:\/\/manosvisibles.org\/wp-content\/uploads\/2024\/08\/hv-01.jpg&#8221; position=&#8221;Gerente Regional&#8221; _builder_version=&#8221;4.27.0&#8243; _module_preset=&#8221;default&#8221; border_radii_image=&#8221;on|982px|982px|982px|982px&#8221; hover_enabled=&#8221;0&#8243; sticky_enabled=&#8221;0&#8243; box_shadow_style_image=&#8221;preset1&#8243; facebook_url=&#8221;#&#8221; twitter_url=&#8221;#&#8221; linkedin_url=&#8221;#&#8221; header_text_color=&#8221;#2f7792&#8243; header_font=&#8221;Montserrat|600|||||||&#8221; position_font=&#8221;Montserrat|600|||||||&#8221;]<\/p>\n<p>Lorem ipsum dolor sit amet, consectetur adipiscing elit, sed do eiusmod tempor incididunt ut labore et dolore magna aliqua. <\/p>\n<p>[\/et_pb_team_member][\/et_pb_column][et_pb_column _builder_version=&#8221;4.27.0&#8243; _module_preset=&#8221;default&#8221; type=&#8221;1_4&#8243;][et_pb_team_member name=&#8221;Orlando Rojas&#8221; image_url=&#8221;https:\/\/manosvisibles.org\/wp-content\/uploads\/2024\/08\/hv-02.jpg&#8221; position=&#8221;Gerente Regional&#8221; _builder_version=&#8221;4.27.0&#8243; _module_preset=&#8221;default&#8221; border_radii_image=&#8221;on|982px|982px|982px|982px&#8221; hover_enabled=&#8221;0&#8243; sticky_enabled=&#8221;0&#8243; box_shadow_style_image=&#8221;preset1&#8243; facebook_url=&#8221;#&#8221; twitter_url=&#8221;#&#8221; linkedin_url=&#8221;#&#8221; header_text_color=&#8221;#2f7792&#8243; header_font=&#8221;Montserrat|600|||||||&#8221; position_font=&#8221;Montserrat|600|||||||&#8221;]<\/p>\n<p>Lorem ipsum dolor sit amet, consectetur adipiscing elit, sed do eiusmod tempor incididunt ut labore et dolore magna aliqua.<\/p>\n<p>[\/et_pb_team_member][\/et_pb_column][et_pb_column _builder_version=&#8221;4.27.0&#8243; _module_preset=&#8221;default&#8221; type=&#8221;1_4&#8243;][et_pb_team_member name=&#8221;Carolina Tapia&#8221; image_url=&#8221;https:\/\/manosvisibles.org\/wp-content\/uploads\/2024\/08\/hv-03.jpg&#8221; position=&#8221;Gerente Regional&#8221; _builder_version=&#8221;4.27.0&#8243; _module_preset=&#8221;default&#8221; border_radii_image=&#8221;on|982px|982px|982px|982px&#8221; hover_enabled=&#8221;0&#8243; sticky_enabled=&#8221;0&#8243; box_shadow_style_image=&#8221;preset1&#8243; facebook_url=&#8221;#&#8221; twitter_url=&#8221;#&#8221; linkedin_url=&#8221;#&#8221; header_text_color=&#8221;#2f7792&#8243; header_font=&#8221;Montserrat|600|||||||&#8221; position_font=&#8221;Montserrat|600|||||||&#8221;]<\/p>\n<p>Lorem ipsum dolor sit amet, consectetur adipiscing elit, sed do eiusmod tempor incididunt ut labore et dolore magna aliqua.<\/p>\n<p>[\/et_pb_team_member][\/et_pb_column][et_pb_column _builder_version=&#8221;4.27.0&#8243; _module_preset=&#8221;default&#8221; type=&#8221;1_4&#8243;][et_pb_team_member name=&#8221;Carlos Duarte&#8221; image_url=&#8221;https:\/\/manosvisibles.org\/wp-content\/uploads\/2024\/08\/hv-04.jpg&#8221; position=&#8221;Gerente Regional&#8221; _builder_version=&#8221;4.27.0&#8243; _module_preset=&#8221;default&#8221; border_radii_image=&#8221;on|982px|982px|982px|982px&#8221; hover_enabled=&#8221;0&#8243; sticky_enabled=&#8221;0&#8243; box_shadow_style_image=&#8221;preset1&#8243; facebook_url=&#8221;#&#8221; twitter_url=&#8221;#&#8221; linkedin_url=&#8221;#&#8221; header_text_color=&#8221;#2f7792&#8243; header_font=&#8221;Montserrat|600|||||||&#8221; position_font=&#8221;Montserrat|600|||||||&#8221;]<\/p>\n<p>Lorem ipsum dolor sit amet, consectetur adipiscing elit, sed do eiusmod tempor incididunt ut labore et dolore magna aliqua.<\/p>\n<p>[\/et_pb_team_member][\/et_pb_column][\/et_pb_row][\/et_pb_section][et_pb_section fb_built=&#8221;1&#8243; theme_builder_area=&#8221;post_content&#8221; _builder_version=&#8221;4.27.0&#8243; _module_preset=&#8221;default&#8221; custom_padding=&#8221;35px|||||&#8221;][et_pb_row _builder_version=&#8221;4.27.0&#8243; _module_preset=&#8221;default&#8221; theme_builder_area=&#8221;post_content&#8221;][et_pb_column _builder_version=&#8221;4.27.0&#8243; _module_preset=&#8221;default&#8221; type=&#8221;4_4&#8243; theme_builder_area=&#8221;post_content&#8221;][et_pb_heading title=&#8221;DESTACADOS DEL TALLER REGIONAL TALENTO VISIBLE&#8221; _builder_version=&#8221;4.27.0&#8243; _module_preset=&#8221;default&#8221; title_level=&#8221;h2&#8243; title_font=&#8221;Montserrat|600||on|||||&#8221; title_text_align=&#8221;center&#8221; title_text_color=&#8221;#2f7792&#8243; title_font_size=&#8221;47px&#8221; custom_margin=&#8221;||-2px|||&#8221; hover_enabled=&#8221;0&#8243; locked=&#8221;off&#8221; global_colors_info=&#8221;{}&#8221; theme_builder_area=&#8221;post_content&#8221; sticky_enabled=&#8221;0&#8243;][\/et_pb_heading][et_pb_text _builder_version=&#8221;4.27.0&#8243; _module_preset=&#8221;default&#8221; text_font=&#8221;Montserrat|||on|||||&#8221; text_font_size=&#8221;28px&#8221; text_orientation=&#8221;center&#8221; custom_margin=&#8221;0px||0px||false|false&#8221; custom_padding=&#8221;0px||0px||false|false&#8221; hover_enabled=&#8221;0&#8243; global_colors_info=&#8221;{}&#8221; locked=&#8221;off&#8221; theme_builder_area=&#8221;post_content&#8221; sticky_enabled=&#8221;0&#8243; header_text_color=&#8221;#000000&#8243;]<\/p>\n<p>Reflexiones desde una gerencia estrat\u00e9gica<\/p>\n<p>[\/et_pb_text][\/et_pb_column][\/et_pb_row][et_pb_row _builder_version=&#8221;4.27.0&#8243; _module_preset=&#8221;default&#8221; theme_builder_area=&#8221;post_content&#8221;][et_pb_column _builder_version=&#8221;4.27.0&#8243; _module_preset=&#8221;default&#8221; type=&#8221;4_4&#8243; theme_builder_area=&#8221;post_content&#8221;][et_pb_video_slider _builder_version=&#8221;4.27.0&#8243; _module_preset=&#8221;default&#8221; hover_enabled=&#8221;0&#8243; border_radii=&#8221;on|10px|10px|10px|10px&#8221; global_colors_info=&#8221;{}&#8221; width=&#8221;78%&#8221; module_alignment=&#8221;center&#8221; sticky_enabled=&#8221;0&#8243; locked=&#8221;off&#8221; theme_builder_area=&#8221;post_content&#8221; box_shadow_style=&#8221;preset1&#8243;][et_pb_video_slider_item src=&#8221;https:\/\/youtu.be\/0hepqhNv_HQ?si=3Odf_AMuTR7-YWEh&#8221; _builder_version=&#8221;4.27.0&#8243; _module_preset=&#8221;default&#8221; hover_enabled=&#8221;0&#8243; global_colors_info=&#8221;{}&#8221; show_image_overlay=&#8221;off&#8221; theme_builder_area=&#8221;post_content&#8221; sticky_enabled=&#8221;0&#8243;][\/et_pb_video_slider_item][et_pb_video_slider_item src=&#8221;https:\/\/youtu.be\/QGTKpbw_QmE?si=XfZB-CKUpMVrkhgZ&#8221; _builder_version=&#8221;4.27.0&#8243; _module_preset=&#8221;default&#8221; hover_enabled=&#8221;0&#8243; global_colors_info=&#8221;{}&#8221; show_image_overlay=&#8221;off&#8221; theme_builder_area=&#8221;post_content&#8221; sticky_enabled=&#8221;0&#8243;][\/et_pb_video_slider_item][et_pb_video_slider_item src=&#8221;https:\/\/youtu.be\/BPbR4M2K-6w?si=dKZXPhxqGumv8iFz&#8221; _builder_version=&#8221;4.27.0&#8243; _module_preset=&#8221;default&#8221; hover_enabled=&#8221;0&#8243; global_colors_info=&#8221;{}&#8221; show_image_overlay=&#8221;off&#8221; theme_builder_area=&#8221;post_content&#8221; sticky_enabled=&#8221;0&#8243;][\/et_pb_video_slider_item][et_pb_video_slider_item src=&#8221;https:\/\/youtu.be\/LxgXo2IIK8E?si=8zVH_RYnZIQ1V_jq&#8221; _builder_version=&#8221;4.27.0&#8243; _module_preset=&#8221;default&#8221; hover_enabled=&#8221;0&#8243; global_colors_info=&#8221;{}&#8221; show_image_overlay=&#8221;off&#8221; theme_builder_area=&#8221;post_content&#8221; sticky_enabled=&#8221;0&#8243;][\/et_pb_video_slider_item][et_pb_video_slider_item src=&#8221;https:\/\/youtu.be\/feSn7s6xvPc?si=GOsmwAsqqzok82Zw&#8221; _builder_version=&#8221;4.27.0&#8243; _module_preset=&#8221;default&#8221; hover_enabled=&#8221;0&#8243; global_colors_info=&#8221;{}&#8221; show_image_overlay=&#8221;off&#8221; theme_builder_area=&#8221;post_content&#8221; sticky_enabled=&#8221;0&#8243;][\/et_pb_video_slider_item][\/et_pb_video_slider][\/et_pb_column][\/et_pb_row][\/et_pb_section][et_pb_section fb_built=&#8221;1&#8243; _builder_version=&#8221;4.27.0&#8243; _module_preset=&#8221;default&#8221; global_colors_info=&#8221;{}&#8221;][\/et_pb_section]<\/p>\n","protected":false},"excerpt":{"rendered":"<p>En estos dos a\u00f1os hemos impulsado la diversidad en el ecosistema empresarial de Colombia+50talentos \u00e9tnicos conectados con oportunidades laborales y pr\u00e1cticas profesionales.+30empresas receptoras de Talento Visible y 100 colaboradores formados en equidad racial.+1.300perfiles de todo el territorio nacional.7.000profesionales afro e ind\u00edgenas dentro de la red Manos Visibles.1.700personas formadas en habilidades gerenciales y profesionales en las [&hellip;]<\/p>\n","protected":false},"author":1,"featured_media":0,"parent":0,"menu_order":0,"comment_status":"closed","ping_status":"closed","template":"","meta":{"_acf_changed":false,"_et_pb_use_builder":"on","_et_pb_old_content":"","_et_gb_content_width":"","inline_featured_image":false,"footnotes":""},"difl_page_category":[],"class_list":["post-6327","page","type-page","status-publish","hentry"],"acf":[],"_links":{"self":[{"href":"https:\/\/manosvisibles.org\/en\/wp-json\/wp\/v2\/pages\/6327","targetHints":{"allow":["GET"]}}],"collection":[{"href":"https:\/\/manosvisibles.org\/en\/wp-json\/wp\/v2\/pages"}],"about":[{"href":"https:\/\/manosvisibles.org\/en\/wp-json\/wp\/v2\/types\/page"}],"author":[{"embeddable":true,"href":"https:\/\/manosvisibles.org\/en\/wp-json\/wp\/v2\/users\/1"}],"replies":[{"embeddable":true,"href":"https:\/\/manosvisibles.org\/en\/wp-json\/wp\/v2\/comments?post=6327"}],"version-history":[{"count":125,"href":"https:\/\/manosvisibles.org\/en\/wp-json\/wp\/v2\/pages\/6327\/revisions"}],"predecessor-version":[{"id":6585,"href":"https:\/\/manosvisibles.org\/en\/wp-json\/wp\/v2\/pages\/6327\/revisions\/6585"}],"wp:attachment":[{"href":"https:\/\/manosvisibles.org\/en\/wp-json\/wp\/v2\/media?parent=6327"}],"wp:term":[{"taxonomy":"difl_page_category","embeddable":true,"href":"https:\/\/manosvisibles.org\/en\/wp-json\/wp\/v2\/difl_page_category?post=6327"}],"curies":[{"name":"wp","href":"https:\/\/api.w.org\/{rel}","templated":true}]}}