{"id":5850,"date":"2024-07-11T10:59:48","date_gmt":"2024-07-11T15:59:48","guid":{"rendered":"https:\/\/manosvisibles.org\/?page_id=5850"},"modified":"2024-07-15T14:57:28","modified_gmt":"2024-07-15T19:57:28","slug":"talento-visible-undecimo-taller-regional","status":"publish","type":"page","link":"https:\/\/manosvisibles.org\/en\/talento-visible-undecimo-taller-regional\/","title":{"rendered":"Talento Visible &#8211; Und\u00e9cimo Taller Regional"},"content":{"rendered":"<p>[et_pb_section fb_built=&#8221;1&#8243; disabled_on=&#8221;on|off|off&#8221; _builder_version=&#8221;4.25.2&#8243; _module_preset=&#8221;default&#8221; background_color=&#8221;#000000&#8243; custom_margin=&#8221;86px||0px||false|false&#8221; custom_padding=&#8221;0px||0px||false|false&#8221; bottom_divider_style=&#8221;arrow&#8221; bottom_divider_color=&#8221;#FFFFFF&#8221; bottom_divider_arrangement=&#8221;above_content&#8221; global_colors_info=&#8221;{}&#8221;][et_pb_row _builder_version=&#8221;4.26.0&#8243; _module_preset=&#8221;default&#8221; background_color=&#8221;#090037&#8243; background_enable_image=&#8221;off&#8221; parallax=&#8221;on&#8221; background_enable_video_mp4=&#8221;off&#8221; width=&#8221;100%&#8221; max_width=&#8221;100%&#8221; custom_margin=&#8221;0px||0px||false|false&#8221; custom_padding=&#8221;0px||107px||false|false&#8221; background_last_edited=&#8221;off|desktop&#8221; global_colors_info=&#8221;{}&#8221;][et_pb_column type=&#8221;4_4&#8243; _builder_version=&#8221;4.25.1&#8243; _module_preset=&#8221;default&#8221; custom_padding=&#8221;|178px||178px|false|true&#8221; global_colors_info=&#8221;{}&#8221;][et_pb_image src=&#8221;https:\/\/manosvisibles.org\/wp-content\/uploads\/2024\/07\/logo-talento-02.webp&#8221; title_text=&#8221;logo-talento-02&#8243; align=&#8221;center&#8221; _builder_version=&#8221;4.26.1&#8243; _module_preset=&#8221;default&#8221; width=&#8221;50%&#8221; custom_margin=&#8221;27px||2px||false|false&#8221; global_colors_info=&#8221;{}&#8221;][\/et_pb_image][et_pb_text _builder_version=&#8221;4.26.1&#8243; _module_preset=&#8221;_initial&#8221; text_font=&#8221;Montserrat|600||on|||||&#8221; text_text_color=&#8221;#4fc7dc&#8221; text_font_size=&#8221;37px&#8221; text_line_height=&#8221;25px&#8221; text_orientation=&#8221;center&#8221; width=&#8221;100%&#8221; module_alignment=&#8221;center&#8221; custom_padding=&#8221;0px||||false|false&#8221; global_colors_info=&#8221;{}&#8221;]<\/p>\n<p>und\u00e9cimo Taller Regional<\/p>\n<p>[\/et_pb_text][et_pb_text _builder_version=&#8221;4.26.1&#8243; _module_preset=&#8221;_initial&#8221; text_text_color=&#8221;#FFFFFF&#8221; text_font_size=&#8221;25px&#8221; text_line_height=&#8221;25px&#8221; text_orientation=&#8221;center&#8221; width=&#8221;100%&#8221; module_alignment=&#8221;center&#8221; custom_padding=&#8221;19px||||false|false&#8221; global_colors_info=&#8221;{}&#8221;]<\/p>\n<p>Del 16 al 19 de julio una generaci\u00f3n de m\u00e1s de 100 gerentes visibles se reunir\u00e1n para proponer soluciones con una agenda de incidencia en diversos sectores.<\/p>\n<p>[\/et_pb_text][et_pb_button button_url=&#8221;#&#8221; url_new_window=&#8221;on&#8221; button_text=&#8221;Inscr\u00edbete aqu\u00ed&#8221; button_alignment=&#8221;center&#8221; disabled_on=&#8221;on|on|on&#8221; _builder_version=&#8221;4.26.1&#8243; _module_preset=&#8221;default&#8221; custom_button=&#8221;on&#8221; button_text_size=&#8221;23px&#8221; button_text_color=&#8221;#FFFFFF&#8221; button_bg_color=&#8221;#55d1ed&#8221; button_border_width=&#8221;0px&#8221; button_border_radius=&#8221;39px&#8221; button_font=&#8221;|700||on|||||&#8221; button_use_icon=&#8221;off&#8221; box_shadow_style=&#8221;preset1&#8243; disabled=&#8221;on&#8221; global_colors_info=&#8221;{}&#8221; button_bg_color__hover_enabled=&#8221;on|hover&#8221; button_bg_color__hover=&#8221;#4bc6d3&#8243; button_bg_enable_color__hover=&#8221;on&#8221;][\/et_pb_button][et_pb_divider color=&#8221;#FFFFFF&#8221; divider_weight=&#8221;1px&#8221; _builder_version=&#8221;4.25.1&#8243; _module_preset=&#8221;default&#8221; width=&#8221;54%&#8221; module_alignment=&#8221;center&#8221; custom_margin=&#8221;||0px||false|false&#8221; custom_padding=&#8221;||0px||false|false&#8221; global_colors_info=&#8221;{}&#8221;][\/et_pb_divider][et_pb_image src=&#8221;https:\/\/manosvisibles.org\/wp-content\/uploads\/2024\/07\/logos-talento.png&#8221; align=&#8221;center&#8221; _builder_version=&#8221;4.26.0&#8243; _module_preset=&#8221;default&#8221; global_colors_info=&#8221;{}&#8221;][\/et_pb_image][\/et_pb_column][\/et_pb_row][\/et_pb_section][et_pb_section fb_built=&#8221;1&#8243; next_background_color=&#8221;#ffffff&#8221; disabled_on=&#8221;off|on|on&#8221; _builder_version=&#8221;4.26.1&#8243; _module_preset=&#8221;default&#8221; background_color=&#8221;#000000&#8243; custom_margin=&#8221;86px||0px||false|false&#8221; custom_margin_tablet=&#8221;86px||0px||false|false&#8221; custom_margin_phone=&#8221;70px||||false|false&#8221; custom_margin_last_edited=&#8221;on|phone&#8221; custom_padding=&#8221;0px||0px||false|false&#8221; bottom_divider_style=&#8221;arrow&#8221; bottom_divider_arrangement=&#8221;above_content&#8221; global_colors_info=&#8221;{}&#8221;][et_pb_row custom_padding_last_edited=&#8221;on|phone&#8221; _builder_version=&#8221;4.26.1&#8243; _module_preset=&#8221;default&#8221; background_color=&#8221;#090037&#8243; background_enable_image=&#8221;off&#8221; background_size=&#8221;stretch&#8221; background_enable_video_mp4=&#8221;off&#8221; width=&#8221;100%&#8221; max_width=&#8221;100%&#8221; custom_margin=&#8221;0px||0px||false|false&#8221; custom_padding=&#8221;95px||107px||false|false&#8221; custom_padding_tablet=&#8221;95px||107px||false|false&#8221; custom_padding_phone=&#8221;20px||107px||false|false&#8221; background_last_edited=&#8221;off|desktop&#8221; global_colors_info=&#8221;{}&#8221;][et_pb_column type=&#8221;4_4&#8243; _builder_version=&#8221;4.25.2&#8243; _module_preset=&#8221;default&#8221; custom_padding=&#8221;||||false|true&#8221; global_colors_info=&#8221;{}&#8221;][et_pb_text _builder_version=&#8221;4.26.1&#8243; _module_preset=&#8221;_initial&#8221; text_font=&#8221;Montserrat|600||on|||||&#8221; text_text_color=&#8221;#4fc7dc&#8221; text_font_size=&#8221;37px&#8221; text_line_height=&#8221;25px&#8221; text_orientation=&#8221;center&#8221; width=&#8221;100%&#8221; module_alignment=&#8221;center&#8221; custom_padding=&#8221;100px||||false|false&#8221; custom_padding_tablet=&#8221;100px||||false|false&#8221; custom_padding_phone=&#8221;30px||||false|false&#8221; custom_padding_last_edited=&#8221;on|phone&#8221; text_font_size_tablet=&#8221;37px&#8221; text_font_size_phone=&#8221;27px&#8221; text_font_size_last_edited=&#8221;on|phone&#8221; locked=&#8221;off&#8221; global_colors_info=&#8221;{}&#8221;]<\/p>\n<p>Und\u00e9cimo Taller Regional<\/p>\n<p>[\/et_pb_text][et_pb_image src=&#8221;https:\/\/manosvisibles.org\/wp-content\/uploads\/2024\/07\/logo-talento-02.webp&#8221; title_text=&#8221;logo-talento-02&#8243; align=&#8221;center&#8221; _builder_version=&#8221;4.26.0&#8243; _module_preset=&#8221;default&#8221; custom_margin=&#8221;||2px|||&#8221; global_colors_info=&#8221;{}&#8221;][\/et_pb_image][et_pb_text _builder_version=&#8221;4.26.1&#8243; _module_preset=&#8221;_initial&#8221; text_text_color=&#8221;#FFFFFF&#8221; text_font_size=&#8221;25px&#8221; text_line_height=&#8221;21.6px&#8221; text_orientation=&#8221;center&#8221; width=&#8221;100%&#8221; module_alignment=&#8221;center&#8221; custom_padding=&#8221;19px||||false|false&#8221; text_font_size_tablet=&#8221;25px&#8221; text_font_size_phone=&#8221;19px&#8221; text_font_size_last_edited=&#8221;on|phone&#8221; global_colors_info=&#8221;{}&#8221;]<\/p>\n<p>Del 16 al 19 de julio una generaci\u00f3n de m\u00e1s de 100 gerentes visibles se reunir\u00e1n para proponer soluciones con una agenda de incidencia en sectores.<\/p>\n<p>[\/et_pb_text][et_pb_button button_url=&#8221;#&#8221; url_new_window=&#8221;on&#8221; button_text=&#8221;Inscr\u00edbete aqu\u00ed&#8221; button_alignment=&#8221;center&#8221; disabled_on=&#8221;on|on|on&#8221; _builder_version=&#8221;4.26.1&#8243; _module_preset=&#8221;default&#8221; custom_button=&#8221;on&#8221; button_text_size=&#8221;23px&#8221; button_text_color=&#8221;#FFFFFF&#8221; button_bg_color=&#8221;#55d1ed&#8221; button_border_width=&#8221;0px&#8221; button_border_radius=&#8221;39px&#8221; button_font=&#8221;|700||on|||||&#8221; button_use_icon=&#8221;off&#8221; box_shadow_style=&#8221;preset1&#8243; disabled=&#8221;on&#8221; locked=&#8221;off&#8221; global_colors_info=&#8221;{}&#8221; button_bg_color__hover_enabled=&#8221;on|hover&#8221; button_bg_color__hover=&#8221;#4bc6d3&#8243; button_bg_enable_color__hover=&#8221;on&#8221;][\/et_pb_button][et_pb_divider color=&#8221;#FFFFFF&#8221; divider_weight=&#8221;1px&#8221; _builder_version=&#8221;4.25.1&#8243; _module_preset=&#8221;default&#8221; width=&#8221;54%&#8221; module_alignment=&#8221;center&#8221; custom_margin=&#8221;||0px||false|false&#8221; custom_padding=&#8221;||0px||false|false&#8221; global_colors_info=&#8221;{}&#8221;][\/et_pb_divider][et_pb_image src=&#8221;https:\/\/manosvisibles.org\/wp-content\/uploads\/2024\/07\/logos-talento.png&#8221; align=&#8221;center&#8221; _builder_version=&#8221;4.26.0&#8243; _module_preset=&#8221;default&#8221; width_tablet=&#8221;&#8221; width_phone=&#8221;93%&#8221; width_last_edited=&#8221;on|phone&#8221; global_colors_info=&#8221;{}&#8221;][\/et_pb_image][\/et_pb_column][\/et_pb_row][\/et_pb_section][et_pb_section fb_built=&#8221;1&#8243; _builder_version=&#8221;4.25.2&#8243; _module_preset=&#8221;default&#8221; global_colors_info=&#8221;{}&#8221;][et_pb_row column_structure=&#8221;1_2,1_2&#8243; use_custom_gutter=&#8221;on&#8221; gutter_width=&#8221;2&#8243; custom_padding_last_edited=&#8221;on|phone&#8221; _builder_version=&#8221;4.26.1&#8243; _module_preset=&#8221;default&#8221; width=&#8221;100%&#8221; max_width=&#8221;1220px&#8221; custom_margin=&#8221;|auto|13px|auto||&#8221; custom_padding=&#8221;||9px|||&#8221; custom_padding_tablet=&#8221;||9px|||&#8221; custom_padding_phone=&#8221;|20px|9px|20px|false|true&#8221; global_colors_info=&#8221;{}&#8221;][et_pb_column type=&#8221;1_2&#8243; _builder_version=&#8221;4.25.2&#8243; _module_preset=&#8221;default&#8221; global_colors_info=&#8221;{}&#8221;][et_pb_text _builder_version=&#8221;4.26.1&#8243; _module_preset=&#8221;_initial&#8221; text_font_size=&#8221;26px&#8221; header_2_font=&#8221;Montserrat|700|||||||&#8221; header_2_text_color=&#8221;#2f7792&#8243; header_2_font_size=&#8221;35px&#8221; custom_margin=&#8221;8px||14px||false|false&#8221; custom_padding=&#8221;||3px||false|false&#8221; header_2_font_size_tablet=&#8221;35px&#8221; header_2_font_size_phone=&#8221;25px&#8221; header_2_font_size_last_edited=&#8221;on|phone&#8221; border_color_left=&#8221;#ca0c6e&#8221; global_colors_info=&#8221;{}&#8221;]<\/p>\n<h2>Convocamos a nuestra red al Und\u00e9cimo Taller Regional, para materializar cambios efectivos y \u00e9ticos desde la alta gerencia, redefinir la equidad desde diversas esferas de poder.<\/h2>\n<p>[\/et_pb_text][et_pb_text _builder_version=&#8221;4.26.0&#8243; _module_preset=&#8221;_initial&#8221; text_font_size=&#8221;20px&#8221; custom_margin=&#8221;0px||0px||false|false&#8221; custom_padding=&#8221;0px||0px||false|false&#8221; border_color_left=&#8221;#ca0c6e&#8221; global_colors_info=&#8221;{}&#8221;]<\/p>\n<p>En colaboraci\u00f3n con CAF- El Banco de Desarrollo de Am\u00e9rica Latina y el Caribe \u2013 y el Colegio de Estudios Superiores de Administraci\u00f3n (CESA), posicionamos una red de liderazgos afro e ind\u00edgenas, donde se gestionan oportunidades de inclusi\u00f3n en el mercado laboral y desarrollo profesional, atrayendo l\u00edderes destacados y alianzas con empresas.<\/p>\n<p>[\/et_pb_text][\/et_pb_column][et_pb_column type=&#8221;1_2&#8243; _builder_version=&#8221;4.25.2&#8243; _module_preset=&#8221;default&#8221; global_colors_info=&#8221;{}&#8221;][et_pb_text _builder_version=&#8221;4.26.0&#8243; _module_preset=&#8221;_initial&#8221; text_font=&#8221;Montserrat|800|||||||&#8221; text_text_color=&#8221;#2f7792&#8243; text_font_size=&#8221;58px&#8221; text_orientation=&#8221;right&#8221; text_font_size_tablet=&#8221;58px&#8221; text_font_size_phone=&#8221;48px&#8221; text_font_size_last_edited=&#8221;on|phone&#8221; text_orientation_tablet=&#8221;right&#8221; text_orientation_phone=&#8221;center&#8221; text_orientation_last_edited=&#8221;on|phone&#8221; global_colors_info=&#8221;{}&#8221;]<\/p>\n<p><b>7.000<\/b><\/p>\n<p>[\/et_pb_text][et_pb_text _builder_version=&#8221;4.26.0&#8243; _module_preset=&#8221;_initial&#8221; text_font=&#8221;Montserrat|300|||||||&#8221; text_font_size=&#8221;27px&#8221; text_line_height=&#8221;30px&#8221; text_orientation=&#8221;right&#8221; custom_margin=&#8221;||34px|||&#8221; custom_padding=&#8221;||19px||false|false&#8221; text_orientation_tablet=&#8221;right&#8221; text_orientation_phone=&#8221;center&#8221; text_orientation_last_edited=&#8221;on|phone&#8221; border_color_bottom=&#8221;#cecece&#8221; global_colors_info=&#8221;{}&#8221;]<\/p>\n<p>Profesionales afro e ind\u00edgena dentro de la red de Manos Visibles<\/p>\n<p>[\/et_pb_text][et_pb_text _builder_version=&#8221;4.26.0&#8243; _module_preset=&#8221;_initial&#8221; text_font=&#8221;Montserrat|800|||||||&#8221; text_text_color=&#8221;#2f7792&#8243; text_font_size=&#8221;58px&#8221; text_orientation=&#8221;right&#8221; text_font_size_tablet=&#8221;58px&#8221; text_font_size_phone=&#8221;48px&#8221; text_font_size_last_edited=&#8221;on|phone&#8221; text_orientation_tablet=&#8221;right&#8221; text_orientation_phone=&#8221;center&#8221; text_orientation_last_edited=&#8221;on|phone&#8221; locked=&#8221;off&#8221; global_colors_info=&#8221;{}&#8221;]<\/p>\n<p>1.700<\/p>\n<p>[\/et_pb_text][et_pb_text _builder_version=&#8221;4.26.0&#8243; _module_preset=&#8221;_initial&#8221; text_font=&#8221;Montserrat|300|||||||&#8221; text_font_size=&#8221;27px&#8221; text_line_height=&#8221;30px&#8221; text_orientation=&#8221;right&#8221; custom_margin=&#8221;||34px|||&#8221; custom_padding=&#8221;||19px||false|false&#8221; text_orientation_tablet=&#8221;right&#8221; text_orientation_phone=&#8221;center&#8221; text_orientation_last_edited=&#8221;on|phone&#8221; border_color_bottom=&#8221;#cecece&#8221; locked=&#8221;off&#8221; global_colors_info=&#8221;{}&#8221;]<\/p>\n<p>personas formadas en habilidades gerenciales y profesionales en las mejores universidades del pa\u00eds y tutores de alto nivel en maestr\u00edas y escuelas de liderazgo.<\/p>\n<p>[\/et_pb_text][et_pb_text _builder_version=&#8221;4.26.1&#8243; _module_preset=&#8221;_initial&#8221; text_font=&#8221;Montserrat|800|||||||&#8221; text_text_color=&#8221;#2f7792&#8243; text_font_size=&#8221;49px&#8221; text_line_height=&#8221;48px&#8221; text_orientation=&#8221;right&#8221; text_font_size_tablet=&#8221;58px&#8221; text_font_size_phone=&#8221;48px&#8221; text_font_size_last_edited=&#8221;on|phone&#8221; text_orientation_tablet=&#8221;right&#8221; text_orientation_phone=&#8221;center&#8221; text_orientation_last_edited=&#8221;on|phone&#8221; locked=&#8221;off&#8221; global_colors_info=&#8221;{}&#8221;]<\/p>\n<p>+30 Talentos \u00e9tnicos<\/p>\n<p>[\/et_pb_text][et_pb_text _builder_version=&#8221;4.26.0&#8243; _module_preset=&#8221;_initial&#8221; text_font=&#8221;Montserrat|300|||||||&#8221; text_font_size=&#8221;27px&#8221; text_line_height=&#8221;30px&#8221; text_orientation=&#8221;right&#8221; custom_margin=&#8221;||34px|||&#8221; custom_padding=&#8221;||19px||false|false&#8221; text_orientation_tablet=&#8221;right&#8221; text_orientation_phone=&#8221;center&#8221; text_orientation_last_edited=&#8221;on|phone&#8221; border_color_bottom=&#8221;#cecece&#8221; locked=&#8221;off&#8221; global_colors_info=&#8221;{}&#8221;]<\/p>\n<p>conectados con oportunidades laborales y pr\u00e1cticas profesionales<\/p>\n<p>[\/et_pb_text][\/et_pb_column][\/et_pb_row][et_pb_row column_structure=&#8221;3_5,2_5&#8243; custom_padding_last_edited=&#8221;on|phone&#8221; _builder_version=&#8221;4.26.1&#8243; _module_preset=&#8221;default&#8221; width=&#8221;100%&#8221; max_width=&#8221;1220px&#8221; custom_padding=&#8221;52px|||||&#8221; custom_padding_tablet=&#8221;52px|||||&#8221; custom_padding_phone=&#8221;52px|20px||20px|false|true&#8221; border_width_top=&#8221;1px&#8221; border_color_top=&#8221;#c6c6c6&#8243; global_colors_info=&#8221;{}&#8221;][et_pb_column type=&#8221;3_5&#8243; _builder_version=&#8221;4.25.2&#8243; _module_preset=&#8221;default&#8221; global_colors_info=&#8221;{}&#8221;][et_pb_video src=&#8221;https:\/\/youtu.be\/PnJxAThh95E?si=K8kWdOblGUnzuu4V&#8221; _builder_version=&#8221;4.26.0&#8243; _module_preset=&#8221;default&#8221; box_shadow_style=&#8221;preset1&#8243; global_colors_info=&#8221;{}&#8221;][\/et_pb_video][\/et_pb_column][et_pb_column type=&#8221;2_5&#8243; _builder_version=&#8221;4.25.2&#8243; _module_preset=&#8221;default&#8221; global_colors_info=&#8221;{}&#8221;][et_pb_text _builder_version=&#8221;4.26.0&#8243; _module_preset=&#8221;_initial&#8221; text_font_size=&#8221;26px&#8221; header_2_font=&#8221;Montserrat|700|||||||&#8221; header_2_text_color=&#8221;#2f7792&#8243; header_2_font_size=&#8221;28px&#8221; custom_margin=&#8221;||3px|||&#8221; custom_padding=&#8221;||||false|false&#8221; global_colors_info=&#8221;{}&#8221;]<\/p>\n<h2>Nuestros talentos visibles al igual que los diamantes son joyas muy preciadas que se pulen bajo distintas circunstancias para que su brillo sea a\u00fan m\u00e1s radiante.<\/h2>\n<p>[\/et_pb_text][et_pb_text _builder_version=&#8221;4.26.0&#8243; _module_preset=&#8221;_initial&#8221; text_font_size=&#8221;20px&#8221; custom_margin=&#8221;10px||0px||false|false&#8221; custom_margin_tablet=&#8221;35px||0px|123px|false|false&#8221; custom_margin_phone=&#8221;|||0px|false|false&#8221; custom_margin_last_edited=&#8221;on|phone&#8221; custom_padding=&#8221;0px||0px||false|false&#8221; border_color_left=&#8221;#277eb3&#8243; global_colors_info=&#8221;{}&#8221; custom_margin__hover_enabled=&#8221;off|desktop&#8221;]<\/p>\n<p>Queremos que esos diamantes de las comunidades con su talento y capacidad materialicen las transformaciones que el pa\u00eds y Am\u00e9rica Latina necesita.<\/p>\n<p>Gerentes que tengan claridad sobre los cambios sist\u00e9micos que necesita la sociedad y traduzcan en proyectos estructurados sus ideas e intenciones para cambiar imaginarios.<\/p>\n<p>[\/et_pb_text][\/et_pb_column][\/et_pb_row][\/et_pb_section][et_pb_section fb_built=&#8221;1&#8243; custom_padding_last_edited=&#8221;on|phone&#8221; _builder_version=&#8221;4.26.0&#8243; _module_preset=&#8221;default&#8221; background_color=&#8221;#2f7792&#8243; custom_margin=&#8221;||42px|||&#8221; custom_margin_tablet=&#8221;&#8221; custom_margin_phone=&#8221;0px||0px||false|false&#8221; custom_margin_last_edited=&#8221;on|phone&#8221; custom_padding_tablet=&#8221;&#8221; custom_padding_phone=&#8221;0px||0px||false|false&#8221; top_divider_style=&#8221;arrow&#8221; top_divider_color=&#8221;#FFFFFF&#8221; top_divider_flip=&#8221;vertical&#8221; bottom_divider_style=&#8221;arrow&#8221; bottom_divider_color=&#8221;#FFFFFF&#8221; locked=&#8221;off&#8221; global_colors_info=&#8221;{}&#8221;][et_pb_row _builder_version=&#8221;4.25.1&#8243; _module_preset=&#8221;default&#8221; width_tablet=&#8221;&#8221; width_phone=&#8221;93%&#8221; width_last_edited=&#8221;on|phone&#8221; global_colors_info=&#8221;{}&#8221;][et_pb_column type=&#8221;4_4&#8243; _builder_version=&#8221;4.25.1&#8243; _module_preset=&#8221;default&#8221; global_colors_info=&#8221;{}&#8221;][et_pb_text _builder_version=&#8221;4.26.0&#8243; _module_preset=&#8221;_initial&#8221; text_font=&#8221;Montserrat|300|||||||&#8221; text_text_color=&#8221;#FFFFFF&#8221; text_font_size=&#8221;27px&#8221; header_3_font=&#8221;Montserrat|700|||||||&#8221; header_3_text_color=&#8221;#FFFFFF&#8221; header_3_font_size=&#8221;46px&#8221; text_orientation=&#8221;center&#8221; custom_margin=&#8221;||61px|||&#8221; custom_padding=&#8221;35px|||||&#8221; locked=&#8221;off&#8221; global_colors_info=&#8221;{}&#8221;]<\/p>\n<h3>Programa Taller Regional Vanguardia \u00c9tnica<\/h3>\n<p>Explora el programa oficial del taller y ag\u00e9ndate<\/p>\n<p>[\/et_pb_text][pac_dtm_parent pac_dtm_full_width_gap=&#8221;7px&#8221; pac_dtm_active_tab_pointer=&#8221;on&#8221; pac_dtm_active_tab_pointer_size=&#8221;17px&#8221; pac_dtm_active_tab_pointer_color=&#8221;#49cccc&#8221; pac_dtm_active_tab_background_color=&#8221;#49cccc&#8221; pac_dtm_inactive_tab_background_color=&#8221;#068faa&#8221; pac_dtm_content_bg_color=&#8221;RGBA(255,255,255,0)&#8221; pac_dtm_tab_content_padding=&#8221;17px|0px|17px|0px|true|true&#8221; pac_dtm_tabs_align=&#8221;center&#8221; pac_dtm_tabs_container_line_color=&#8221;#09CBFF&#8221; pac_dtm_tabs_container_bg_color=&#8221;RGBA(255,255,255,0)&#8221; _builder_version=&#8221;4.26.1&#8243; _module_preset=&#8221;default&#8221; pac_dtm_tab_content_fonts_font=&#8221;|300|||||||&#8221; pac_dtm_tab_content_fonts_text_color=&#8221;#FFFFFF&#8221; pac_dtm_tab_content_fonts_font_size=&#8221;17px&#8221; heading5_font=&#8221;|||on|||||&#8221; heading5_font_size=&#8221;30px&#8221; heading6_font=&#8221;|||on|||||&#8221; heading6_font_size=&#8221;27px&#8221; pac_dtm_tab_title_fonts_font=&#8221;|700||on|||||&#8221; pac_dtm_tab_title_fonts_text_color=&#8221;#FFFFFF&#8221; pac_dtm_tab_title_fonts_font_size=&#8221;19px&#8221; pac_dtm_active_tab_title_fonts_font=&#8221;|||on|||||&#8221; pac_dtm_active_tab_title_fonts_text_color=&#8221;#FFFFFF&#8221; background_enable_color=&#8221;off&#8221; custom_padding_tablet=&#8221;&#8221; custom_padding_phone=&#8221;||49px||false|false&#8221; custom_padding_last_edited=&#8221;on|phone&#8221; hover_enabled=&#8221;0&#8243; border_color_all_pac_dtm_tab_content_border=&#8221;#09CBFF&#8221; border_width_top_pac_dtm_tab_content_border=&#8221;1px&#8221; border_color_top_pac_dtm_tab_content_border=&#8221;#49cccc&#8221; border_radii_pac_dtm_tab_border=&#8221;off|16px|16px|0px|0px&#8221; border_color_all_pac_dtm_tabs_container_border=&#8221;#09CBFF&#8221; global_colors_info=&#8221;{}&#8221; pac_dtm_inactive_tab_background_color__hover_enabled=&#8221;on|hover&#8221; pac_dtm_inactive_tab_background_color__hover=&#8221;#49cccc&#8221; sticky_enabled=&#8221;0&#8243;][pac_dtm_child pac_dtm_tab_label=&#8221;Martes 16 de julio&#8221; _builder_version=&#8221;4.26.1&#8243; _module_preset=&#8221;default&#8221; heading4_font=&#8221;|600|||||||&#8221; heading4_text_color=&#8221;#FFFFFF&#8221; heading4_font_size=&#8221;19px&#8221; heading5_font=&#8221;|700|||||||&#8221; heading5_text_color=&#8221;#FFFFFF&#8221; heading6_font=&#8221;|700|||||||&#8221; heading6_text_color=&#8221;#FFFFFF&#8221; global_colors_info=&#8221;{}&#8221;]<\/p>\n<p><strong>19:00-21:00<\/strong> Cena de bienvenida a Gerentes Visibles &#8211; Talento Visible<\/p>\n<p>[\/pac_dtm_child][pac_dtm_child pac_dtm_tab_label=&#8221;Mi\u00e9rcoles 17 de julio&#8221; _builder_version=&#8221;4.26.1&#8243; _module_preset=&#8221;default&#8221; heading4_font=&#8221;|600|||||||&#8221; heading4_text_color=&#8221;#FFFFFF&#8221; heading4_font_size=&#8221;19px&#8221; heading5_font=&#8221;|700|||||||&#8221; heading5_text_color=&#8221;#FFFFFF&#8221; heading6_font=&#8221;|700|||||||&#8221; heading6_text_color=&#8221;#FFFFFF&#8221; global_colors_info=&#8221;{}&#8221;]<\/p>\n<ul>\n<li><strong>08:00-08:30<\/strong> Palabras de Bienvenida<\/li>\n<li><strong>08:30-09:30<\/strong> Panel Gerencia con estrategia: reflexiones desde el ejercicio de direcci\u00f3n<\/li>\n<li><strong>09:30-10:30<\/strong> Panel Gerenciar el futuro<\/li>\n<li><strong>10:30-11:00<\/strong> Break y Networking<\/li>\n<li><strong>11:00 &#8211; 12:00<\/strong> Panel Gerenciar para Transformar: La gerencia de un presidente de la rep\u00fablica, el caso de Virgilio Barco<\/li>\n<li><strong>12:30-13:30<\/strong> Almuerzo<\/li>\n<li><strong>14:00-19:00<\/strong> Talleres pr\u00e1cticos: Habilidades de Poder del Directivo<\/li>\n<li><strong>14:00-19:00<\/strong> Taller Reto Gerencia<\/li>\n<\/ul>\n<p>[\/pac_dtm_child][pac_dtm_child pac_dtm_tab_label=&#8221;Jueves 18 de julio&#8221; _builder_version=&#8221;4.26.1&#8243; _module_preset=&#8221;default&#8221; heading4_font=&#8221;|600|||||||&#8221; heading4_text_color=&#8221;#FFFFFF&#8221; heading4_font_size=&#8221;19px&#8221; heading5_font=&#8221;|700|||||||&#8221; heading5_text_color=&#8221;#FFFFFF&#8221; heading6_font=&#8221;|700|||||||&#8221; heading6_text_color=&#8221;#FFFFFF&#8221; global_colors_info=&#8221;{}&#8221;]<\/p>\n<ul>\n<li><strong>09:00-17:00<\/strong> El Talento Visible en empresas y entidades<\/li>\n<\/ul>\n<p>[\/pac_dtm_child][pac_dtm_child pac_dtm_tab_label=&#8221;Viernes 19 de julio&#8221; _builder_version=&#8221;4.26.1&#8243; _module_preset=&#8221;default&#8221; heading4_font=&#8221;|600|||||||&#8221; heading4_text_color=&#8221;#FFFFFF&#8221; heading4_font_size=&#8221;19px&#8221; heading5_font=&#8221;|700|||||||&#8221; heading5_text_color=&#8221;#FFFFFF&#8221; heading6_font=&#8221;|700|||||||&#8221; heading6_text_color=&#8221;#FFFFFF&#8221; hover_enabled=&#8221;0&#8243; global_colors_info=&#8221;{}&#8221; sticky_enabled=&#8221;0&#8243;]<\/p>\n<ul>\n<li><strong>08:00-12:30<\/strong> Taller Consolidaci\u00f3n de la Red Manos Visibles<\/li>\n<li><strong>10:00-10:30<\/strong> Receso: break y networking<\/li>\n<li><strong>14:00-14:45<\/strong> Conferencia Gerenciarse a uno mismo: las reflexiones desde un liderazgo consciente<\/li>\n<li><strong>14:45-15:45<\/strong> Presentaci\u00f3n de retos gerenciales Escuela de Alta Gerencia Talento Visible<\/li>\n<li><strong>15:50-16:30<\/strong> Panel Gerentes de soluciones: reflexiones desde el liderazgo de soluciones<\/li>\n<li><strong>16:30-17:30<\/strong> Ceremonia de Certificaci\u00f3n<\/li>\n<li><strong>17:30-19:00<\/strong> C\u00f3ctel: Talento Visible<\/li>\n<\/ul>\n<p>[\/pac_dtm_child][\/pac_dtm_parent][et_pb_button button_url=&#8221;#&#8221; url_new_window=&#8221;on&#8221; button_text=&#8221;Inscr\u00edbete aqu\u00ed&#8221; button_alignment=&#8221;center&#8221; disabled_on=&#8221;on|on|on&#8221; _builder_version=&#8221;4.26.1&#8243; _module_preset=&#8221;default&#8221; custom_button=&#8221;on&#8221; button_text_size=&#8221;23px&#8221; button_text_color=&#8221;#FFFFFF&#8221; button_bg_color=&#8221;#55d1ed&#8221; button_border_width=&#8221;0px&#8221; button_border_radius=&#8221;39px&#8221; button_font=&#8221;|700||on|||||&#8221; button_use_icon=&#8221;off&#8221; box_shadow_style=&#8221;preset1&#8243; disabled=&#8221;on&#8221; locked=&#8221;off&#8221; global_colors_info=&#8221;{}&#8221; button_bg_color__hover_enabled=&#8221;on|hover&#8221; button_bg_color__hover=&#8221;#4bc6d3&#8243; button_bg_enable_color__hover=&#8221;on&#8221;][\/et_pb_button][\/et_pb_column][\/et_pb_row][\/et_pb_section][et_pb_section fb_built=&#8221;1&#8243; disabled_on=&#8221;off|off|off&#8221; _builder_version=&#8221;4.21.0&#8243; _module_preset=&#8221;default&#8221; background_enable_color=&#8221;off&#8221; custom_margin=&#8221;0px||0px||true|false&#8221; custom_padding=&#8221;0px||0px||true|false&#8221; top_divider_color=&#8221;#09CBFF&#8221; locked=&#8221;off&#8221; global_colors_info=&#8221;{}&#8221;][et_pb_row _builder_version=&#8221;4.21.0&#8243; _module_preset=&#8221;default&#8221; global_colors_info=&#8221;{}&#8221;][et_pb_column type=&#8221;4_4&#8243; _builder_version=&#8221;4.21.0&#8243; _module_preset=&#8221;default&#8221; global_colors_info=&#8221;{}&#8221;][et_pb_text _builder_version=&#8221;4.25.2&#8243; _module_preset=&#8221;_initial&#8221; header_3_font=&#8221;Montserrat|800||on|||||&#8221; header_3_text_align=&#8221;center&#8221; header_3_text_color=&#8221;#524B4E&#8221; header_3_font_size=&#8221;55px&#8221; background_enable_color=&#8221;off&#8221; module_alignment=&#8221;center&#8221; custom_margin=&#8221;0px||0px||true|false&#8221; custom_padding=&#8221;14px||0px||false|true&#8221; scroll_vertical_motion=&#8221;0|25|25|100|1|0|0&#8243; header_3_font_size_tablet=&#8221;55px&#8221; header_3_font_size_phone=&#8221;41px&#8221; header_3_font_size_last_edited=&#8221;on|phone&#8221; global_colors_info=&#8221;{}&#8221;]<\/p>\n<h3><b>\u00daNETE A NUESTRA COMUNIDAD<\/b><\/h3>\n<p>[\/et_pb_text][et_pb_text _builder_version=&#8221;4.25.2&#8243; _module_preset=&#8221;_initial&#8221; text_font_size=&#8221;28px&#8221; header_3_font=&#8221;Montserrat|800||on|||||&#8221; header_3_text_align=&#8221;center&#8221; header_3_text_color=&#8221;#524B4E&#8221; header_3_font_size=&#8221;55px&#8221; background_enable_color=&#8221;off&#8221; text_orientation=&#8221;center&#8221; module_alignment=&#8221;center&#8221; custom_margin=&#8221;0px||0px||true|false&#8221; custom_padding=&#8221;0px||26px||false|true&#8221; scroll_vertical_motion=&#8221;0|25|25|100|1|0|0&#8243; global_colors_info=&#8221;{}&#8221;]<\/p>\n<p>a trav\u00e9s de las siguientes redes sociales accede a\u00a0 nuestro contenido, comparte, difunde e inspira.<\/p>\n<p>[\/et_pb_text][et_pb_icon font_icon=&#8221;&#xf107;||fa||900&#8243; icon_color=&#8221;#09CBFF&#8221; icon_width=&#8221;93px&#8221; _builder_version=&#8221;4.25.2&#8243; _module_preset=&#8221;default&#8221; custom_margin=&#8221;-30px||0px||false|false&#8221; custom_padding=&#8221;0px||0px||false|false&#8221; scroll_vertical_motion=&#8221;0|25|25|100|1|0|0&#8243; global_colors_info=&#8221;{}&#8221;][\/et_pb_icon][et_pb_social_media_follow disabled_on=&#8221;off|off|off&#8221; _builder_version=&#8221;4.25.2&#8243; _module_preset=&#8221;default&#8221; text_orientation=&#8221;center&#8221; scroll_vertical_motion=&#8221;0|25|25|100|1|0|0&#8243; text_orientation_tablet=&#8221;center&#8221; text_orientation_phone=&#8221;left&#8221; text_orientation_last_edited=&#8221;on|phone&#8221; locked=&#8221;off&#8221; global_colors_info=&#8221;{}&#8221;][et_pb_social_media_follow_network social_network=&#8221;facebook&#8221; url=&#8221;http:\/\/www.facebook.com\/manosvisibles&#8221; icon_color=&#8221;#FFFFFF&#8221; use_icon_font_size=&#8221;on&#8221; icon_font_size=&#8221;100px&#8221; _builder_version=&#8221;4.21.0&#8243; _module_preset=&#8221;default&#8221; background_enable_color=&#8221;off&#8221; background_image=&#8221;https:\/\/manosvisibles.org\/wp-content\/uploads\/2023\/06\/face-f.jpg&#8221; background_enable_image=&#8221;on&#8221; border_radii=&#8221;on|131px|131px|131px|131px&#8221; global_colors_info=&#8221;{}&#8221; icon_color__hover_enabled=&#8221;on|hover&#8221; icon_color__hover=&#8221;#09CBFF&#8221; follow_button=&#8221;off&#8221; url_new_window=&#8221;on&#8221;]facebook[\/et_pb_social_media_follow_network][et_pb_social_media_follow_network social_network=&#8221;twitter&#8221; url=&#8221;http:\/\/www.twitter.com\/manosvisibles&#8221; icon_color=&#8221;#FFFFFF&#8221; use_icon_font_size=&#8221;on&#8221; icon_font_size=&#8221;100px&#8221; _builder_version=&#8221;4.21.0&#8243; _module_preset=&#8221;default&#8221; background_enable_color=&#8221;off&#8221; background_image=&#8221;https:\/\/manosvisibles.org\/wp-content\/uploads\/2023\/06\/tweet-f.jpg&#8221; background_enable_image=&#8221;on&#8221; border_radii=&#8221;on|131px|131px|131px|131px&#8221; global_colors_info=&#8221;{}&#8221; icon_color__hover_enabled=&#8221;on|hover&#8221; icon_color__hover=&#8221;#09CBFF&#8221; follow_button=&#8221;off&#8221; url_new_window=&#8221;on&#8221;]twitter[\/et_pb_social_media_follow_network][et_pb_social_media_follow_network social_network=&#8221;instagram&#8221; url=&#8221;https:\/\/www.instagram.com\/manosvisibles\/&#8221; icon_color=&#8221;#FFFFFF&#8221; use_icon_font_size=&#8221;on&#8221; icon_font_size=&#8221;100px&#8221; _builder_version=&#8221;4.21.2&#8243; _module_preset=&#8221;default&#8221; background_enable_color=&#8221;off&#8221; background_image=&#8221;https:\/\/manosvisibles.org\/wp-content\/uploads\/2023\/06\/insta-f.jpg&#8221; background_enable_image=&#8221;on&#8221; border_radii=&#8221;on|131px|131px|131px|131px&#8221; global_colors_info=&#8221;{}&#8221; icon_color__hover_enabled=&#8221;on|hover&#8221; icon_color__hover=&#8221;#09CBFF&#8221; follow_button=&#8221;off&#8221; url_new_window=&#8221;on&#8221;]instagram[\/et_pb_social_media_follow_network][et_pb_social_media_follow_network social_network=&#8221;youtube&#8221; url=&#8221;https:\/\/www.youtube.com\/user\/ManosVisibles&#8221; icon_color=&#8221;#FFFFFF&#8221; use_icon_font_size=&#8221;on&#8221; icon_font_size=&#8221;100px&#8221; _builder_version=&#8221;4.21.0&#8243; _module_preset=&#8221;default&#8221; background_enable_color=&#8221;off&#8221; background_image=&#8221;https:\/\/manosvisibles.org\/wp-content\/uploads\/2023\/06\/youtube-f.jpg&#8221; background_enable_image=&#8221;on&#8221; border_radii=&#8221;on|131px|131px|131px|131px&#8221; global_colors_info=&#8221;{}&#8221; icon_color__hover_enabled=&#8221;on|hover&#8221; icon_color__hover=&#8221;#09CBFF&#8221; follow_button=&#8221;off&#8221; url_new_window=&#8221;on&#8221;]youtube[\/et_pb_social_media_follow_network][\/et_pb_social_media_follow][\/et_pb_column][\/et_pb_row][\/et_pb_section]<\/p>\n","protected":false},"excerpt":{"rendered":"<p>Del 16 al 19 de julio una generaci\u00f3n de m\u00e1s de 100 gerentes visibles se reunir\u00e1n para proponer soluciones con una agenda de incidencia en diversos sectores.<\/p>","protected":false},"author":1,"featured_media":5985,"parent":0,"menu_order":0,"comment_status":"closed","ping_status":"closed","template":"","meta":{"_acf_changed":false,"_et_pb_use_builder":"on","_et_pb_old_content":"","_et_gb_content_width":"","inline_featured_image":false,"footnotes":""},"difl_page_category":[],"class_list":["post-5850","page","type-page","status-publish","has-post-thumbnail","hentry"],"acf":[],"_links":{"self":[{"href":"https:\/\/manosvisibles.org\/en\/wp-json\/wp\/v2\/pages\/5850","targetHints":{"allow":["GET"]}}],"collection":[{"href":"https:\/\/manosvisibles.org\/en\/wp-json\/wp\/v2\/pages"}],"about":[{"href":"https:\/\/manosvisibles.org\/en\/wp-json\/wp\/v2\/types\/page"}],"author":[{"embeddable":true,"href":"https:\/\/manosvisibles.org\/en\/wp-json\/wp\/v2\/users\/1"}],"replies":[{"embeddable":true,"href":"https:\/\/manosvisibles.org\/en\/wp-json\/wp\/v2\/comments?post=5850"}],"version-history":[{"count":63,"href":"https:\/\/manosvisibles.org\/en\/wp-json\/wp\/v2\/pages\/5850\/revisions"}],"predecessor-version":[{"id":6049,"href":"https:\/\/manosvisibles.org\/en\/wp-json\/wp\/v2\/pages\/5850\/revisions\/6049"}],"wp:featuredmedia":[{"embeddable":true,"href":"https:\/\/manosvisibles.org\/en\/wp-json\/wp\/v2\/media\/5985"}],"wp:attachment":[{"href":"https:\/\/manosvisibles.org\/en\/wp-json\/wp\/v2\/media?parent=5850"}],"wp:term":[{"taxonomy":"difl_page_category","embeddable":true,"href":"https:\/\/manosvisibles.org\/en\/wp-json\/wp\/v2\/difl_page_category?post=5850"}],"curies":[{"name":"wp","href":"https:\/\/api.w.org\/{rel}","templated":true}]}}